{"id":175,"date":"2015-09-05T14:20:13","date_gmt":"2015-09-05T12:20:13","guid":{"rendered":"http:\/\/dev.szmagli.info\/?page_id=175"},"modified":"2025-10-20T12:01:22","modified_gmt":"2025-10-20T10:01:22","slug":"plan-pracy","status":"publish","type":"page","link":"https:\/\/www.komornik.pl\/?page_id=175","title":{"rendered":"Plan Pracy"},"content":{"rendered":"<h2><span id=\"plan-prac-z-podzialem-na-poszczegolne-lata\"><\/span>Plan prac z podzia\u0142em na poszczeg\u00f3lne lata:<\/h2>\n<ul>\n<li>2025<\/li>\n<\/ul>\n<ul class=\"ul--menu\">\n<li><a href=\"#2024\">2024<\/a><\/li>\n<li><a href=\"#2023\">2023<\/a><\/li>\n<li><a href=\"#2022\">2022<\/a><\/li>\n<li><a href=\"#2021\">2021<\/a><\/li>\n<li><a href=\"#2020\">2020<\/a><\/li>\n<li><a href=\"#2018\">2018<\/a><\/li>\n<li><a href=\"#2017\">2017<\/a><\/li>\n<li><a href=\"#2016\">2016<\/a><\/li>\n<li><a href=\"#2015\">2015<\/a><\/li>\n<li><a href=\"#2014\">2014<\/a><\/li>\n<\/ul>\n<p>&nbsp;<\/p>\n<hr \/>\n<p>&nbsp;<\/p>\n<h2><a href=\"https:\/\/dev.komornik.pl\/wp-content\/uploads\/2015\/07\/paragraf.png\" data-featherlight=\"image\" target=\"_blank\" rel=\"noopener\"><img loading=\"lazy\" decoding=\"async\" class=\"wp-image-3793 size-medium aligncenter\" src=\"https:\/\/dev.komornik.pl\/wp-content\/uploads\/2015\/07\/paragraf-300x132.png\" alt=\"paragraf\" width=\"300\" height=\"132\" \/><\/a><\/h2>\n<h2 id=\"2024\" style=\"text-align: center;\"><strong>Plan pracy na rok 2025<\/strong><\/h2>\n<p>&nbsp;<\/p>\n<h3 style=\"text-align: center;\"><strong>Seminarium naukowe<\/strong><\/h3>\n<p><strong>\u00a0<\/strong><strong><br \/>\n<\/strong><strong>Urz\u0119dowy nadz\u00f3r judykacyjny nad czynno\u015bciami komornika s\u0105dowego <em>de lege ferenda<\/em><\/strong><\/p>\n<p style=\"text-align: center;\"><strong>Krak\u00f3w, 21.11.2025 r.<\/strong><\/p>\n<p>Organizatorzy: Zak\u0142ad Post\u0119powania Cywilnego\u00a0 Uniwersytetu Jagiello\u0144skiego,<\/p>\n<p>O\u015brodek Naukowo-Szkoleniowy przy Krajowej Radzie Komorniczej<\/p>\n<p>w Warszawie, Izba Komornicza w Krakowie<\/p>\n<p>&nbsp;<\/p>\n<p>&nbsp;<\/p>\n<h3 style=\"text-align: center;\"><span id=\"ogolnopolska-konferencja-naukowa\"><\/span>Og\u00f3lnopolska Konferencja Naukowa<\/h3>\n<h3 style=\"text-align: center;\"><strong>Wp\u0142yw wierzyciela na efektywno\u015b\u0107 egzekucji s\u0105dowej<\/strong><\/h3>\n<h3 style=\"text-align: center;\"><strong>\u00a0<\/strong><\/h3>\n<h3 style=\"text-align: center;\"><span id=\"gdansk-10-pazdziernika-2025-r\"><\/span>Gda\u0144sk, 10 pa\u017adziernika 2025 r.<\/h3>\n<p>9.30-10.00 &#8211; \u00a0<strong>Otwarcie konferencji.<\/strong><\/p>\n<p>&nbsp;<\/p>\n<p>Dziekan Wydzia\u0142u Prawa i Administracji Uniwersytetu\u00a0Gda\u0144skiego &#8211; prof. UG dr hab. Wojciech Zalewski<\/p>\n<p>Dyrektor O\u015brodka Naukowo-Szkoleniowego przy Krajowej Radzie Komorniczej \u2013 Henryka Bednorz-Gody\u0144<\/p>\n<p>&nbsp;<\/p>\n<p>Dziekan Okr\u0119gowej Izby Radc\u00f3w Prawnych w Gda\u0144sku- dr Bartosz Szolc-Nartowski<\/p>\n<p>&nbsp;<\/p>\n<p>Przewodnicz\u0105ca Rady Izby Komorniczej w Gda\u0144sku \u2013Ma\u0142gorzata Wolny<\/p>\n<p>&nbsp;<\/p>\n<p><strong>Cz\u0119\u015b\u0107 I<\/strong><\/p>\n<p><strong>10.00-10.40<\/strong><\/p>\n<p><strong>\u00a0<\/strong><\/p>\n<ol>\n<li><strong>Funkcja zabezpiecze\u0144 rzeczowych i osobistych wierzytelno\u015bci w perspektywie skutecznej egzekucji s\u0105dowej<\/strong><\/li>\n<\/ol>\n<p><strong>\u00a0<\/strong><\/p>\n<p>Moderacja: prof. dr hab. Andrzej Marciniak, Uniwersytet \u0141\u00f3dzki<\/p>\n<p>Wprowadzenie: <strong>prof. UG. dr hab. Anna Machnikowska<\/strong>, Uniwersytet Gda\u0144ski<\/p>\n<p>Paneli\u015bci:<\/p>\n<p>1\/prof. UG dr hab. Ma\u0142gorzata Balwicka-Szczyrba, Uniwersytet Gda\u0144ski<\/p>\n<p>2\/ dr Grzegorz Julke, Uniwersytet Gda\u0144ski<\/p>\n<p>&nbsp;<\/p>\n<p><strong>10.40-11.20<\/strong><\/p>\n<ol start=\"2\">\n<li><strong>Wp\u0142yw zabezpieczenia roszczenia (art.730 i n. k.p.c.) na skuteczno\u015b\u0107 egzekucji s\u0105dowej\u00a0 <\/strong><\/li>\n<\/ol>\n<p>Moderacja: prof. dr hab. Andrzej Marciniak, Uniwersytet \u0141\u00f3dzki<\/p>\n<p>Wprowadzenie: <strong>SSA dr Zbigniew Wo\u017aniak,<\/strong> Uniwersytet Wroc\u0142awski<\/p>\n<p>Paneli\u015bci:<\/p>\n<p>1\/ rad. pr. Tomasz Wolny-Dunst, Okr\u0119gowa Izba Rad\u00f3w Prawnych w Gda\u0144sku<\/p>\n<p>2\/ dr Jaros\u0142aw \u015awieczkowski,\u00a0 komornik s\u0105dowy, \u00a0Izba Komornicza w Gda\u0144sku<\/p>\n<p>&nbsp;<\/p>\n<p><strong>11.20-11.50<\/strong> Przerwa kawowa<\/p>\n<p>&nbsp;<\/p>\n<p><strong>Cz\u0119\u015b\u0107 II<\/strong><\/p>\n<p><strong>11.50-12.30<\/strong><\/p>\n<ol start=\"3\">\n<li><strong>Wp\u0142yw czynno\u015bci wierzyciela na przedmiotowy zakres egzekucji \u015bwiadcze\u0144 pieni\u0119\u017cnych. <\/strong><\/li>\n<\/ol>\n<p>Moderacja: Ma\u0142gorzata Wolny, Przewodnicz\u0105ca Rady Izby komorniczej w Gda\u0144sku<\/p>\n<p>Wprowadzenie:<strong> prof. ALK dr hab. Joanna Studzi\u0144ska, <\/strong>Akademia Leona Ko\u017ami\u0144skiego w Warszawie<\/p>\n<p>Paneli\u015bci:<\/p>\n<p>1\/dr Marta Paw\u0142owska, pracownik kancelarii komorniczej<\/p>\n<p>2\/ rad. pr. Marta \u0141ukasik, Okr\u0119gowa Izba Radc\u00f3w Prawnych we Wroc\u0142awiu<\/p>\n<p>&nbsp;<\/p>\n<p><strong>12.30- 13.10<\/strong><\/p>\n<p>&nbsp;<\/p>\n<ol start=\"4\">\n<li><strong>Czynno\u015bci procesowe wierzyciela po \u015bmierci d\u0142u\u017cnika albo po utracie przez niego zdolno\u015bci s\u0105dowej.<\/strong><\/li>\n<\/ol>\n<p>Moderacja: \u00a0<strong>SSA dr Zbigniew Wo\u017aniak,<\/strong> Uniwersytet Wroc\u0142awski<\/p>\n<p>Wprowadzenie:<strong> prof. U\u0141 dr hab. J\u00f3zef Jagie\u0142a, <\/strong>Uniwersytet \u0141\u00f3dzki<\/p>\n<p>Paneli\u015bci:<\/p>\n<p>1\/ asesor komorniczy Aleksander Nowak, Izba Komornicza w Gda\u0144sku<\/p>\n<p>2\/ komornik s\u0105dowy Rafa\u0142 Fronczek, Izba Komornicza w Krakowie<\/p>\n<p>&nbsp;<\/p>\n<p><strong>13.10-13.50<\/strong><\/p>\n<p><strong>\u00a0<\/strong><\/p>\n<ol start=\"5\">\n<li><strong>Wykonanie przez wierzyciela uprawnie\u0144 i roszcze\u0144 d\u0142u\u017cnika wynikaj\u0105cych z zaj\u0119cia wierzytelno\u015bci lub innego prawa<\/strong><\/li>\n<\/ol>\n<p>&nbsp;<\/p>\n<p>Moderacja: prof. ALK dr hab. Joanna Studzi\u0144ska, Akademia Leona Ko\u017ami\u0144skiego w Warszawie<\/p>\n<p>Wprowadzenie: <strong>prof. UW dr hab.Tadeusz Zembrzuski, <\/strong>Uniwersytet Warszawski<\/p>\n<p>Paneli\u015bci:<\/p>\n<p>1\/komornik s\u0105dowy Dawid Paleczny, \u00a0Izba Komornicza w Warszawie<\/p>\n<p>2\/komornik s\u0105dowy\u00a0 Roland Gapik, \u00a0Izba Komornicza w Warszawie<\/p>\n<p>&nbsp;<\/p>\n<p>&nbsp;<\/p>\n<p>13.50-14.30\u00a0 Przerwa obiadowa<\/p>\n<p><strong>\u00a0<\/strong><\/p>\n<p><strong>Cz\u0119\u015b\u0107 III<\/strong><\/p>\n<p>&nbsp;<\/p>\n<p><strong>14.30-15.10<\/strong><\/p>\n<p><strong>\u00a0<\/strong><\/p>\n<ol start=\"6\">\n<li><strong>Przy\u0142\u0105czenie si\u0119 wierzyciela do egzekucji z nieruchomo\u015bci. Zg\u0142oszenie wierzytelno\u015bci do podzia\u0142u sum uzyskanych przez egzekucj\u0119<\/strong><\/li>\n<\/ol>\n<p>Moderacja: prof. U\u0141 dr hab. J\u00f3zef Jagie\u0142a, Uniwersytet \u0141\u00f3dzki<\/p>\n<p>&nbsp;<\/p>\n<p>Wprowadzenie:<strong> prof. UMW dr hab. Maciej Rzewuski<\/strong> (Uniwersytet Warmi\u0144sko-Mazurski w Olsztynie)<\/p>\n<p>Paneli\u015bci:<\/p>\n<p>1\/ prof. UWM dr hab. Magdalena Rzewuska(Uniwersytet Warmi\u0144sko-Mazurski w Olsztynie)<\/p>\n<p>2\/ SSR dr Katarzyna Jerka (Uniwersytet Warmi\u0144sko- Mazurski w Olsztynie)<\/p>\n<p>&nbsp;<\/p>\n<p><strong>15.10-15.50<\/strong><\/p>\n<ol start=\"7\">\n<li><strong>Egzekucja z niestandardowych sk\u0142adnik\u00f3w maj\u0105tku d\u0142u\u017cnika<\/strong><\/li>\n<\/ol>\n<p>Moderacja: dr Grzegorz Julke, Uniwersytet Gda\u0144ski<\/p>\n<p>Wprowadzenie: <strong>dr Filip Manikowski<\/strong>, Uniwersytet Kardyna\u0142a Stefana Wyszy\u0144skiego w Warszawie<\/p>\n<p>&nbsp;<\/p>\n<p>Paneli\u015bci:<\/p>\n<p>1\/adw. Oliwer Nowicki, Izba Adwokacka w \u0141odzi<\/p>\n<p>2\/ adw. dr Adrian Rycerski, Izba Adwokacka w Poznaniu<\/p>\n<p><strong>\u00a0<\/strong><\/p>\n<p><strong>15.50-16.50<\/strong><\/p>\n<ol start=\"8\">\n<li><strong>Zaskar\u017calno\u015b\u0107 czynno\u015bci d\u0142u\u017cnika dokonanych z pokrzywdzeniem wierzycieli<\/strong><\/li>\n<\/ol>\n<p>Moderator: prof. UG dr hab. Anna Machnikowska, Uniwersytet Gda\u0144ski<\/p>\n<p>Paneli\u015bci:<\/p>\n<p>1\/ Prawo i jurysdykcja w\u0142a\u015bciwe w sprawach ze skargi pauli\u0144skiej<\/p>\n<p><strong>prof. UG dr hab. Arkadiusz \u00a0Wowerka, <\/strong>Uniwersytet Gda\u0144ski<\/p>\n<p>&nbsp;<\/p>\n<p><em>2\/<\/em> Zaskar\u017calno\u015b\u0107 um\u00f3w maj\u0105tkowych ma\u0142\u017ce\u0144skich<\/p>\n<p><strong>prof. UG. dr hab. Anna Sylwestrzak,<\/strong> Uniwersytet Gda\u0144ski<\/p>\n<p>&nbsp;<\/p>\n<p>3\/ Zaskar\u017calno\u015b\u0107 umowy do\u017cywocia (art.916 k.c.)<\/p>\n<p><em>\u00a0 <\/em><strong>dr Beata Kowalczyk, <\/strong>Uniwersytet Gda\u0144ski<\/p>\n<p>&nbsp;<\/p>\n<p>4\/ Zaskar\u017calno\u015b\u0107 odrzucenia spadku(1024 k.c.)<\/p>\n<p><strong>\u00a0\u00a0 dr Maja Maciejewska-Sza\u0142as, <\/strong>Uniwersytet Gda\u0144ski<\/p>\n<p>&nbsp;<\/p>\n<p>16.50 &#8211; 17.00 Podsumowanie. Zamkni\u0119cie konferencji<\/p>\n<p>&nbsp;<\/p>\n<p>&nbsp;<\/p>\n<p>&nbsp;<\/p>\n<h3 style=\"text-align: center;\"><span id=\"iv-forum-asesorow-komorniczych\"><\/span>IV FORUM ASESOR\u00d3W KOMORNICZYCH<\/h3>\n<h3 style=\"text-align: center;\"><span id=\"pod-patronatem\"><\/span>pod patronatem<\/h3>\n<h3 style=\"text-align: center;\"><span id=\"dziekana-wydzialu-prawa-administracji-i-ekonomii-uniwersytetu-wroclawskiego\"><\/span>Dziekana Wydzia\u0142u Prawa, Administracji i Ekonomii Uniwersytetu Wroc\u0142awskiego<\/h3>\n<h3 style=\"text-align: center;\"><span id=\"wroclaw-5-wrzesnia-2025-r\"><\/span>Wroc\u0142aw 5 wrze\u015bnia 2025 r.<\/h3>\n<p>&nbsp;<\/p>\n<p>P R O G R A M<\/p>\n<p>&nbsp;<\/p>\n<p>9.30 \u2013 9.40 <strong>Wyst\u0105pienia wprowadzaj\u0105ce<\/strong><\/p>\n<p><strong>\u00a0<\/strong><\/p>\n<p><strong>dr hab. Jacek Przygodzki, prof. UWr<\/strong> \u2013 Dziekan Wydzia\u0142u Prawa, Administracji i Ekonomii Uniwersytetu Wroc\u0142awskiego<\/p>\n<p><strong>Monika Janus, <\/strong>przewodnicz\u0105ca Rady Izby Komorniczej we Wroc\u0142awiu<\/p>\n<p>&nbsp;<\/p>\n<p><strong>Seminarium naukowe<\/strong><\/p>\n<p><strong>\u00a0\u00a0\u00a0\u00a0\u00a0\u00a0\u00a0\u00a0\u00a0\u00a0\u00a0\u00a0\u00a0\u00a0\u00a0\u00a0\u00a0\u00a0\u00a0\u00a0\u00a0\u00a0 <\/strong><\/p>\n<p><strong>Moderator:<\/strong> prof. dr hab. Andrzej Marciniak(Uniwersytet \u0141\u00f3dzki)<\/p>\n<p>&nbsp;<\/p>\n<p>&nbsp;<\/p>\n<p>9.40 -10.15 Identyfikacja zakresu i charakteru powinno\u015bci ochrony tajemnicy &#8222;zawodowej&#8221; przez asesora komorniczego;<\/p>\n<p><strong>Prof. dr hab. Mariusz Jab\u0142o\u0144ski<\/strong> (Uniwersytet Wroc\u0142awski)<\/p>\n<p>&nbsp;<\/p>\n<p>10.15 -11.00 Umorzenie d\u0142ug\u00f3w. Sp\u00f3r Katyliny z Cyceronem<\/p>\n<p><strong>Dr hab. Tomasz Banach<\/strong> (komornik s\u0105dowy, cz\u0142onek Rady Naukowej ONS)<\/p>\n<p>&nbsp;<\/p>\n<p>11.00-11.30\u00a0 Przerwa kawowa<\/p>\n<p>&nbsp;<\/p>\n<p>11.30- 12.15\u00a0 Proponowane zmiany przepis\u00f3w Kodeksu post\u0119powania cywilnego o post\u0119powaniu egzekucyjnym<\/p>\n<p><strong>Dr hab. prof. U\u0141 Robert Kulski <\/strong>(Uniwersytet \u0141\u00f3dzki)<\/p>\n<p>&nbsp;<\/p>\n<p>&nbsp;<\/p>\n<p>12.15 \u2013 13.00 Sztuczna inteligencja AD 2025<strong>\u00a0\u00a0\u00a0\u00a0 \u00a0\u00a0\u00a0\u00a0\u00a0\u00a0\u00a0\u00a0\u00a0\u00a0\u00a0\u00a0\u00a0\u00a0\u00a0\u00a0\u00a0\u00a0\u00a0\u00a0\u00a0<\/strong><\/p>\n<p><strong>prof. ALK dr hab. Przemys\u0142aw Pola\u0144ski<\/strong> (Akademia Leona Ko\u017ami\u0144skiego)<\/p>\n<p>&nbsp;<\/p>\n<p>13.00 \u2013 14.00 Dyskusja<\/p>\n<p>&nbsp;<\/p>\n<p>14.00- 15.00 \u00a0Przerwa obiadowa<\/p>\n<p>&nbsp;<\/p>\n<p>&nbsp;<\/p>\n<p><strong>Warsztaty szkoleniowe<\/strong><\/p>\n<p><strong>\u00a0<\/strong><\/p>\n<p><strong>Moderator<\/strong>: Monika Janus \u2013 Przewodnicz\u0105ca Rady Izby Komorniczej we Wroc\u0142awiu<\/p>\n<p>&nbsp;<\/p>\n<p>15.00-16.30\u00a0 \u00a0Cyberbezpiecze\u0144stwo<\/p>\n<p>&nbsp;<\/p>\n<p>Wyk\u0142adowca: <strong>dr Bartosz Biderman (<\/strong>NASK S.A.)<\/p>\n<p>&nbsp;<\/p>\n<ul>\n<li>Informacje o dobrych praktykach i zachowaniach w Internecie.<\/li>\n<li>Zwi\u0119kszenie \u015bwiadomo\u015bci na temat zagro\u017ce\u0144 i niebezpiecze\u0144stw, na jakie nara\u017ceni s\u0105 u\u017cytkownicy komputer\u00f3w oraz zdolno\u015b\u0107 do ich rozpoznawania.<\/li>\n<\/ul>\n<ul>\n<li>Wiedza nt. najpopularniejszych oszustw w Internecie oraz atak\u00f3w phishingowych i umiej\u0119tno\u015b\u0107 radzenia sobie z nimi.<\/li>\n<\/ul>\n<ul>\n<li>Umiej\u0119tno\u015b\u0107 odpowiedniego zabezpieczenia \u015brodowiska pracy.<\/li>\n<li>Edukacja w zakresie ostro\u017cno\u015bci korzystania z Internetu.<\/li>\n<li>Umiej\u0119tno\u015b\u0107 rozpoznawania atak\u00f3w socjotechnicznych.<\/li>\n<li>Podwy\u017cszenie poziomu bezpiecze\u0144stwa organizacji i jej odporno\u015bci na cyberataki.<\/li>\n<\/ul>\n<ul>\n<li>Zwi\u0119kszenie bezpiecze\u0144stwa system\u00f3w i przetwarzanych danych.<\/li>\n<li>Zdobycie wiedzy przydatnej w pracy i \u017cyciu codziennym.<\/li>\n<li>Zaanga\u017cowanie pracownik\u00f3w w bezpiecze\u0144stwo firmy<\/li>\n<\/ul>\n<p>&nbsp;<\/p>\n<p>16.30 -17.00\u00a0 <strong>Zamkni\u0119cie Forum. Podsumowanie<\/strong><\/p>\n<p>&nbsp;<\/p>\n<p>17.00- 19.00 Zaj\u0119cia rekreacyjne<\/p>\n<p>&nbsp;<\/p>\n<p>19.00- 22.00 Uroczysta kolacja<\/p>\n<p>&nbsp;<\/p>\n<p>&nbsp;<\/p>\n<h3 style=\"text-align: center;\"><strong>Og\u00f3lnopolska Konferencja Szkoleniowa<\/strong><\/h3>\n<h3 style=\"text-align: center;\"><strong>Komornik\u00f3w S\u0105dowych i\u00a0 Asesor\u00f3w Komorniczych<\/strong><\/h3>\n<h3 style=\"text-align: center;\"><span id=\"wisla-17-czerwca-2025-r\"><\/span>Wis\u0142a, 17 czerwca 2025 r.<\/h3>\n<p><strong>Moderator:<\/strong> prof. dr hab. Andrzej Marciniak<\/p>\n<p>10.00- 10.45 Projekt zmian przepis\u00f3w kodeksu post\u0119powania cywilnego o post\u0119powaniu egzekucyjnym i ustawach komorniczych Komisji Kodyfikacyjnej Prawa Cywilnego<\/p>\n<p><strong>\u00a0Prof. U\u0141 dr hab. J\u00f3zef Jagie\u0142a<\/strong><\/p>\n<p>&nbsp;<\/p>\n<p>10.45-12.00\u00a0 Aktualne problemy opisu i oszacowanie nieruchomo\u015bci w egzekucji s\u0105dowej<\/p>\n<p><strong>\u00a0\u00a0\u00a0\u00a0\u00a0\u00a0\u00a0\u00a0\u00a0\u00a0\u00a0\u00a0\u00a0\u00a0\u00a0\u00a0\u00a0\u00a0\u00a0\u00a0\u00a0\u00a0\u00a0\u00a0\u00a0 SSO prof. URad dr hab. Marcin Uliasz\u00a0\u00a0\u00a0\u00a0 <\/strong><\/p>\n<p><strong>\u00a0\u00a0\u00a0\u00a0\u00a0\u00a0\u00a0\u00a0\u00a0\u00a0\u00a0\u00a0\u00a0\u00a0\u00a0\u00a0\u00a0\u00a0\u00a0\u00a0\u00a0\u00a0\u00a0\u00a0\u00a0 SSA\u00a0 Wies\u0142aw\u00a0 Grajdura<\/strong><\/p>\n<p>&nbsp;<\/p>\n<p>12.00- 12.30 przerwa kawowa<\/p>\n<p>12.30- 13.15 Op\u0142aty egzekucyjne w razie umorzenia post\u0119powania egzekucyjnego<\/p>\n<p><strong>\u00a0 \u00a0 \u00a0 \u00a0 \u00a0 \u00a0 \u00a0 \u00a0 \u00a0 \u00a0 \u00a0 Prof. USz dr hab. Kinga Flaga-Gieruszy\u0144ska<\/strong><\/p>\n<p>&nbsp;<\/p>\n<p>13.15 \u2013 14.00 Fundusz \u017celazny a plan podzia\u0142u sumy uzyskanej z egzekucji<\/p>\n<p><strong>Prof. URz dr hab. Anna Ko\u015bci\u00f3\u0142ek<\/strong><\/p>\n<p>&nbsp;<\/p>\n<p>14.00- 16.00 przerwa obiadowa<\/p>\n<p>16.00 &#8211; 18.00 Warsztaty (konsultacje) z udzia\u0142em wyk\u0142adowc\u00f3w i moderatora<\/p>\n<p>&nbsp;<\/p>\n<p>&nbsp;<\/p>\n<h3 style=\"text-align: center;\"><span id=\"dnia-10-czerwca-2025-r\"><\/span>Dnia 10 czerwca 2025 r.<\/h3>\n<h3 style=\"text-align: center;\"><span id=\"warszawa-ul-krakowskie-przedmiescie-25\"><\/span>Warszawa, ul. Krakowskie Przedmie\u015bcie 25<\/h3>\n<h3 style=\"text-align: center;\"><span id=\"instytut-wymiaru-sprawiedliwosci\"><\/span>Instytut Wymiaru Sprawiedliwo\u015bci<\/h3>\n<h3 style=\"text-align: center;\"><span id=\"osrodek-naukowo-szkoleniowy-przy-krajowej-radzie-komorniczej\"><\/span>O\u015brodek Naukowo-Szkoleniowy przy Krajowej Radzie Komorniczej<\/h3>\n<h3 style=\"text-align: center;\"><span id=\"seminarium-naukowe-pt\"><\/span>Seminarium naukowe pt.<\/h3>\n<h3 style=\"text-align: center;\"><strong>Podstawa egzekucji s\u0105dowej. Tradycja a\u00a0 post\u0119p\u00a0 w prawie procesowym cywilnym. Kognicja s\u0105d\u00f3w powszechnych<\/strong><\/h3>\n<p>&nbsp;<\/p>\n<p>Otwarcie seminarium: 10.00<\/p>\n<p>Dr hab. prof. UW Piotr Rylski &#8211; Dyrektor Instytutu Wymiaru Sprawiedliwo\u015bci<\/p>\n<p>Henryka Bednorz-Gody\u0144 &#8211; Dyrektor O\u015brodka Naukowo-Szkoleniowego przy Krajowej Radzie Komorniczej<\/p>\n<p>&nbsp;<\/p>\n<p>Panel I (10.10- 11.20)<\/p>\n<p>Moderator: dr hab. prof. UW Piotr Rylski<\/p>\n<p>&nbsp;<\/p>\n<p><strong>Uzasadnienie postulatu eliminacji klauzuli wykonalno\u015bci z polskiego systemu <\/strong><strong>prawa procesowego \u00a0<\/strong><\/p>\n<p>Prof. dr hab. Andrzej Marciniak(Uniwersytet \u0141\u00f3dzki)\u00a0\u00a0 -10 min.<\/p>\n<p>&nbsp;<\/p>\n<p><strong>Podstawa \u00a0egzekucji s\u0105dowej w prowincji Quebec (<em>l`avis<\/em>) oraz we W\u0142oszech <\/strong><strong>( <em>precetto<\/em>) <\/strong><\/p>\n<p>SSR \u00a0Aleksandra Machowska, \u00a0-20 min.<\/p>\n<p><strong>Automatyczna wykonalno\u015b\u0107 orzecze\u0144 s\u0105dowych w \u00a0sprawach cywilnych <\/strong><strong>i handlowych \u00a0w Unii Europejskiej <\/strong><\/p>\n<p>Dr hab. \u00a0Bartosz Wo\u0142odkiewicz (Uniwersytet Warszawski)- 20 min.<\/p>\n<p>&nbsp;<\/p>\n<p><strong>Dyskusja <\/strong>\u00a0(10.50-11.20)<\/p>\n<p>&nbsp;<\/p>\n<p>Przerwa kawowa\u00a0 11.20-11.50<\/p>\n<p>&nbsp;<\/p>\n<p>Panel II (11.50- 12.50)<\/p>\n<p>Moderator: Henryka Bednorz-Gody\u0144 (komornik s\u0105dowy)<\/p>\n<p>&nbsp;<\/p>\n<p><strong>Aktualne problemy egzekucji s\u0105dowej na podstawie tytu\u0142\u00f3w egzekucyjnych <\/strong><\/p>\n<p>SSR Andrzej Antkiewicz -20 min.<\/p>\n<p><strong>\u00a0<\/strong><\/p>\n<p><strong>Weryfikacja przez komornika nakaz\u00f3w zap\u0142aty wydanych \u00a0w elektronicznym post\u0119powaniu upominawczym <\/strong><\/p>\n<p>Komornik s\u0105dowy \u00a0Rafa\u0142 Fronczek &#8211; \u00a010 min.<\/p>\n<p>&nbsp;<\/p>\n<p><strong>Dyskusja<\/strong>(12.20-12.50)<\/p>\n<p>&nbsp;<\/p>\n<p>Przerwa obiadowa 12.50-13.40<\/p>\n<p>&nbsp;<\/p>\n<p>Panel III (13.40- 15.00)<\/p>\n<p>Moderator:\u00a0 prof. dr hab. Andrzej Marciniak (Uniwersytet \u0141\u00f3dzki)<\/p>\n<p>&nbsp;<\/p>\n<p><strong>Za\u0142o\u017cenia nowelizacji przepis\u00f3w kodeksu post\u0119powania cywilnego o podstawie egzekucji s\u0105dowej\u00a0 <\/strong><\/p>\n<p>R.pr. Ma\u0142gorzata Sie\u0144ko &#8211; Dyrektor Departamentu Prawa Cywilnego i Gospodarczego Ministerstwa Sprawiedliwo\u015bci -20 min<\/p>\n<p>&nbsp;<\/p>\n<p><strong>Problematyka wykonywania orzecze\u0144 s\u0105dowych\u00a0 w pracach nad projektem <\/strong><strong>EPU 3.0 <\/strong><\/p>\n<p>Grzegorz Polak, Dyrektor Departamentu Informatyzacji i Rejestr\u00f3w S\u0105dowych Ministerstwa Sprawiedliwo\u015bci\u00a0 -20 min<\/p>\n<p><strong>Eliminacja klauzuli wykonalno\u015bci w perspektywie prac\u00a0 Komisji Kodyfikacyjnej Prawa Cywilnego <\/strong><\/p>\n<p>Dr hab. prof. UW Marcin Dziurda \u00a0-10 min<\/p>\n<p>&nbsp;<\/p>\n<p><strong>Dyskusja<\/strong> (14.30-15.00)<\/p>\n<p>&nbsp;<\/p>\n<p>15.000\u00a0 &#8211; Podsumowanie. Zamkni\u0119cie seminarium<\/p>\n<p>&nbsp;<\/p>\n<p>&nbsp;<\/p>\n<h2 style=\"text-align: center;\"><strong>Og\u00f3lnopolska Konferencja Naukowa<\/strong><\/h2>\n<h2 style=\"text-align: center;\"><strong>System finansowania egzekucji komorniczej w Polsce<\/strong><strong>\u00a0<\/strong><\/h2>\n<h2 style=\"text-align: center;\"><strong>Katowice, 9 maja 2025 r.<\/strong><\/h2>\n<p>&nbsp;<\/p>\n<p><strong>Program Konferencji<\/strong><\/p>\n<p><strong>9.15\u20139.30 Otwarcie Konferencji <\/strong><\/p>\n<p>dr hab. Witold Kurowski, prof. U\u015a \u2013 Dziekan Wydzia\u0142u Prawa i Administracji Uniwersytetu \u015al\u0105skiego w Katowicach<\/p>\n<p>dr hab. Andrzej Torbus, prof. U\u015a \u2013 Kierownik Zespo\u0142u Post\u0119powania Cywilnego Wydzia\u0142u Prawa i Administracji Uniwersytetu \u015al\u0105skiego w Katowicach<\/p>\n<p>Henryka Bednorz-Gody\u0144 \u2013 Dyrektor O\u015brodka Naukowo-Szkoleniowego\u00a0przy Krajowej Radzie Komorniczej w Warszawie<\/p>\n<p>Krzysztof Wilk \u2013 Przewodnicz\u0105cy Rady Izby Komorniczej w Katowicach<\/p>\n<p>&nbsp;<\/p>\n<p><strong>Cz\u0119\u015b\u0107 I<\/strong><\/p>\n<p><strong>\u00a0<\/strong><\/p>\n<p><strong>9.30\u201311.00<\/strong><\/p>\n<p><strong>Moderator: <\/strong>dr hab. Andrzej Torbus, prof. U\u015a (Uniwersytet \u015al\u0105ski)<\/p>\n<p><strong>\u00a0<\/strong><\/p>\n<p><strong>Konstytucyjne standardy prawnej regulacji systemu finansowania egzekucji komorniczej<\/strong><\/p>\n<p>prof. dr hab. Marek Kalinowski (Uniwersytet im. Miko\u0142aja Kopernika w Toruniu)<\/p>\n<p><strong>Finansowanie egzekucji komorniczej w wybranych systemach prawnych innych pa\u0144stw<\/strong><\/p>\n<p>Ma\u0142gorzata P\u0119dziszczak (komornik s\u0105dowy)<\/p>\n<p><strong>Koszty dzia\u0142alno\u015bci egzekucyjnej komornika s\u0105dowego<\/strong><\/p>\n<p>dr hab. Izabella Gil, prof. UWr (Uniwersytet Wroc\u0142awski)<\/p>\n<p>11.00\u201311.20 <strong>Dyskusja <\/strong>(z udzia\u0142em m.in. Katarzyny Molendy-Skowery i Wojciecha Pi\u0142ata)<\/p>\n<p>11.20\u201311.40 Przerwa na kaw\u0119<\/p>\n<p><strong>\u00a0<\/strong><\/p>\n<p><strong>Cz\u0119\u015b\u0107 II<\/strong><\/p>\n<p><strong>\u00a0<\/strong><\/p>\n<p><strong>11.40\u201313.40<\/strong><\/p>\n<p><strong>Moderator: <\/strong>dr hab. Krystian Markiewicz, prof. U\u015a (Uniwersytet \u015al\u0105ski)<\/p>\n<p>&nbsp;<\/p>\n<p><strong>Wydatki komornika s\u0105dowego i zasady ich finansowania<\/strong><\/p>\n<p>dr Grzegorz Julke (Uniwersytet Gda\u0144ski)<\/p>\n<p><strong>Charakter prawny i funkcje op\u0142at egzekucyjnych<\/strong><\/p>\n<p>dr Przemys\u0142aw Telenga (Uniwersytet Marii Curie-Sk\u0142odowskiej w Lublinie)<\/p>\n<p><strong>Op\u0142aty egzekucyjne w razie umorzenia post\u0119powania egzekucyjnego<\/strong><\/p>\n<p>dr Anna Czarna (Uniwersytet \u015al\u0105ski)<\/p>\n<p><strong>Op\u0142aty egzekucyjne w razie oczywi\u015bcie niecelowego wszcz\u0119cia post\u0119powania egzekucyjnego <\/strong><\/p>\n<p>dr hab. Rados\u0142aw Flejszar, prof. UJ (Uniwersytet Jagiello\u0144ski w Krakowie)<\/p>\n<p>13.40\u201314.00 <strong>Dyskusja <\/strong>(z udzia\u0142em m.in. Agaty Marchaj i Krzysztofa Wilka)<\/p>\n<p>&nbsp;<\/p>\n<p>14.00\u201315.00 Przerwa obiadowa<\/p>\n<p><strong>\u00a0<\/strong><\/p>\n<p><strong>Cz\u0119\u015b\u0107 III<\/strong><\/p>\n<p><strong>\u00a0<\/strong><\/p>\n<p><strong>15.00\u201316.30<\/strong><\/p>\n<p><strong>Moderator: <\/strong>prof. dr hab. Andrzej Marciniak (Uniwersytet \u0141\u00f3dzki)<\/p>\n<p><strong>\u00a0Pozaegzekucyjne op\u0142aty komornicze<\/strong><\/p>\n<p>dr Aneta Mendrek (Uniwersytet Ekonomiczny w Krakowie, Uniwersytet Jagiello\u0144ski)<\/p>\n<p><strong>Wp\u0142yw miarkowania op\u0142at egzekucyjnych na finansowanie egzekucji komorniczej<\/strong><\/p>\n<p>dr hab. J\u00f3zef Jagie\u0142a, prof. U\u0141 (Uniwersytet \u0141\u00f3dzki)<\/p>\n<p><strong>S\u0105dowa kontrola postanowie\u0144 komornika s\u0105dowego w przedmiocie koszt\u00f3w egzekucji<\/strong><\/p>\n<p>dr hab. Ireneusz Wolwiak (Uniwersytet \u015al\u0105ski)<\/p>\n<p>16.30\u201317.00<strong> Dyskusja <\/strong>(z udzia\u0142em m.in. Jacka Jarka i Wojciecha Wys\u0142ycha)<\/p>\n<p>&nbsp;<\/p>\n<p>17.00\u201317.30<strong> Podsumowanie i zamkni\u0119cie Konferencji<\/strong><\/p>\n<p>&nbsp;<\/p>\n<p>&nbsp;<\/p>\n<h2 style=\"text-align: center;\">Seminarium naukowe<br \/>\nProponowane zmiany przepis\u00f3w Kodeksu post\u0119powania cywilnego<br \/>\no post\u0119powaniu egzekucyjnym<\/h2>\n<h2 style=\"text-align: center;\"><span id=\"torun-04-04-2025-r\"><\/span>Toru\u0144, 04.04.2025 r.<\/h2>\n<p style=\"text-align: center;\">Organizator: Wydzia\u0142 Prawa i Administracji Uniwersytetu im. Miko\u0142aja Kopernika w Toruniu<br \/>\nO\u015brodek Naukowo-Szkoleniowy przy Krajowej Radzie Komorniczej w Warszawie, Izba Komornicza w Gda\u0144sku<\/p>\n<p>&nbsp;<\/p>\n<p>&nbsp;<\/p>\n<p>&nbsp;<\/p>\n<h2 id=\"2024\" style=\"text-align: center;\"><strong>Plan pracy\u00a0na rok 2024<\/strong><\/h2>\n<p>&nbsp;<\/p>\n<p>\u2014\u2014\u2014\u2014\u2014\u2014\u2014\u2014<\/p>\n<h2 style=\"text-align: center;\"><strong>Og\u00f3lnopolska Konferencja Naukowa<\/strong><\/h2>\n<h3 style=\"text-align: center;\"><strong>SZTUCZNA INTELIGENCJA W EGZEKUCJI S\u0104DOWEJ<\/strong><\/h3>\n<h2 style=\"text-align: center;\"><strong>Krak\u00f3w, 6.12.2024 r.<\/strong><\/h2>\n<p><strong>\u00a0<\/strong><\/p>\n<p>9.30\u201310.00 \u00a0\u00a0\u00a0 <strong>Otwarcie Konferencji<\/strong><\/p>\n<p>dr Agnieszka Kubiak-Cyrul, prof. UAFM \u2013 Dziekan Wydzia\u0142u Prawa, Administracji i Stosunk\u00f3w Mi\u0119dzynarodowych Uniwersytetu Andrzeja Frycza Modrzewskiego w Krakowie<\/p>\n<p>Patrick Gielen \u2013 Sekretarz Mi\u0119dzynarodowej Unii Komornik\u00f3w S\u0105dowych (UIHJ)<\/p>\n<p>Henryka Bednorz-Gody\u0144 \u2013 Przewodnicz\u0105ca Rady Izby Komorniczej w Krakowie, Dyrektor O\u015brodka Naukowo-Szkoleniowego przy Krajowej Radzie Komorniczej w Warszawie<\/p>\n<p>&nbsp;<\/p>\n<p>10.00\u201311.30 \u00a0 Cz\u0119\u015b\u0107 I<\/p>\n<p>Moderator: prof. dr hab. Andrzej Marciniak (Uniwersytet \u0141\u00f3dzki)<\/p>\n<p>10.00\u201310.40<strong> \u00a0 Sztuczna inteligencja AD 2024 <\/strong>(wyk\u0142ad wprowadzaj\u0105cy)<\/p>\n<p><strong>Raport LegalTech 2024 Wydawnictwa C.H. Beck <\/strong><\/p>\n<p>dr hab. Przemys\u0142aw Pola\u0144ski, prof. ALK (Akademia Leona Ko\u017ami\u0144skiego)<\/p>\n<p>10.40\u201311.00 \u00a0 <strong>Europejski<\/strong> <strong>akt w sprawie sztucznej inteligencji <\/strong><strong>(Rozporz\u0105dzenie Parlamentu Europejskiego i Rady [UE] 2024\/1689)<\/strong><\/p>\n<p>prof. dr hab. Monika Namys\u0142owska (Uniwersytet \u0141\u00f3dzki)<\/p>\n<p>11.00\u201311.20 \u00a0 <strong>Zasady wykorzystywania narz\u0119dzi sztucznej inteligencji <\/strong><strong>i<\/strong> <strong>no-code w codziennej pracy prawnika<\/strong><\/p>\n<p>dr Maciej Chrzanowski (Politechnika Rzeszowska)<\/p>\n<p>11.20\u201311.30 \u00a0 <strong>Dyskusja<\/strong><\/p>\n<p>11.30\u201312.00 \u00a0 <strong>Przerwa na kaw\u0119<\/strong><\/p>\n<p><strong>\u00a0<\/strong><\/p>\n<p>12.00\u201314.00 \u00a0 Cz\u0119\u015b\u0107 II<\/p>\n<p>Moderator: dr hab. Rados\u0142aw Flejszar, prof. UJ (Uniwersytet Jagiello\u0144ski)<\/p>\n<p>12.00\u201312.20 \u00a0 <strong>Sztuczna inteligencja w post\u0119powaniu cywilnym<\/strong><\/p>\n<p>dr Maria Dymitruk (Uniwersytet Wroc\u0142awski)<\/p>\n<p>12.20\u201312.40<strong> \u00a0 Dopuszczalno\u015b\u0107 wykorzystania algorytm\u00f3w sztucznej <\/strong><strong>inteligencji w praktyce funkcjonowania kancelarii komorniczej<\/strong><\/p>\n<p>prof. dr hab. Mariusz Jab\u0142o\u0144ski (Uniwersytet Wroc\u0142awski)<\/p>\n<p>12.40\u201313.00 \u00a0 <strong>Wykorzystanie algorytm\u00f3w, bot\u00f3w i sztucznej inteligencji w kancelariach prawniczych<\/strong><\/p>\n<p>dr hab. Dariusz Szostek, prof. U\u015a (Uniwersytet \u015al\u0105ski)<\/p>\n<p>13.00\u201313.20 \u00a0 <strong>Egzekucja ze sztuczn\u0105 inteligencj\u0105. Nowe horyzonty w praktyce komorniczej<\/strong><\/p>\n<p>Sebastian Szczepa\u0144ski (Prezes Currenda Sp. z o.o.)<\/p>\n<p>13.20\u201313.40\u00a0 <strong>Egzekucja z kryptowalut w najnowszym prawodawstwie europejskim<\/strong><\/p>\n<p>dr in\u017c. Rafa\u0142 Prabucki (Uniwersytet \u015al\u0105ski)<\/p>\n<p>13.40\u201314.00 <strong>Dyskusja<\/strong><\/p>\n<p>14.00\u201315.00 <strong>Przerwa obiadowa<\/strong><\/p>\n<p><strong>\u00a0<\/strong><\/p>\n<p>15.00\u201316.40 \u00a0 Cz\u0119\u015b\u0107 III<\/p>\n<p>Moderator: dr Agnieszka Kubiak-Cyrul, prof. UAFM (Uniwersytet Andrzeja Frycza Modrzewskiego w Krakowie)<\/p>\n<p>15.00\u201315.20 \u00a0 <strong>Czym jest i do czego s\u0142u\u017cy legal design?<\/strong><\/p>\n<ol>\n<li>pr. Rafa\u0142 Lorent (partner w kancelarii prawniczej 3DOTS LAW)<\/li>\n<\/ol>\n<p>15.20\u201315.40 \u00a0 <strong>Jak praktycznie wykorzysta\u0107 legal design w codziennej pracy <\/strong><strong>prawnika<\/strong><\/p>\n<ol>\n<li>pr. J\u0119drzej St\u0119pniowski (partner w kancelarii prawniczej DOTLAW)<\/li>\n<\/ol>\n<p>15.40\u201316.00 \u00a0 <strong>Sztuczna inteligencja a ochrona danych osobowych <\/strong><\/p>\n<p>dr hab. Andrzej Krasuski, prof. UJD (Uniwersytet Jana D\u0142ugosza w Cz\u0119stochowie)<\/p>\n<p>16.00\u201316.20<strong>\u00a0 Odpowiedzialno\u015b\u0107 cywilna za szkody spowodowane wykorzystaniem system\u00f3w AI w dzia\u0142alno\u015bci komornik\u00f3w s\u0105dowych<\/strong><\/p>\n<p>dr Kamil Szpyt (Uniwersytet Andrzeja Frycza Modrzewskiego w Krakowie)<\/p>\n<p>16.20\u201316.40 \u00a0 <strong>Dyskusja<\/strong><\/p>\n<p>16.40\u201317.00\u00a0 <strong>Podsumowanie i zamkni\u0119cie Konferencji<\/strong><\/p>\n<p>&nbsp;<\/p>\n<p>&nbsp;<\/p>\n<h3 style=\"text-align: center;\"><strong>VI Forum Prawa Procesowego Cywilnego<\/strong><\/h3>\n<h3 style=\"text-align: center;\"><strong>\u201eWsp\u00f3\u0142czesne wyzwania nowelizacji Kodeksu post\u0119powania cywilnego&#8221;<\/strong><\/h3>\n<p style=\"text-align: center;\"><strong>\u0141\u00f3d\u017a, 22 listopada 2024 r.<\/strong><\/p>\n<p>&nbsp;<\/p>\n<p>Katedra Post\u0119powania Cywilnego II na Wydziale Prawa i Administracji Uniwersytetu \u0141\u00f3dzkiego, Wydawnictwo CH BECK i O\u015brodek Naukowo -Szkoleniowy przy Krajowej Radzie Komorniczej <strong>zapraszaj\u0105 do udzia\u0142u w VI Forum Prawa Procesowego Cywilnego<\/strong>, kt\u00f3re w tym roku odb\u0119dzie si\u0119 pod tytu\u0142em \u201eWsp\u00f3\u0142czesne wyzwania nowelizacji Kodeksu post\u0119powania cywilnego\u201d <strong>w dniu 22 listopada 2024 r.<\/strong>\u00a0<strong>od godz. 9.15 na Wydziale Prawa i Administracji Uniwersytetu \u0141\u00f3dzkiego.\u00a0<\/strong><\/p>\n<p>Patronat nad Forum obj\u0119\u0142a Komisja Kodyfikacyjna Prawa Cywilnego przy Ministrze Sprawiedliwo\u015bci.<\/p>\n<p>W Forum mo\u017cna wzi\u0105\u0107 udzia\u0142 r\u00f3wnie\u017c za po\u015brednictwem po\u0142\u0105czenia online. Zg\u0142oszenia udzia\u0142u (stacjonarnego lub online) odbywaj\u0105 si\u0119 poprzez: akademia.beck.pl<\/p>\n<p>Poni\u017cej program VI Forum:<\/p>\n<p><a href=\"https:\/\/www.komornik.pl\/wp-content\/uploads\/2024\/11\/PROGRAM_VI-Forum-2024.pdf\">PROGRAM_VI Forum 2024<\/a><\/p>\n<p>&nbsp;<\/p>\n<h3><span id=\"\"><\/span><\/h3>\n<h3 style=\"text-align: center;\"><strong>Og\u00f3lnopolska Konferencja Naukowa<\/strong><\/h3>\n<h2 style=\"text-align: center;\"><strong>Egzekucja s\u0105dowa a upad\u0142o\u015b\u0107 d\u0142u\u017cnika<\/strong><\/h2>\n<h4 style=\"text-align: center;\"><span id=\"rzeszow-08-listopada-2024-r\"><\/span>Rzesz\u00f3w, 08 listopada 2024 r.<\/h4>\n<p>&nbsp;<\/p>\n<p>9.15\u20139.30\u00a0<strong>Otwarcie Konferencji<\/strong><\/p>\n<p><strong>Dr hab. Renata \u015awirgo\u0144-Skok prof. UR\u00a0<\/strong>\u2013 Dyrektor Instytutu Nauk Prawnych Uniwersytetu Rzeszowskiego<\/p>\n<p><strong>Henryka Bednorz-Gody\u0144\u00a0<\/strong>\u2013 Dyrektor O\u015brodka Naukowo-Szkoleniowego przy Krajowej Radzie Komorniczej w Warszawie<\/p>\n<p><strong>Jacek Wr\u00f3bel\u00a0<\/strong>\u2013 Przewodnicz\u0105cy Rady Izby Komorniczej w Rzeszowie<\/p>\n<p>&nbsp;<\/p>\n<p><strong>Cz\u0119\u015b\u0107 I<\/strong><\/p>\n<p>Moderator: prof. dr hab. Andrzej Marciniak (Uniwersytet \u0141\u00f3dzki)<\/p>\n<p>9.30\u201310.00\u00a0<strong>Cele i funkcje post\u0119powania egzekucyjnego i post\u0119powania\u00a0<\/strong><strong>upad\u0142o\u015bciowego \u2013\u00a0<\/strong>Dr hab. Anna Hrycaj prof. U\u0141a (Uczelnia \u0141azarskiego)<\/p>\n<p>10.00\u201310.30\u00a0<strong>Istota i charakter prawny zabezpieczenia maj\u0105tku d\u0142u\u017cnika w post\u0119powaniu upad\u0142o\u015bciowym \u2013\u00a0<\/strong>Prof. dr hab. Andrzej Jakubecki (Uniwersytet Marii Curie-Sk\u0142odowskiej)<\/p>\n<p>10.30\u201311.00\u00a0<strong>Skutki ustanowienia tymczasowego nadzorcy s\u0105dowego oraz zarz\u0105du przymusowego dla post\u0119powania egzekucyjnego \u2013\u00a0<\/strong>Dr Arkadiusz Sadza (Uniwersytet Marii Curie-Sk\u0142odowskiej)<\/p>\n<p>11.00\u201311.30 Dyskusja<\/p>\n<p>11.30\u201312.00 Przerwa kawowa<\/p>\n<p>&nbsp;<\/p>\n<p><strong>Cz\u0119\u015b\u0107 II<\/strong><\/p>\n<p>Moderator: dr hab. Anna Hrycaj prof. U\u0141a (Uczelnia \u0141azarskiego)<\/p>\n<p>12.00\u201312.30\u00a0<strong>Zabezpieczenie maj\u0105tku d\u0142u\u017cnika przez zawieszenie post\u0119powania egzekucyjnego \u2013\u00a0<\/strong>Dr hab. Anna Ko\u015bci\u00f3\u0142ek prof. UR (Uniwersytet Rzeszowski)<\/p>\n<p>12.30\u201313.00\u00a0<strong>Wp\u0142yw og\u0142oszenia upad\u0142o\u015bci na dopuszczalno\u015b\u0107 egzekucji oraz wykonania postanowienia o zabezpieczeniu \u2013\u00a0<\/strong>Dr hab. Izabella Gil prof. UWr (Uniwersytet Wroc\u0142awski)<\/p>\n<p>13.00\u201313.30\u00a0<strong>Wp\u0142yw og\u0142oszenia upad\u0142o\u015bci na tocz\u0105ce si\u0119 post\u0119powania egzekucyjne \u2013\u00a0<\/strong>Dr Pawe\u0142 Janda (Uniwersytet Rzeszowski)<\/p>\n<p>13.30\u201314.00 Dyskusja<\/p>\n<p>14.00\u201315.00 Przerwa obiadowa<\/p>\n<p>&nbsp;<\/p>\n<p><strong>Cz\u0119\u015b\u0107 III<\/strong><\/p>\n<p>Moderator: dr hab. Anna Ko\u015bci\u00f3\u0142ek prof. UR (Uniwersytet Rzeszowski)<\/p>\n<p>15.00\u201315.30\u00a0<strong>Koszty egzekucji komorniczej jako d\u0142ugi masy upad\u0142o\u015bci \u2013\u00a0<\/strong>Dr Bartosz Sierakowski (Uczelnia \u0141azarskiego)<\/p>\n<p>15.30 \u2013 16.00\u00a0<strong>Tytu\u0142y egzekucyjne wydane w post\u0119powaniu<\/strong>\u00a0<strong>upad\u0142o\u015bciowym \u2013\u00a0<\/strong>Dr hab. J\u00f3zef Jagie\u0142a prof. U\u0141 (Uniwersytet \u0141\u00f3dzki)<\/p>\n<p>16.00\u201316.30\u00a0<strong>Stosunek zagranicznego post\u0119powania upad\u0142o\u015bciowego do<\/strong>\u00a0<strong>polskiego post\u0119powania egzekucyjnego \u2013\u00a0<\/strong>Dr hab. Andrzej Torbus prof. U\u015a (Uniwersytet \u015al\u0105ski)<\/p>\n<p>16.30\u201317.00 Dyskusja<\/p>\n<p>17.00\u201317.15 Podsumowanie i zamkni\u0119cie Konferencji<\/p>\n<p>&nbsp;<\/p>\n<p>\u2014\u2014\u2014\u2014\u2014\u2014\u2014\u2014<\/p>\n<p>&nbsp;<\/p>\n<h3 style=\"text-align: center;\"><strong>Og\u00f3lnopolska Konferencja Naukowa<\/strong><\/h3>\n<h2 style=\"text-align: center;\"><strong>Uczestnicy s\u0105dowego post\u0119powania egzekucyjnego<\/strong><\/h2>\n<h4 style=\"text-align: center;\"><span id=\"szczecin-18-pazdziernika-2024-r\"><\/span>Szczecin, 18 pa\u017adziernika 2024 r.<\/h4>\n<p>&nbsp;<\/p>\n<p><strong>Program Konferencji<\/strong><\/p>\n<p><strong>9.15 \u2013 9.30\u00a0 Otwarcie Konferencji<\/strong><\/p>\n<p>prof. USz dr hab. Ewelina Ca\u0142a-Wacinkiewicz\u00a0 -Dziekan Wydzia\u0142u Prawa i Administracji Uniwersytetu Szczeci\u0144skiego<\/p>\n<p>Tomasz\u00a0 Szybalski\u00a0 \u2013 Przewodnicz\u0105cy Rady Izby Komorniczej w Szczecinie<\/p>\n<p>&nbsp;<\/p>\n<p><strong>Cz\u0119\u015b\u0107 I<\/strong><\/p>\n<p><strong>9.30-11.00<\/strong><\/p>\n<p><strong>Moderator:\u00a0<\/strong>prof. dr hab. Andrzej Marciniak (Uniwersytet \u0141\u00f3dzki)<\/p>\n<p><strong>Strony w\u0142a\u015bciwego\u00a0 post\u0119powania egzekucyjnego. Zagadnienia og\u00f3lne \u2013\u00a0<\/strong>prof. USz\u00a0 dr hab. Kinga Flaga-Gieruszy\u0144ska(Uniwersytet Szczeci\u0144ski)<\/p>\n<p><strong>Wsp\u00f3\u0142uczestnictwo procesowe stron w s\u0105dowym post\u0119powaniu<\/strong><strong>\u00a0egzekucyjnym \u2013\u00a0<\/strong>prof. ALK dr hab. Joanna Studzi\u0144ska (Akademia im. Leona Ko\u017ami\u0144skiego)<\/p>\n<p><strong>Skutki braku zdolno\u015bci s\u0105dowej, zdolno\u015bci procesowej i legitymacji\u00a0<\/strong><strong>procesowej strony w s\u0105dowym post\u0119powaniu egzekucyjnym \u2013\u00a0<\/strong>dr Magdalena Skibi\u0144ska (Uniwersytet Zielonog\u00f3rski)<\/p>\n<p>11.00 \u2013 11.30\u00a0Dyskusja<\/p>\n<p>11.30 \u2013 12.00 Przerwa na kaw\u0119<\/p>\n<p><strong>\u00a0<\/strong><\/p>\n<p><strong>Cz\u0119\u015b\u0107 II<\/strong><\/p>\n<p><strong>12.00 \u2013 13.30<\/strong><\/p>\n<p><strong>Moderator:\u00a0<\/strong>prof. dr hab. Jacek Go\u0142aczy\u0144ski (Uniwersytet Wroc\u0142awski)<\/p>\n<p><strong>Pe\u0142nomocnictwo w s\u0105dowym post\u0119powaniu egzekucyjnym \u2013\u00a0<\/strong>dr Grzegorz Julke (Uniwersytet Gda\u0144ski)<\/p>\n<p><strong>Wierzyciel prowadz\u0105cy egzekucj\u0119 a wierzyciel przy\u0142\u0105czaj\u0105cy\u00a0<\/strong><strong>si\u0119 do egzekucji \u2013\u00a0<\/strong>prof. U\u0141 dr hab. J\u00f3zef Jagie\u0142a (Uniwersytet \u0141\u00f3dzki)<\/p>\n<p><strong>Pozycja procesowa d\u0142u\u017cnika zaj\u0119tej wierzytelno\u015bci lub prawa w s\u0105dowym w\u00a0<\/strong><strong>post\u0119powaniu egzekucyjnym \u2013\u00a0<\/strong>prof. UW dr hab. Tadeusz Zembrzuski (Uniwersytet Warszawski)<\/p>\n<p>13.30 \u2013 14.00\u00a0Dyskusja<\/p>\n<p>14.00 \u2013 15.00 Przerwa obiadowa<\/p>\n<p><strong>\u00a0<\/strong><\/p>\n<p><strong>Cz\u0119\u015b\u0107 III<\/strong><\/p>\n<p><strong>15.00 \u2013 16.30<\/strong><\/p>\n<p><strong>Moderator:\u00a0<\/strong>prof. U\u0141 dr hab. J\u00f3zef Jagie\u0142a \u00a0(Uniwersytet \u00a0\u0141\u00f3dzki)<\/p>\n<p><strong>Kurator w s\u0105dowym post\u0119powaniu egzekucyjnym \u2013<\/strong><strong>\u00a0<\/strong>dr Aleksandra Klich (Uniwersytet Szczeci\u0144ski)<\/p>\n<p><strong>Dozorca zaj\u0119tej ruchomo\u015bci i nieruchomo\u015bci \u2013\u00a0<\/strong>dr Pawe\u0142 Wojda\u0142a (Uniwersytet Szczeci\u0144ski)<\/p>\n<p><strong>Uczestnicy\u00a0 przetargu w egzekucji s\u0105dowej z ruchomo\u015bci\u00a0 i\u00a0 nieruchomo\u015bci. \u00a0\u00a0\u00a0<\/strong><\/p>\n<p><strong>Nabywca licytacyjny \u2013\u00a0<\/strong>prof. dr hab. Jacek Go\u0142aczy\u0144ski (Uniwersytet Wroc\u0142awski)<\/p>\n<p>16.30 \u2013 17.00 Dyskusja<\/p>\n<p>17.00-17.30 Podsumowanie i zamkni\u0119cie konferencji<\/p>\n<p>&nbsp;<\/p>\n<p>\u2014\u2014\u2014\u2014\u2014\u2014\u2014\u2014<\/p>\n<h3 style=\"text-align: center;\"><strong>III FORUM ASESOR\u00d3W KOMORNICZYCH<\/strong><br \/>\npod patronatem<br \/>\nDziekana Wydzia\u0142u Prawa, Administracji i Ekonomii Uniwersytetu Wroc\u0142awskiego<\/h3>\n<h4 style=\"text-align: center;\"><span id=\"wroclaw-6-wrzesnia-2024-r\"><\/span>Wroc\u0142aw 6 wrze\u015bnia 2024 r.<\/h4>\n<p>&nbsp;<\/p>\n<p>P R O G R A M<\/p>\n<p>Seminarium naukowe<\/p>\n<p>Moderator: prof. dr hab. Mariusz Jab\u0142o\u0144ski(Uniwersytet Wroc\u0142awski)<\/p>\n<p>9.30 \u2013 9.40\u00a0<strong>Wyst\u0105pienia wprowadzaj\u0105ce \u2013\u00a0<\/strong>dr hab. Jacek Przygodzki, prof. UWr \u2013 Dziekan Wydzia\u0142u Prawa, Administracji i Ekonomii Uniwersytetu Wroc\u0142awskiego Monika Janus, przewodnicz\u0105ca Rady Izby Komorniczej we Wroc\u0142awiu<\/p>\n<p>9.40 \u2013 10.15\u00a0<strong>Dor\u0119czenia elektroniczne w s\u0105dowym post\u0119powaniu egzekucyjnym<\/strong>\u00a0\u2013 dr Anna Zalesi\u0144ska (Centrum Kompetencji i Informatyzacji S\u0105downictwa, S\u0105d Apelacyjny we Wroc\u0142awiu)<\/p>\n<p>10.15 \u2013 11.00\u00a0<strong>Celowo\u015b\u0107 wszcz\u0119cia egzekucji s\u0105dowej<\/strong>\u00a0\u2013 Tomasz Zawi\u015blak (S\u0119dzia S\u0105du Rejonowego dla Wroc\u0142awia-\u015ar\u00f3dmie\u015bcia we Wroc\u0142awiu)<\/p>\n<p>11.00 \u2013 11.30 Przerwa kawowa<\/p>\n<p>11.30 \u2013 12.15\u00a0<strong>Odmowa wszcz\u0119cia egzekucji<\/strong>\u00a0\u2013 prof. dr hab. Andrzej Marciniak (Uniwersytet \u0141\u00f3dzki)<\/p>\n<p>12.15 \u2013 13.00\u00a0<strong>Czynno\u015bci egzekucyjne komornika sadowego zwi\u0105zane ze wszcz\u0119ciem egzekucji<\/strong>\u00a0\u2013 prof. UWr. dr hab. Izabella Gil (Uniwersytet Wroc\u0142awski)<\/p>\n<p>13.00 \u2013 14.00 Dyskusja<\/p>\n<p>14.00 \u2013 15.00 Przerwa obiadowa<\/p>\n<p>&nbsp;<\/p>\n<p>Warsztaty szkoleniowe<\/p>\n<p>Moderator: Monika Janus \u2013 Przewodnicz\u0105ca Rady Izby Komorniczej we Wroc\u0142awiu<\/p>\n<p>15.00 \u2013 16.30\u00a0<strong>Aktualne problemy powo\u0142ywania i odwo\u0142ywania asesor\u00f3w i komornik\u00f3w s\u0105dowych<\/strong>\u00a0\u2013 Ewa Sowa \u2013 g\u0142\u00f3wny specjalista ds. administracyjnych Oddzia\u0142u Administracyjnego S\u0105du Apelacyjnego we Wroc\u0142awiu<\/p>\n<p>16.30 \u2013 17.00 Zamkni\u0119cie Forum. Podsumowanie<\/p>\n<p>17.00 \u2013 19.00 Zaj\u0119cia rekreacyjne<\/p>\n<p>19.00 \u2013 22.00 Uroczysta kolacja<\/p>\n<p>\u2014\u2014\u2014\u2014\u2014\u2014\u2014\u2014<\/p>\n<h3 class=\"intro\" style=\"text-align: center;\"><span id=\"ogolnopolska-konferencja-naukowa\"><\/span>Og\u00f3lnopolska Konferencja Naukowa<\/h3>\n<h2 style=\"text-align: center;\"><strong>Skuteczno\u015b\u0107 egzekucji s\u0105dowej.<br \/>\nCzynniki i bariery<\/strong><\/h2>\n<h4 style=\"text-align: center;\"><span id=\"gdansk-17-maja-2024-r\"><\/span>Gda\u0144sk, 17 maja 2024 r.<\/h4>\n<p>&nbsp;<\/p>\n<p>9.30-10.00 \u2013 \u00a0<strong>Otwarcie konferencji.<\/strong><br \/>\nDziekan Wydzia\u0142u Prawa i Administracji Uniwersytetu Gda\u0144skiego \u2013 prof.UG dr hab. Wojciech Zalewski<br \/>\nPrzewodnicz\u0105ca Rady Izby Komorniczej w Gda\u0144sku \u2013 Ma\u0142gorzata Wolny<\/p>\n<p>&nbsp;<\/p>\n<h3><strong>Cz\u0119\u015b\u0107 I<\/strong><\/h3>\n<p>Moderator: prof. dr hab. Andrzej Marciniak (Uniwersytet \u0141\u00f3dzki)<\/p>\n<p><strong>Sprawno\u015b\u0107 egzekucji s\u0105dowej jako<\/strong>\u00a0<strong>czynnik efektywnego\u00a0<\/strong><strong>wymiaru sprawiedliwo\u015bci.<\/strong><br \/>\nprof. UG dr hab. Anna Machnikowska, Uniwersytet Gda\u0144ski<\/p>\n<p><strong>Raport o stanie skuteczno\u015bci egzekucji s\u0105dowej.<\/strong><br \/>\ndr Lech Kujawski, Uniwersytet Gda\u0144ski<\/p>\n<p>11.15-11.30 \u2013 Dyskusja<br \/>\n11.30-12.00 \u2013 Przerwa kawowa<\/p>\n<p>&nbsp;<\/p>\n<h3><strong>Cz\u0119\u015b\u0107 II<\/strong><\/h3>\n<p>Moderator: prof. UG dr hab. Anna Machnikowska (Uniwersytet Gda\u0144ski)<\/p>\n<p>12.00-12.30 \u2013\u00a0\u00a0<strong>Zasada ochrony d\u0142u\u017cnika w post\u0119powaniu egzekucyjnym.\u00a0<\/strong><strong>Teoria czy rzeczywisto\u015b\u0107 prawna.<\/strong><br \/>\nprof. UAM dr hab. Andrzej Jarocha, Uniwersytet Adama Mickiewicza w Poznaniu<\/p>\n<p>12.30-13.00 \u2013\u00a0<strong>Dopuszczalno\u015b\u0107 badania przez\u00a0 komornika s\u0105dowego\u00a0<\/strong><strong>zasadno\u015bci tytu\u0142u egzekucyjnego i praw os\u00f3b trzecich do\u00a0<\/strong><strong>zajmowanych\u00a0 sk\u0142adnik\u00f3w maj\u0105tku d\u0142u\u017cnika\u00a0<\/strong><strong>a efektywno\u015b\u0107 egzekucji s\u0105dowej<\/strong><br \/>\ndr Joanna May, Uniwersytet Miko\u0142aja Kopernika w Toruniu<\/p>\n<p>13.00-13.30 \u2013\u00a0<strong>Cel post\u0119powania egzekucyjnego a charakter\u00a0<\/strong><strong>prawny i zakres\u00a0\u00a0 ogranicze\u0144 egzekucji s\u0105dowej<\/strong><br \/>\nprof. URz dr hab. Anna Ko\u015bci\u00f3\u0142ek , Uniwersytet Rzeszowski<\/p>\n<p>13.30-14.00 \u2013 Dyskusja<br \/>\n14.00-15.00 \u2013 Przerwa obiadowa<\/p>\n<p>&nbsp;<\/p>\n<h3><strong>Cz\u0119\u015b\u0107 III<\/strong><\/h3>\n<p>Moderator: prof. URz dr hab. Anna Ko\u015bci\u00f3\u0142ek (Uniwersytet Rzeszowski)<\/p>\n<p>15.00-15.20 \u2013 \u00a0<strong>Wp\u0142yw ogranicze\u0144 egzekucji na skuteczno\u015b\u0107 egzekucji\u00a0<\/strong><strong>s\u0105dowej z\u00a0 wynagrodzenia za prac\u0119. Bariery skuteczno\u015bci\u00a0<\/strong><strong>egzekucji z rachunku bankowego.<\/strong><br \/>\nRafa\u0142 Fronczek, komornik s\u0105dowy, Prezes Honorowy KRK<\/p>\n<p>15.20-15.50 \u2013\u00a0<strong>Ograniczenia i bariery egzekucji s\u0105dowej przeciwko\u00a0<\/strong><strong>rolnikom prowadz\u0105cym gospodarstwo rolne<\/strong><br \/>\ndr Arkadiusz Bieli\u0144ski,\u00a0 Uniwersytet w Bia\u0142ymstoku<\/p>\n<p>15.50-16.20 \u2013\u00a0<strong>Zasady prowadzenia kancelarii komorniczej (biurowo\u015b\u0107,\u00a0<\/strong><strong>rachunkowo\u015b\u0107, ewidencje i sprawozdania, nadz\u00f3r\u00a0<\/strong><strong>administracyjny i samorz\u0105dowy) na efektywno\u015b\u0107 egzekucji<\/strong><strong>\u00a0s\u0105dowej.<\/strong><br \/>\nProf. UK dr J\u00f3zef Kola\u0144ski,\u00a0 Uniwersytet Kaliski im. Prezydenta Stanis\u0142awa\u00a0 Wojciechowskiego, komornik s\u0105dowy<\/p>\n<p>16.20-16.50 \u2013 Dyskusja<br \/>\n16.50-17.00 \u2013 Podsumowanie i zamkni\u0119cie Konferencji<\/p>\n<p>\u2014\u2014\u2014\u2014\u2014\u2014\u2014\u2014<\/p>\n<h3 style=\"text-align: center;\"><strong>Planowana na dzie\u0144 17 kwietnia 2024 r. w Warszawie (budynek Sejmu RP) og\u00f3lnopolska konferencja naukowa nie odb\u0119dzie si\u0119 w podanym terminie z przyczyn od nas niezale\u017cnych. O nowym terminie powiadomimy natychmiast po jego wi\u0105\u017c\u0105cym ustaleniu.<\/strong><\/h3>\n<h4 style=\"text-align: center;\"><span id=\"warszawa-dnia-17-kwietnia-2024-r\"><\/span>Warszawa, dnia 17 kwietnia 2024 r.<\/h4>\n<p>&nbsp;<\/p>\n<p class=\"intro\">(Za\u0142o\u017cenia nowelizacji ustawy o komornikach s\u0105dowych oraz ustawy o kosztach komorniczych)<\/p>\n<h3><strong>Komornicy s\u0105dowi w demokratycznym pa\u0144stwie prawa<\/strong><\/h3>\n<p>9.30-10.00 \u2013\u00a0<strong>Otwarcie konferencji. Przem\u00f3wienia powitalne<\/strong><\/p>\n<h3><strong>Cz\u0119\u015b\u0107 I<\/strong><\/h3>\n<p>Moderator: prof. dr hab. Andrzej Marciniak (Uniwersytet \u0141\u00f3dzki)<\/p>\n<p>10.00-10.30 \u2013\u00a0<strong>O potrzebie redefinicji statusu prawnego komornika s\u0105dowego.<\/strong><br \/>\nprof. dr hab. Mariusz Jab\u0142o\u0144ski, Uniwersytet Wroc\u0142awski<\/p>\n<p>10.30- 11.00 \u2013\u00a0<strong>Powo\u0142ywanie i odwo\u0142ywanie komornik\u00f3w s\u0105dowych.<\/strong><br \/>\ndr Grzegorz Julke, Uniwersytet Gda\u0144ski<\/p>\n<p>11.00-11.30 \u2013 Dyskusja<br \/>\n11.30-12.00 \u2013 Przerwa kawowa<\/p>\n<h3><strong>Cz\u0119\u015b\u0107 II<\/strong><\/h3>\n<p>Moderator: dr hab. Andrzej Grzegorz Harla (Uniwersytet Warszawski)<\/p>\n<p>12.00-12.30 \u2013\u00a0<strong>Quasi \u2013 pracowniczy charakter s\u0142u\u017cby komorniczej. Konieczno\u015b\u0107 i kierunki zmian.<\/strong><br \/>\ndr Eliza Mazurczak, Uniwersytet Wroc\u0142awski<br \/>\nkoreferat: Monika Janus, przewodnicz\u0105ca Rady Izby Komorniczej we Wroc\u0142awiu<\/p>\n<p>12.30-13.00 \u2013\u00a0<strong>W\u0142a\u015bciwo\u015b\u0107 funkcyjna komornika s\u0105dowego w zakresie czynno\u015bci pozaegzekucyjnych.<\/strong><br \/>\nprof. USz dr hab.Kinga Flaga-Gieruszy\u0144ska, Uniwersytet Szczeci\u0144ski<\/p>\n<p>13.00-13.30 \u2013\u00a0<strong>Nadz\u00f3r administracyjny nad komornikiem s\u0105dowym. Potrzeba i kierunki zmian.<\/strong><br \/>\nprof. dr hab. Andrzej Marciniak, Uniwersytet \u0141\u00f3dzki<br \/>\nkoreferat: Henryka Bednorz-Gody\u0144, przewodnicz\u0105ca Rady Izby Komorniczej w Krakowie<\/p>\n<p>13.30-14.00 \u2013 Dyskusja<br \/>\n14.00-15.00 \u2013 Przerwa obiadowa<\/p>\n<p>&nbsp;<\/p>\n<h3><strong>Cz\u0119\u015b\u0107 III<\/strong><\/h3>\n<p>Moderator: prof. dr hab. Mariusz Jab\u0142o\u0144ski (Uniwersytet Wroc\u0142awski)<\/p>\n<p>15.00-15.30 \u2013\u00a0<strong>Sk\u0142ad podmiotowy i struktura organizacyjna samorz\u0105du komorniczego.<\/strong><br \/>\nprof. UMK dr hab. Piotr R\u0105czka, Uniwersytet Miko\u0142aja Kopernika w Toruniu<\/p>\n<p>15.30-16.00 \u2013\u00a0<strong>Zasady finansowania zada\u0144 samorz\u0105du komorniczego<\/strong><br \/>\nprof. dr hab. Marek Kalinowski, Uniwersytet Miko\u0142aja Kopernika w Toruniu<\/p>\n<p>16.00-16.30 \u2013\u00a0<strong>Koszty komornicze a dochodowo\u015b\u0107 dzia\u0142alno\u015bci zawodowej komornik\u00f3w s\u0105dowych. O potrzebie zmian w ustawie o kosztach komorniczych<\/strong><br \/>\nprof. U\u0141 dr hab. J\u00f3zef Jagie\u0142a, Uniwersytet \u0141\u00f3dzki<\/p>\n<p>16.30-17.00 \u2013 Dyskusja<br \/>\n17.00-17.30 \u2013 Podsumowanie i zamkni\u0119cie Konferencji<\/p>\n<p>&nbsp;<\/p>\n<hr \/>\n<h2><a href=\"https:\/\/dev.komornik.pl\/wp-content\/uploads\/2015\/07\/paragraf.png\" data-featherlight=\"image\" target=\"_blank\" rel=\"noopener\"><img loading=\"lazy\" decoding=\"async\" class=\"wp-image-3793 size-medium aligncenter\" src=\"https:\/\/dev.komornik.pl\/wp-content\/uploads\/2015\/07\/paragraf-300x132.png\" alt=\"paragraf\" width=\"300\" height=\"132\" \/><\/a><\/h2>\n<h2 id=\"2023\" style=\"text-align: center;\"><strong>Plan pracy\u00a0na rok 2023<\/strong><\/h2>\n<p>&nbsp;<\/p>\n<p>\u2014\u2014\u2014\u2014\u2014\u2014\u2014\u2014<\/p>\n<h3 class=\"intro\" style=\"text-align: center;\"><span id=\"ogolnopolska-konferencja-naukowa\"><\/span>Og\u00f3lnopolska Konferencja Naukowa<\/h3>\n<h3 style=\"text-align: center;\"><strong>Nowelizacje prawa egzekucyjnego wobec oczekiwa\u0144 praktyki<\/strong><\/h3>\n<p>&nbsp;<\/p>\n<p><strong>Program Konferencji<\/strong><\/p>\n<p>9.15-9.30\u00a0&#8211; Otwarcie Konferencji<\/p>\n<p>prof. dr hab. Leszek Leszczy\u0144ski\u00a0&#8211; Dyrektor Instytutu Nauk Prawnych Uniwersytetu Marii Curie-Sk\u0142odowskiej w Lublinie<\/p>\n<p>prof. dr hab. Andrzej Jakubecki \u2013 Kierownik Katedry Post\u0119powania Cywilnego i Mi\u0119dzynarodowego Prawa Handlowego Uniwersytetu Marii Curie-Sk\u0142odowskiej w Lublinie<\/p>\n<p>Katarzyna Sieka\u0144ska- Ptaszy\u0144ska\u00a0\u2013 Przewodnicz\u0105ca Rady Izby Komorniczej w Lublinie<\/p>\n<p>&nbsp;<\/p>\n<h3><strong>Cz\u0119\u015b\u0107 I<\/strong><\/h3>\n<p>9.30-11.30 &#8211; <strong>Moderator: prof. dr hab. Andrzej Marciniak (Uniwersytet \u0141\u00f3dzki)<\/strong><\/p>\n<p>prof. dr hab. Andrzej Jakubecki (Uniwersytet Marii Curie-Sk\u0142odowskiej w Lublinie)<br \/>\n<strong>Egzekucja s\u0105dowa czynno\u015bci niezast\u0119powanej A.D.2023 <\/strong><\/p>\n<p>Dr Olimpia Marcewicz-Kochnio (Uniwersytet Marii Curie-Sk\u0142odowskiej w Lublinie)<br \/>\n<strong>Odmowa wszcz\u0119cia egzekucji s\u0105dowej <\/strong><\/p>\n<p>Prof. UW dr hab. Marcin Dziurda (Uniwersytet Warszawski)<br \/>\n<strong>Braki w sk\u0142adzie organ\u00f3w jednostki organizacyjnej b\u0119d\u0105cej d\u0142u\u017cnikiem <\/strong><\/p>\n<p>11.00-11.30 &#8211; Dyskusja<br \/>\n11.30\u201312.00 &#8211; Przerwa na kaw\u0119<\/p>\n<p>&nbsp;<\/p>\n<h3><strong>Cz\u0119\u015b\u0107 II<\/strong><\/h3>\n<p>12.00\u201313.00 &#8211; <strong>Moderator: prof.UMCS dr hab.Joanna Bodio (Uniwersytet Marii Curie-Sk\u0142odowskiej\u00a0w Lublinie) <\/strong><\/p>\n<p>prof. UMK dr hab. Agnieszka Laskowska-Hulisz(Uniwersytet im. Miko\u0142aja Kopernika w Toruniu)<br \/>\n<strong>Za\u017calenie w post\u0119powaniu egzekucyjnym <\/strong><\/p>\n<p>prof. U\u0141\u00a0 dr hab. J\u00f3zef Jagie\u0142a (Uniwersytet \u0141\u00f3dzki)<br \/>\n<strong>Zbieg egzekucji i zabezpieczenia roszcze\u0144 <\/strong><\/p>\n<p>13.00-13.30 &#8211; Dyskusja<br \/>\n13.30-14.30 &#8211; Przerwa obiadowa<\/p>\n<p>&nbsp;<\/p>\n<h3><strong>Cz\u0119\u015b\u0107 III<\/strong><\/h3>\n<p>14.30\u201316.00 &#8211; <strong>Moderator: prof. dr hab. Andrzej Jakubecki (Uniwersytet Marii Curie-Sk\u0142odowskiej w Lublinie)<\/strong><\/p>\n<p>dr\u00a0Arkadiusz Sadza (Uniwersytet Marii Curie-Sk\u0142odowskiej w Lublinie)<br \/>\n<strong>Nadz\u00f3r judykacyjny s\u0105du nad elektroniczn\u0105 licytacj\u0105 z nieruchomo\u015bci<\/strong><\/p>\n<p>dr Joanna Derlatka (Uniwersytet Jana Kochanowskiego w Kielcach)<br \/>\n<strong>Zmiany w post\u0119powaniu o podzia\u0142 sumy uzyskanej z egzekucji <\/strong><\/p>\n<p>prof. URz dr hab. Anna Ko\u015bci\u00f3\u0142ek (Uniwersytet Rzeszowski)<br \/>\n<strong>Zabezpieczenie niewymagalnych \u015bwiadcze\u0144\u00a0 alimentacyjnych w planie podzia\u0142u sumy uzyskanej z egzekucji<\/strong><\/p>\n<p>16.00\u201316.30 &#8211; Dyskusja<br \/>\n16.30-17.00 &#8211; Podsumowanie i zamkni\u0119cie konferencji<\/p>\n<p>&#8212;&#8212;&#8212;&#8212;&#8212;&#8212;&#8212;&#8212;<\/p>\n<p class=\"intro\"><strong>Og\u00f3lnopolska Konferencja Naukowa<\/strong><\/p>\n<h3><strong>EFEKTYWNO\u015a\u0106 EGZEKUCJI S\u0104DOWEJ Z NIERUCHOMO\u015aCI.<br \/>\nCZYNNIKI I BARIERY.<\/strong><\/h3>\n<p style=\"text-align: center;\">Kalisz, 26 pa\u017adziernika 2023 r.<\/p>\n<p>&nbsp;<\/p>\n<h3><strong>Program Konferencji<\/strong><\/h3>\n<p>9.45-10.00 &#8211; <strong>Rozpocz\u0119cie Konferencji<\/strong><\/p>\n<p>Prof.\u00a0UK dr\u00a0hab. n. med. Andrzej Wojty\u0142a &#8211; Rektor Uniwersytetu Kaliskiego,<br \/>\nProf. UK dr\u00a0Beata Wenerska &#8211; Dziekan Wydzia\u0142u Nauk Spo\u0142ecznych Uniwersytetu Kaliskiego,<br \/>\nAdam Derda &#8211; \u00a0Przewodnicz\u0105cy Rady Izby Komorniczej w \u0141odzi<\/p>\n<p>10.00-11.30 &#8211; <strong>Moderator: \u00a0prof. dr hab. Andrzej Marciniak (Uniwersytet \u0141\u00f3dzki)<\/strong><\/p>\n<p>dr hab. Maria Trojanek (Uniwersytet Kaliski)<br \/>\n<strong>Podstawy i zasady\u00a0 oszacowania nieruchomo\u015bci dla potrzeb egzekucyjnych<\/strong><\/p>\n<p>Dr Joanna Derlatka (Uniwersytet Jana Kochanowskiego w Kielcach)<br \/>\n<strong>Zakres zaj\u0119cia nieruchomo\u015bci w egzekucji s\u0105dowej<\/strong><\/p>\n<p>UAM dr hab. Andrzej Jarocha (Uniwersytet Adama Mickiewicza w Poznaniu)<br \/>\n<strong>Egzekucja s\u0105dowa z kilku nieruchomo\u015bci d\u0142u\u017cnika stanowi\u0105cych ca\u0142o\u015b\u0107 gospodarcz\u0105<\/strong><\/p>\n<p>11.30-12.00 &#8211; Przerwa kawowa<\/p>\n<p>12.00- 13.30 &#8211; <strong>Moderator: \u00a0prof.UK dr J\u00f3zef Kola\u0144ski<\/strong><\/p>\n<p>Dr Andrzej Jan Szereda , notariusz (Uniwersytet \u0141\u00f3dzki)<br \/>\n<strong>Egzekucja z ekspektatywy sp\u00f3\u0142dzielczego w\u0142asno\u015bciowego prawa do lokalu<\/strong><\/p>\n<p>U\u0141 dr hab. J\u00f3zef Jagie\u0142a (Uniwersytet \u0141\u00f3dzki)<br \/>\n<strong>Po\u0142\u0105czenie post\u0119powa\u0144 egzekucyjnych tocz\u0105cych si\u0119 co kilku nieruchomo\u015bci tego samego d\u0142u\u017cnika.<\/strong><\/p>\n<p>UW dr hab. Tadeusz Zembrzuski (Uniwersytet Warszawski)<br \/>\n<strong>Przy\u0142\u0105czenie si\u0119 wierzyciela do egzekucji s\u0105dowej z nieruchomo\u015bci<\/strong><\/p>\n<p>13.30-14.30 &#8211; Przerwa obiadowa<\/p>\n<p>14.30-15.30 &#8211; <strong>Moderator: prof. UAM dr hab. Andrzej Jarocha (Uniwersytet Adama Mickiewicza w Poznaniu)<\/strong><\/p>\n<p>Dr Marta Anna Nowocie\u0144 (notariusz)<br \/>\n<strong>Notarialne zbycie nieruchomo\u015bci w toku egzekucji s\u0105dowej<\/strong><\/p>\n<p>KAAFM dr hab. Jakub Biernat, notariusz (Krakowska Akademia Andrzeja Frycza Modrzewskiego)<br \/>\n<strong>Egzekucyjne nabycie nieruchomo\u015bci a r\u0119kojmia wiary publicznej ksi\u0105g wieczystych<\/strong><\/p>\n<p>15.30-16.00 &#8211; Dyskusja. Podsumowanie. Zamkniecie konferencji<\/p>\n<p>&#8212;&#8212;&#8212;&#8212;&#8212;&#8212;&#8212;&#8212;<\/p>\n<p style=\"text-align: center;\"><strong>II FORUM ASESOR\u00d3W KOMORNICZYCH<\/strong><\/p>\n<p style=\"text-align: center;\">KARPACZ \u2013 Hotel Go\u0142\u0119biewski<\/p>\n<h3><strong>Dzie\u0144 pierwszy &#8211; 11.09.2023 r. (poniedzia\u0142ek)<\/strong><\/h3>\n<p>9.30-9.40 &#8211; <strong>Otwarcie forum<\/strong><br \/>\nMonika Janus (Przewodnicz\u0105ca Rady Izby Komorniczej we Wroc\u0142awiu)<\/p>\n<p>9.40\u201310.20 \u2013\u00a0<strong>Wyst\u0105pienia zaproszonych go\u015bci<\/strong><br \/>\nS\u0142awomir Szynalik (Prezes Krajowej Rady Komorniczej w Warszawie)<br \/>\nDr Rafa\u0142 Reiwer (Ministerstwo Sprawiedliwo\u015bci Departament Prawa\u00a0 Gospodarczego)<\/p>\n<p>10.20\u201311.20 \u2013 <strong>Seminarium naukowe &#8211; panel I<\/strong><br \/>\nModerator prof. dr hab. Andrzej Marciniak (Uniwersytet \u0141\u00f3dzki)<\/p>\n<p><strong>Wyst\u0105pienia wprowadzaj\u0105ce<\/strong><br \/>\nprof. dr hab. Mariusz Jab\u0142o\u0144ski (Uniwersytet Wroc\u0142awski) &#8211; Status prawny asesora komorniczego<br \/>\ndr Eliza Mazurczak (Uniwersytet Wroc\u0142awski) &#8211; Stosunek pracy asesora komorniczego<\/p>\n<p>11.20\u201311.50 \u2013 <strong>Panel dyskusyjny<\/strong><br \/>\nKamil Kaczy\u0144ski (Asesor Komorniczy) &#8211; Ponowne powo\u0142anie na stanowisko asesora komorniczego<br \/>\nPiotr Szczekocki (Asesor Komorniczy) &#8211; Czynno\u015bci asesora komorniczego a granice jego dyskrecjonalno\u015bci w s\u0105dowym post\u0119powaniu egzekucyjnym\u201d<\/p>\n<p>Tematy poruszane podczas panelu: wyga\u015bniecie powo\u0142ania lub odwo\u0142anie asesora komorniczego, stosunek pracy asesora komorniczego, efektowny czas trwania asesury, przymus\u00a0otwarcia kancelarii, stosunek pracy asesora komorniczego.<\/p>\n<p>11.50-12.10 &#8211; Przerwa<\/p>\n<p>12.10\u201313.10 \u2013 <strong>Seminarium naukowe &#8211; panel II<\/strong><\/p>\n<p>Moderator prof. dr hab. Andrzej Marciniak (Uniwersytet \u0141\u00f3dzki)<\/p>\n<p><strong>Wyst\u0105pienia wprowadzaj\u0105ce<\/strong><br \/>\nprof. UMK dr hab Piotr R\u0105czka (Uniwersytet Miko\u0142aja Kopernika w Toruniu) &#8211; Powo\u0142anie asesora komorniczego na stanowisko komornika s\u0105dowego<br \/>\nMonika Janus (Przewodnicz\u0105ca Rady Izby Komorniczej we Wroc\u0142awiu) &#8211; Rola samorz\u0105du w procesie powo\u0142ywania na stanowisko komornika s\u0105dowego<\/p>\n<p>13.10\u201313.40 \u2013 <strong>Panel dyskusyjny<\/strong><\/p>\n<p>13.45-15.00 \u2013\u00a0Przerwa<\/p>\n<p>15.00\u201316.30 \u2013 <strong>Warsztaty szkoleniowe<\/strong><\/p>\n<p><strong>Wyst\u0105pienie wprowadzaj\u0105ce<\/strong><br \/>\nMonika Janus (Przewodnicz\u0105ca Rady Izby Komorniczej we Wroc\u0142awiu) &#8211; Organizacja i prowadzenie indywidualnej kancelarii komorniczej.<\/p>\n<p><strong>Panel dyskusyjny<\/strong><br \/>\nRafa\u0142 Kowalczyk (Komornik S\u0105dowy)<br \/>\nMicha\u0142 Kinastowski (Komornik S\u0105dowy)<\/p>\n<p>Tematy poruszane podczas panelu: praktyczne aspekty utworzenia kancelarii komorniczej, obs\u0142uga program\u00f3w i system\u00f3w teleinformatycznych, dyskusja.<\/p>\n<p>&nbsp;<\/p>\n<h3><strong>Dzie\u0144 drugi &#8211; 12.09.2023 r. (wtorek)<\/strong><\/h3>\n<p>9.00-13.00 &#8211; <strong>Warsztaty szkoleniowe &#8211; cze\u015b\u0107 I (sala konferencyjna)<\/strong><\/p>\n<p><strong>Grupa I &#8211; Psychologiczne aspekty zapobiegania agresji<\/strong><br \/>\nKrzysztof Balcer &#8211; podinspektor Policji, negocjator policyjny,<br \/>\nPrzemys\u0142aw Staniszewski &#8211; suicydolog, ekspert Biura ds. Zapobiegania zachowaniom samob\u00f3jczym, Instytut Psychiatrii i Neurologii Uniwersytetu Medycznego w Warszawie.<\/p>\n<p><strong>Grupa II &#8211; Ksi\u0119gowo\u015b\u0107 kancelarii komorniczej &#8211; zasady i obs\u0142uga program\u00f3w<\/strong><br \/>\nJan Her\u00f3d &#8211; Komornik<\/p>\n<p>13.00-14.00 \u2013 przerwa<\/p>\n<p>14.00-18.00 &#8211; <strong>Warsztaty szkoleniowe &#8211; cze\u015b\u0107 II (sala konferencyjna)<\/strong><\/p>\n<p><strong>Grupa II &#8211; Psychologiczne aspekty zapobiegania agresji<\/strong><br \/>\nKrzysztof Balcer &#8211; podinspektor Policji, negocjator policyjny,<br \/>\nPrzemys\u0142aw Staniszewski &#8211; suicydolog, ekspert Biura ds. Zapobiegania zachowaniom samob\u00f3jczym, Instytut Psychiatrii i Neurologii Uniwersytetu Medycznego w Warszawie.<\/p>\n<p><strong>Grupa I &#8211; Ksi\u0119gowo\u015b\u0107 kancelarii komorniczej &#8211; zasady i obs\u0142uga program\u00f3w<\/strong><br \/>\nJan Her\u00f3d &#8211; Komornik<\/p>\n<p>18.00 &#8211; Podsumowanie i zamkni\u0119cie Forum<\/p>\n<hr \/>\n<h2><a href=\"https:\/\/dev.komornik.pl\/wp-content\/uploads\/2015\/07\/paragraf.png\" data-featherlight=\"image\" target=\"_blank\" rel=\"noopener\"><img loading=\"lazy\" decoding=\"async\" class=\"wp-image-3793 size-medium aligncenter\" src=\"https:\/\/dev.komornik.pl\/wp-content\/uploads\/2015\/07\/paragraf-300x132.png\" alt=\"paragraf\" width=\"300\" height=\"132\" \/><\/a><\/h2>\n<h2 id=\"2022\" style=\"text-align: center;\"><strong>Plan pracy\u00a0na rok 2022<\/strong><\/h2>\n<p>&nbsp;<\/p>\n<p style=\"text-align: center;\">O\u015brodka Naukowo Szkoleniowego przy Krajowej Radzie Komorniczej w Warszawie<\/p>\n<p>&nbsp;<\/p>\n<p>O\u015brodek Naukowo-Szkoleniowy przy Krajowej Radzie komorniczej informuje, \u017ce ze wzgl\u0119du na czas \u017ca\u0142oby zwi\u0105zany z tragiczn\u0105 \u015bmierci\u0105 Ewy Kocha\u0144skiej, Komornika S\u0105dowego przy S\u0105dzie Rejonowym w \u0141ukowie, planowana w Krakowie \u00a0na dzie\u0144 25 listopada 2022 r. \u00a0Og\u00f3lnopolska Konferencja Naukowa pt.\u201dEgzekucyjne zaspokojenie wierzyciela hipotecznego\u201d nie odb\u0119dzie si\u0119 w tym terminie.<\/p>\n<p>Po uzgodnieniach z Przewodnicz\u0105c\u0105 Rady Izby Komorniczej\u00a0 w Krakowie oraz Dziekanem Wydzia\u0142u Prawa i Administracji Uniwersytetu Jagiello\u0144skiego nowy termin Konferencji zosta\u0142 ustalony na dzie\u0144 <strong>20 stycznia 2023 r.<\/strong> W tym dniu Konferencja \u00a0odb\u0119dzie si\u0119\u00a0 zgodnie z ustalonym i opublikowanym ju\u017c wcze\u015bniej programem.<\/p>\n<p>&nbsp;<\/p>\n<p class=\"intro\">PROGRAM OG\u00d3LNOPOLSKIEJ KONFERENCJI NAUKOWEJ<\/p>\n<h3><strong>EGZEKUCYJNE ZASPOKOJENIE WIERZYCIELA HIPOTECZNEGO<\/strong><\/h3>\n<p style=\"text-align: center;\">Krak\u00f3w, dnia 25 listopada 2022 r.<\/p>\n<p>9.15-9.30 \u2013 <strong>Otwarcie Konferencji<\/strong><br \/>\nprof. dr hab. Jerzy Pisuli\u0144ski \u2013 Dziekan Wydzia\u0142u Prawa i Administracji\u00a0Uniwersytetu\u00a0Jagiello\u0144skiego<br \/>\nprof. dr hab. Andrzej Marciniak &#8211; Przewodnicz\u0105cy Rady Naukowej O\u015brodka\u00a0Naukowo-Szkoleniowego przy Krajowej\u00a0Radzie Komorniczej\u00a0w Warszawie<br \/>\nHenryka Bednorz-Gody\u0144 \u2013 Przewodnicz\u0105ca Rady Izby Komorniczej\u00a0w Krakowie<\/p>\n<h3><strong>Cz\u0119\u015b\u0107 I. Teoria<\/strong><\/h3>\n<p><strong>Moderator:<\/strong> prof. dr hab. Andrzej Marciniak\u00a0 (Uniwersytet \u0141\u00f3dzki)<\/p>\n<p>9.30-10.00 &#8211; <strong>Zaspokojenie wierzyciela paulia\u0144skiego a zabezpieczenie hipoteczne<\/strong><br \/>\nprof. dr hab. Jerzy Pisuli\u0144ski (Uniwersytet Jagiello\u0144ski)<\/p>\n<p>10.00-10.15 &#8211; <strong>Rozporz\u0105dzenie opr\u00f3\u017cnionym miejscem hipotecznym<\/strong><br \/>\ndr hab. Bart\u0142omiej Swaczyna (Uniwersytet Jagiello\u0144ski)<\/p>\n<p>10.15-10.30 &#8211; <strong>Zmiany w zakresie zabezpieczenia hipotecznego a egzekucja s\u0105dowa<\/strong><br \/>\ndr \u0141ukasz Przyborowski, radca prawny<\/p>\n<p>10.30-10.45 &#8211; <strong>Zaj\u0119cie nieruchomo\u015bci\u00a0 obci\u0105\u017conej hipotek\u0105 i jego skutki\u00a0 <\/strong><br \/>\nprof. UW dr hab. Tadeusz Zembrzuski (Uniwersytet Warszawski)<\/p>\n<p>10.45-11.00\u00a0&#8211; Dyskusja<br \/>\n11.00-11.30 &#8211; Przerwa kawowa<\/p>\n<p><strong>Moderator:\u00a0 <\/strong>prof. dr hab. Jerzy Pisuli\u0144ski (Uniwersytet Jagiello\u0144ski)<\/p>\n<p>11.30-11.45 &#8211; <strong>Prawo wierzyciela hipotecznego do przej\u0119cia licytowanej\u00a0 nieruchomo\u015bci na w\u0142asno\u015b\u0107<\/strong><br \/>\ndr hab. Rados\u0142aw\u00a0 Flejszar(Uniwersytet Jagiello\u0144ski)<\/p>\n<p>11.45-12.00 &#8211; <strong>Wyga\u015bniecie lub przekszta\u0142cenie praw i roszcze\u0144 osobistych\u00a0 ci\u0105\u017c\u0105cych na nieruchomo\u015bci na skutek przys\u0105dzenia w\u0142asno\u015bci.<\/strong><br \/>\nProf. U\u0141 dr hab. Robert Kulski (Uniwersytet \u0141\u00f3dzki)<\/p>\n<p>12.00-12.15 &#8211; <strong>Prawa i roszczenia osobiste ci\u0105\u017c\u0105ce na nieruchomo\u015bci pozostaj\u0105ce w mocy pomimo przys\u0105dzenia w\u0142asno\u015bci <\/strong><br \/>\nSSR prof. UWM dr hab. Maciej Rzewuski(Uniwersytet Warmi\u0144sko-Mazurski)<\/p>\n<p>12.15-12.30 &#8211; <strong>Skutki przys\u0105dzenia w\u0142asno\u015bci\u00a0 u\u0142amkowej cz\u0119\u015bci nieruchomo\u015bci\u00a0oraz u\u017cytkowania wieczystego obci\u0105\u017canych hipotek\u0105<\/strong><br \/>\nSSN Agnieszka Piotrowska<\/p>\n<p>12.30-12.45 &#8211; <strong>Wp\u0142yw przys\u0105dzenia w\u0142asno\u015bci na stosunek najmu i dzier\u017cawy nieruchomo\u015bci<\/strong><br \/>\nSSA prof. U\u0141 dr hab. Monika Michalska-Marciniak(Uniwersytet \u0141\u00f3dzki)<\/p>\n<p>12.45-13.00 &#8211; Dyskusja<br \/>\n13.00-14.00 &#8211; Przerwa obiadowa<\/p>\n<p><strong>Moderator<\/strong>: dr hab. Bart\u0142omiej Swaczyna (Uniwersytet Jagiello\u0144ski)<\/p>\n<p>14.00-14.15 &#8211; <strong>Zbieg nale\u017cno\u015bci hipotecznych\u00a0 z\u00a0innymi prawami i roszczeniami w podziale sumy uzyskanej przez egzekucj\u0119 z nieruchomo\u015bci<\/strong><br \/>\nprof. U\u0141 dr hab. Ireneusz Kunicki (Uniwersytet \u0141\u00f3dzki)<\/p>\n<p>14.15-14.30 &#8211; <strong>\u00a0Szczeg\u00f3lne zasady podzia\u0142u sumy uzyskanej przez egzekucj\u0119 z nieruchomo\u015bci\u00a0 w razie niewyczerpania hipoteki oraz zabezpieczenia hipotecznego kilku wierzytelno\u015bci \u00a0\u00a0<\/strong><br \/>\ndr Przemys\u0142aw Telenga\u00a0(Uniwersytet Marii Curie-Sk\u0142odowskiej w Lublinie)<\/p>\n<p>14.45-15.00 &#8211; <strong>Zasady podzia\u0142u sumy uzyskanej przez egzekucj\u0119 z nieruchomo\u015bci obci\u0105\u017conej hipotek\u0105 \u0142\u0105czn\u0105<\/strong><br \/>\nDr hab. Andrzej Ola\u015b (Uniwersytet Jagiello\u0144ski)<\/p>\n<p>15.00-15.15 &#8211; <strong>Wykre\u015blenie w ksi\u0119dze wieczystej \u00a0praw wygas\u0142ych wskutek przys\u0105dzenia w\u0142asno\u015bci nieruchomo\u015bci w egzekucji s\u0105dowej<\/strong><br \/>\nSSO prof. U\u015a dr hab. Krystian Markiewicz(Uniwersytet \u015al\u0105ski)<\/p>\n<p>15.15-15.30 &#8211; Dyskusja<\/p>\n<h3><strong>Cz\u0119\u015b\u0107 II. Praktyka<\/strong><\/h3>\n<p><strong>Moderator: <\/strong>Henryka Bednorz-Gody\u0144(Przewodnicz\u0105ca Rady Izby Komorniczej w Krakowie)<\/p>\n<p>15.30-15.45 &#8211; <strong>Uczestnicy post\u0119powania o podzia\u0142 sumy uzyskanej przez egzekucj\u0119 z nieruchomo\u015bci<\/strong><br \/>\nSSR Maciej Klonowski<\/p>\n<p>15.45-16.00 &#8211; <strong>\u00a0Kolejno\u015b\u0107 zaspokojenia nale\u017cno\u015bci zabezpieczonych hipotek\u0105 <\/strong><br \/>\nSSR Mateusz Pietrzyk<\/p>\n<p>16.00-16.15 &#8211; <strong>W kierunku efektywniejszej egzekucji s\u0105dowej z nieruchomo\u015bci.\u00a0Wnioski z analizy danych cz\u0142onk\u00f3w Zwi\u0105zku Przedsi\u0119biorstw Finansowych<\/strong><br \/>\nMarcin Czugan, Prezes Zwi\u0105zku Przedsi\u0119biorstw Finansowych w Polsce<\/p>\n<p>16.15-16.30 &#8211; <strong>Z do\u015bwiadcze\u0144 praktyki<\/strong><br \/>\nJacek Straszkiewicz, menager ds. zarz\u0105dzania nieruchomo\u015bciami BEST S.A.<\/p>\n<p>16.30\u201316.45 &#8211; <strong>Z do\u015bwiadcze\u0144 praktyki<\/strong><br \/>\nAgnieszka Stachurska-Kobia\u0142ka, radca prawny, Obszar wierzytelno\u015bci korporacyjnych KRUK S.A.<\/p>\n<p>16.45-17.30 &#8211; Dyskusja. Podsumowanie. Zamkni\u0119cie Konferencji<\/p>\n<p>\u2014\u2014\u2014\u2014\u2014\u2014\u2014\u2014<\/p>\n<p style=\"text-align: center;\"><strong>Wydzia\u0142 Prawa i Administracji Uniwersytetu \u0141\u00f3dzkiego<br \/>\nWydawnictwo C.H. Beck <\/strong><br \/>\nO\u015brodek Naukowo \u2013 Szkoleniowy przy Krajowej Radzie Komorniczej<\/p>\n<p class=\"intro\"><strong>IV FORUM PRAWA PROCESOWEGO CYWILNEGO<\/strong><\/p>\n<h3><strong>AKTUALNE PROBLEMY PRAKTYKI S\u0104DOWEJ W POST\u0118POWANIU CYWILNYM<\/strong><\/h3>\n<p style=\"text-align: center;\"><strong>\u0141\u00f3d\u017a, 18.11.2022<\/strong><\/p>\n<p style=\"text-align: center;\"><strong>Wydzia\u0142 Prawa i Administracji<br \/>\nUniwersytet \u0141\u00f3dzki<br \/>\n(konferencja w trybie hybrydowym)<\/strong><\/p>\n<h3><strong>Program<\/strong><\/h3>\n<p>9.15\u20139.30 &#8211; <strong>Otwarcie Forum <\/strong><br \/>\nProf. U\u0141 dr hab. Monika Bogucka- Felczak \u2013 Dziekan Wydzia\u0142u Prawa i Administracji Uniwersytetu \u0141\u00f3dzkiego<br \/>\nWojciech Bierwiczonek \u2013 Dyrektor Wydawnictwa C.H. Beck<br \/>\nMarcin Borek \u2013 Dyrektor O\u015brodka Naukowo &#8211; Szkoleniowego przy Krajowej Radzie Komorniczej<br \/>\nProf. dr hab. Andrzej Marciniak \u2013 Kierownik Katedry Post\u0119powania Cywilnego II Uniwersytetu \u0141\u00f3dzkiego<\/p>\n<p>9.30\u201311.20 &#8211; <strong>Sesja I\u00a0 Czynno\u015bci procesowe<\/strong><br \/>\n<strong>Moderator: <\/strong>prof. U\u0141 dr hab. J\u00f3zef Jagie\u0142a<\/p>\n<p>UAM dr hab. Andrzej Jarocha, radca prawny (Uniwersytet im. Adama Mickiewicza w Poznaniu)<br \/>\n<strong>Dor\u0119czenia pism procesowych mi\u0119dzy zawodowymi pe\u0142nomocnikami<\/strong><\/p>\n<p>SSR dr hab. Marcin Uliasz<br \/>\n<strong>Dor\u0119czenia pism procesowych przez komornik\u00f3w s\u0105dowych<\/strong><\/p>\n<p>dr hab. Marcin Dziurda (Uniwersytet Warszawski, Biuro Studi\u00f3w i Analiz S\u0105du Najwy\u017cszego)<br \/>\n<strong>Zwrot pisma procesowego wniesionego przez zawodowego pe\u0142nomocnika<\/strong><\/p>\n<p>11.00\u201311.20 &#8211; Dyskusja<br \/>\n11.20-11.50 &#8211; Przerwa na kaw\u0119<\/p>\n<p>11.50\u201313.40 &#8211; <strong>Sesja II Przebieg post\u0119powania<\/strong><\/p>\n<p>dr Przemys\u0142aw Telenga, radca prawny (Uniwersytet Marii Curie-Sk\u0142odowskiej w Lublinie)<br \/>\n<strong>Zastrze\u017cenia do protoko\u0142u z posiedzenia jawnego<\/strong><\/p>\n<p>SSA prof. U\u0141 dr hab. Monika Michalska-Marciniak (Uniwersytet \u0141\u00f3dzki)<br \/>\n<strong>Uzasadnianie i dor\u0119czanie orzecze\u0144 s\u0105dowych w procesie cywilnym<\/strong><\/p>\n<p>UR dr hab. Anna Ko\u015bci\u00f3\u0142ek (Uniwersytet Rzeszowski)<br \/>\n<strong>Zawieszenie post\u0119powania cywilnego obligatoryjne z urz\u0119du<\/strong><\/p>\n<p>13.20\u201313.40 &#8211; Dyskusja<br \/>\n13.40\u201314.40 &#8211; Przerwa obiadowa<\/p>\n<p>14.40\u201316.30 &#8211; <strong>Sesja III Skarga paulia\u0144ska. Proces i egzekucja <\/strong><br \/>\n<strong>Moderator: <\/strong>prof. U\u0141 dr hab. Robert Kulski<\/p>\n<p>dr hab. Andrzej Ola\u015b, adwokat (Uniwersytet Jagiello\u0144ski)<br \/>\n<strong>Pow\u00f3dztwo o uznanie czynno\u015bci prawnej za bezskuteczn\u0105<\/strong><\/p>\n<p>dr hab. Andrzej Marciniak (Uniwersytet \u0141\u00f3dzki)<br \/>\n<strong>Charakter prawny i skutki wyroku uwzgl\u0119dniaj\u0105cego skarg\u0119 paulia\u0144sk\u0105<\/strong><\/p>\n<p>SSR Andrzej Antkiewicz<br \/>\n<strong>Egzekucja s\u0105dowa z korzy\u015bci maj\u0105tkowej uzyskanej przez osob\u0119 trzeci\u0105<\/strong><\/p>\n<p>16.10\u201316.30 &#8211; Dyskusja<br \/>\n16.30 &#8211; Podsumowanie i zamkni\u0119cie Forum<\/p>\n<p>\u2014\u2014\u2014\u2014\u2014\u2014\u2014\u2014<\/p>\n<p class=\"intro\">Og\u00f3lnopolska Konferencja Naukowa<\/p>\n<h3><strong>EGZEKUCJA \u015aWIADCZE\u0143 ALIMENTACYJNYCH.<br \/>\nSTAN PRAWNY A RZECZYWSTO\u015a\u0106<\/strong><\/h3>\n<p style=\"text-align: center;\">Bia\u0142ystok, dnia 21 pa\u017adziernika\u00a0 2022 r.<\/p>\n<h3><strong>Program Konferencji<\/strong><\/h3>\n<p>9.15-9.30\u00a0&#8211; <strong>Otwarcie Konferencji <\/strong><br \/>\nprof. dr hab. Mariusz Pop\u0142awski \u2013 Dziekan Wydzia\u0142u Prawa Uniwersytetu w Bia\u0142ymstoku<br \/>\nMarcin Borek \u2013\u00a0Dyrektor O\u015brodka Naukowo-Szkoleniowego przy Krajowej\u00a0 Radzie Komorniczej w Warszawie<br \/>\nRoman Jakubiuk &#8211;\u00a0Przewodnicz\u0105cy Rady Izby Komorniczej w Bia\u0142ymstoku<\/p>\n<p>&nbsp;<\/p>\n<h3><strong>Cz\u0119\u015b\u0107 I<\/strong><\/h3>\n<p>9.30-11.20 &#8211; <strong>Moderator: <\/strong>prof. dr hab. Andrzej Marciniak (Uniwersytet \u0141\u00f3dzki)<\/p>\n<p>9.30-10.00 &#8211; <strong>Poj\u0119cie \u015bwiadcze\u0144 alimentacyjnych wed\u0142ug kodeksu post\u0119powania\u00a0cywilnego<\/strong><br \/>\nprof. dr hab. Adam Doliwa (Uniwersytet w Bia\u0142ymstoku)<\/p>\n<p>10.00-10.20 &#8211; <strong>Egzekucja \u015bwiadcze\u0144 alimentacyjnych w praktyce\u00a0 komornik\u00f3w s\u0105dowych.<\/strong><br \/>\nRoman Jakubiuk &#8211; (Komornik S\u0105dowy przy S\u0105dzie Rejonowym w Bielsku\u00a0Podlaskim)<\/p>\n<p>10.20-10.50 &#8211; <strong> Egzekucja \u015bwiadcze\u0144 alimentacyjnych na rzez dziecka umieszonego w pieczy zast\u0119pczej<\/strong><br \/>\nprof. UMCS \u00a0dr hab. Joanna Bodio (Uniwersytet Marii Curie-Sk\u0142odowskiej w Lublinie)<\/p>\n<p>10.50-11.20 &#8211; Dyskusja<br \/>\n11.20\u201311.50 &#8211; Przerwa na kaw\u0119<\/p>\n<p>&nbsp;<\/p>\n<h3><strong>Cz\u0119\u015b\u0107 II<\/strong><\/h3>\n<p>11.50\u201314.00 &#8211; <strong>Moderator: <\/strong>\u00a0prof. dr hab. Adam Doliwa (Uniwersytet w Bia\u0142ymstoku)<\/p>\n<p>11.50-12.20 &#8211; <strong>Wp\u0142yw zmiany orzeczenia lub ugody s\u0105dowej oraz stosunk\u00f3w dotycz\u0105cych\u00a0obowi\u0105zku alimentacyjnego na egzekucj\u0119 \u015bwiadcze\u0144 alimentacyjnych<\/strong><br \/>\nSSA dr Zbigniew Wo\u017aniak (Uniwersytet Zielonog\u00f3rski)<\/p>\n<p>12.20-12.50 &#8211; <strong> Zabezpieczenie\u00a0 a egzekucja\u00a0 \u015bwiadcze\u0144 alimentacyjnych.<\/strong><br \/>\nprof.\u00a0UJ \u00a0dr hab. Rados\u0142aw Flejszar (Uniwersytet Jagiello\u0144ski)<\/p>\n<p>12.50-13.20 &#8211; <strong>Zawieszenie i umorzenie post\u0119powania egzekucyjnego w sprawach o egzekucj\u0119 \u015bwiadcze\u0144 \u00a0alimentacyjnych.<\/strong><br \/>\nSSA prof. U\u0141 dr hab. Monika Michalska-Marciniak(Uniwersytet \u0141\u00f3dzki)<\/p>\n<p>13.20-14.00 &#8211; Dyskusja<br \/>\n14.00-15.00 &#8211; Przerwa obiadowa<\/p>\n<p>&nbsp;<\/p>\n<h3><strong>Cz\u0119\u015b\u0107 III<\/strong><\/h3>\n<p>15.00\u201317.00 &#8211; <strong>Moderator: <\/strong>prof. U\u0141 dr hab. Monika Michalska-Marciniak(Uniwersytet \u0141\u00f3dzki)<\/p>\n<p>15.00-15.30 &#8211; <strong>Nale\u017cno\u015bci alimentacyjne w planie podzia\u0142u sumy uzyskanej z egzekucji<\/strong><br \/>\nSSR Maciej Klonowski (Ministerstwo Sprawiedliwo\u015bci)<\/p>\n<p>15.30-15.50 &#8211; <strong>Koszty zabezpieczenia i egzekucji \u015bwiadcze\u0144 alimentacyjnych<\/strong><br \/>\nMarcin Borek, Komornik S\u0105dowy przy S\u0105dzie Rejonowym w S\u0142awnie<\/p>\n<p>15.50-16.20 &#8211; <strong>Egzekucja nale\u017cno\u015bci funduszu alimentacyjnego od d\u0142u\u017cnika alimentacyjnego<\/strong><br \/>\ndr Arkadiusz Bieli\u0144ski (Uniwersytet w Bia\u0142ymstoku)<\/p>\n<p>16.20\u201317.00 &#8211; Dyskusja. Podsumowanie i zamkni\u0119cie konferencji<\/p>\n<p>\u2014\u2014\u2014\u2014\u2014\u2014\u2014\u2014<\/p>\n<p class=\"intro\">OG\u00d3LNOPOLSKA KONFERNECJA NAUKOWA<\/p>\n<h3><strong>PRAWO SPADKOWE A EGZEKUCJA S\u0104DOWA.<br \/>\nINTEGRACYJNE PROBLEMY POST\u0118POWANIA I PRAWA CYWILNEGO<\/strong><\/h3>\n<p style=\"text-align: center;\">Bydgoszcz, 5 wrze\u015bnia 2022 r.<\/p>\n<h3><strong>Program Konferencji<\/strong><\/h3>\n<p>8.30-9.15 \u2013 Przyj\u0119cie go\u015bci- rejestracja uczestnik\u00f3w<\/p>\n<p>9.15\u20139.30 &#8211; <strong>Otwarcie Konferencji<\/strong><br \/>\nProf. UKW hab. Rados\u0142aw Krajewski\u00a0 \u2013 Dyrektor Instytutu Prawa i Ekonomii\u00a0Uniwersytetu\u00a0 Kazimierza Wielkiego w Bydgoszczy<br \/>\nMarcin Borek \u2013\u00a0\u00a0\u00a0 Dyrektor O\u015brodka Naukowo-Szkoleniowego przy Krajowej\u00a0Radzie Komorniczej w Warszawie<br \/>\nMa\u0142gorzata Wolny\u00a0\u00a0 \u2013 Przewodnicz\u0105ca Rady Izby Komorniczej w Gda\u0144sku<\/p>\n<p>&nbsp;<\/p>\n<h3><strong>Cz\u0119\u015b\u0107 I<\/strong><\/h3>\n<p><strong>Moderator:<\/strong>\u00a0prof. dr hab. Andrzej Marciniak (Uniwersytet \u0141\u00f3dzki)<\/p>\n<p>9.30-10.00\u00a0&#8211; <strong>Poj\u0119cie spadku i d\u0142ug\u00f3w spadkowych<\/strong><br \/>\nProf. dr hab. Adam Doliwa (Uniwersytet w Bia\u0142ymstoku)<\/p>\n<p>10.00-10.30\u00a0&#8211; <strong>Odpowiedzialno\u015b\u0107 spadkobiercy za d\u0142ugi spadkowe<\/strong><br \/>\nProf. UWM dr hab. Maciej Rzewuski (Uniwersytet Warmi\u0144sko-Mazurski)<\/p>\n<p>10.30-11.00 &#8211; <strong>Wyjawienie przedmiot\u00f3w spadkowych<\/strong><br \/>\nUKW dr hab. Marek Mr\u00f3wczy\u0144ski (Uniwersytet Kazimierza\u00a0Wielkiego w Bydgoszczy)<\/p>\n<p>11.00-11.30\u00a0&#8211; Przerwa kawowa<\/p>\n<p>&nbsp;<\/p>\n<h3><strong>Cz\u0119\u015b\u0107 II<\/strong><\/h3>\n<p><strong>Moderator:<\/strong> prof. dr hab. Adam Doliwa (Uniwersytet w Bia\u0142ymstoku)<\/p>\n<p>12.00 &#8211; <strong>Podstawa egzekucji\u00a0z\u00a0przedmiot\u00f3w nale\u017c\u0105cych do spadku<\/strong><br \/>\nU\u015a dr hab. Andrzej Torbus (Uniwersytet \u015al\u0105ski)<\/p>\n<p>Podmiotowe i przedmiotowe granice egzekucji s\u0105dowej po \u015bmierci\u00a0\u00a0wierzyciela lub d\u0142u\u017cnika<br \/>\nSporz\u0105dzenie spisu inwentarza<\/p>\n<p>12.30-13.00\u00a0&#8211; <strong>Sporz\u0105dzenie spisu inwentarza<\/strong><br \/>\nDr Grzegorz\u00a0Julke (Uniwersytet Gda\u0144ski)<\/p>\n<p>13.00-14.00 &#8211; Przerwa obiadowa<\/p>\n<p>&nbsp;<\/p>\n<h3><strong>Cz\u0119\u015b\u0107 III<\/strong><\/h3>\n<p><strong>Moderator:<\/strong>\u00a0 prof. UKW. dr\u00a0 hab. Marek Mr\u00f3wczy\u0144ski (<em>Uniwersytet Kazimierza Wielkiego\u00a0<\/em><em>w Bydgoszczy)<\/em><\/p>\n<p><strong>Wykonanie postanowienia o zabezpieczeniu spadku<\/strong><br \/>\nDr hab.\u00a0Monika Rejdakv(Uniwersytet Marii Curie-Sk\u0142odowskiej\u00a0w Lublinie)<\/p>\n<p>14.30-15.00\u00a0&#8211; <strong>Koszty sporz\u0105dzenia spisu inwentarza i wykonania postanowienia o zabezpieczeniu spadku<\/strong><br \/>\nDr Jaros\u0142aw \u015awieczkowski (Uniwersytet Gda\u0144ski)<\/p>\n<p>15.00-16.00\u00a0&#8211; Dyskusja. Podsumowanie i zamkni\u0119cie Konferencji<\/p>\n<p>\u2014\u2014\u2014\u2014\u2014\u2014\u2014\u2014<\/p>\n<h3><strong>Og\u00f3lnopolskie szkolenie komornik\u00f3w s\u0105dowych<\/strong><\/h3>\n<p style=\"text-align: center;\"><strong>Krak\u00f3w 25-26 maja 2022 r.<\/strong><\/p>\n<p style=\"text-align: center;\">Program<\/p>\n<p>&nbsp;<\/p>\n<p><strong>Dzie\u0144 I &#8211;\u00a025.05.2022 r.(\u015broda)<\/strong><\/p>\n<p>9.30-10.30 &#8211; <strong>Wydatki komornika s\u0105dowego i zasady ich finansowania<\/strong><br \/>\nProf. UR dr hab. Anna Ko\u015bci\u00f3\u0142ek<\/p>\n<p>10.30-11.30 &#8211; <strong>Op\u0142aty egzekucyjne w razie oczywi\u015bcie niecelowego wszcz\u0119cia post\u0119powania\u00a0 egzekucyjnego oraz w sprawach o egzekucj\u0119 \u015bwiadcze\u0144 alimentacyjnych<\/strong><br \/>\nSSR Kamil Kazimierczak<\/p>\n<p>11.30-12.00 &#8211; Przerwa kawowa<\/p>\n<p>12.00-13.00 &#8211; <strong>Op\u0142aty egzekucyjne w razie umorzenia post\u0119powania egzekucyjnego<\/strong><br \/>\nSSR Andrzej Antkiewicz<\/p>\n<p>&nbsp;<\/p>\n<p><strong>Dzie\u0144 II &#8211; 26.05.2022 r.(czwartek)<\/strong><\/p>\n<p>9.30-10.30 &#8211; <strong>Normatywne podstawy egzekucyjnej sprzeda\u017cy nieruchomo\u015bci w drodze licytacji elektronicznej<\/strong><br \/>\nprof. dr hab. Andrzej Marciniak<\/p>\n<p>10.30-11.30 &#8211; <strong>\u00a0Praktyczne aspekty elektronicznej licytacji nieruchomo\u015bci w egzekucji s\u0105dowej <\/strong><br \/>\nRafa\u0142 Fronczek (komornik s\u0105dowy, Honorowy Prezes KRK)<\/p>\n<p>11.30-12.00 &#8211; Przerwa kawowa<\/p>\n<p>12.00-13.30 &#8211; <strong>Prezentacja systemu \u201eDEMO\u201d portalu E-licytacje Krajowej Rady Komorniczej. Najcz\u0119\u015bciej pope\u0142niane b\u0142\u0119dy przy publikacji licytacji na portalu E-licytacje<\/strong><br \/>\nDariusz Ferlin (Product Manager Currenda Sp. z o.o.)<br \/>\nMonika Gustaw (Product Owner Currenda Sp. z o.o.)<\/p>\n<p>\u2014\u2014\u2014\u2014\u2014\u2014\u2014\u2014<\/p>\n<p class=\"intro\">OG\u00d3LNOPOLSKA KONFERNECJA NAUKOWA<\/p>\n<h3><strong>UMORZENIE S\u0104DOWEGO POST\u0118POWANIA\u00a0 EGZEKUCYJNEGO.<br \/>\nPODSTAWY I SKUTKI<\/strong><\/h3>\n<p style=\"text-align: center;\">Warszawa 22 kwietnia 2022 r.<\/p>\n<p>&nbsp;<\/p>\n<h3><strong>Program Konferencji<\/strong><\/h3>\n<p>8.30-9.15 \u2013 Przyj\u0119cie go\u015bci- rejestracja uczestnik\u00f3w<\/p>\n<p>9.15\u20139.30 &#8211; <strong>Otwarcie Konferencji<\/strong><br \/>\nProf.dr hab.Tomasz Giaro\u00a0\u2013 Dziekan Wydzia\u0142u Prawa i Administracji\u00a0Uniwersytetu\u00a0 Warszawskiego<br \/>\nProf.\u00a0 dr hab. Karol Weitz \u2013 Kierownik Katedry Post\u0119powania Cywilnego Uniwersytetu\u00a0Warszawskiego<br \/>\nEl\u017cbieta Adamska-\u015amigrodzka\u00a0\u2013 Przewodnicz\u0105ca Rady Izby Komorniczej w Warszawie<\/p>\n<p>&nbsp;<\/p>\n<h3><strong>Cz\u0119\u015b\u0107 I<\/strong><\/h3>\n<p><strong>Moderator:<\/strong>\u00a0\u00a0 prof.dr hab.Andrzej Marciniak(Uniwersytet \u0141\u00f3dzki)<\/p>\n<p><strong>Umorzenie post\u0119powania egzekucyjnego\u00a0 wed\u0142ug prawa\u00a0 upad\u0142o\u015bciowego i restrukturyzacyjnego.<\/strong><br \/>\nU\u0141A dr hab. Anna Hrycaj (Uczelnia \u0141azarskiego)<\/p>\n<p>10.00-10.30\u00a0&#8211; <strong>Niedopuszczalno\u015b\u0107 egzekucji ze wzgl\u0119du na\u00a0 przedmiot lub osob\u0119 d\u0142u\u017cnika jako podstawa umorzenia post\u0119powania egzekucyjnego<\/strong><br \/>\nDr Joanna Derlatka (Uniwersytet Jana Kochanowskiego w w Kielcach)<\/p>\n<p><strong>Oczywista bezskuteczno\u015bci egzekucji jako podstawa umorzenia\u00a0\u00a0post\u0119powania egzekucyjnego<\/strong><br \/>\nDr hab. Andrzej Grzegorz Harla (Uniwersytet Warszawski)<\/p>\n<p>11.00-11.30\u00a0&#8211; Przerwa kawowa<\/p>\n<p>&nbsp;<\/p>\n<h3><strong>Cz\u0119\u015b\u0107 II<\/strong><\/h3>\n<p><strong>Moderator:<\/strong> prof. dr hab. Karol Weitz (Uniwersytet Warszawski)<\/p>\n<p>12.00 &#8211; <strong>Umorzenie post\u0119powania egzekucyjnego \u00a0\u00a0z\u00a0 powodu bezczynno\u015bci\u00a0wierzyciela<\/strong><br \/>\nU\u0141 dr hab. Monika Michalska-Marciniak (Uniwersytet \u0141\u00f3dzki)<\/p>\n<p><strong>Umorzenie post\u0119powania egzekucyjnego z\u00a0 powodu pozbawienia tytu\u0142u wykonawczego wykonalno\u015bci<\/strong><br \/>\nDr Joanna May (Uniwersytet Miko\u0142aja Kopernika w Toruniu)<\/p>\n<p>12.30-13.00\u00a0&#8211; <strong>Umorzenie post\u0119powania egzekucyjnego na wniosek<\/strong><br \/>\nProf. U\u0141 dr hab. J\u00f3zef Jagie\u0142a (Uniwersytet \u0141\u00f3dzki)<\/p>\n<p>13.00-14.00 &#8211; Przerwa obiadowa<\/p>\n<p>&nbsp;<\/p>\n<h3><strong>Cz\u0119\u015b\u0107 III<\/strong><\/h3>\n<p><strong>Moderator:<\/strong>\u00a0 prof. USz. dr\u00a0 hab. Kinga Flaga-Gieruszy\u0144ska(Uniwersytet Szczeci\u0144ski)<\/p>\n<p><strong>Brak zdolno\u015bci s\u0105dowej jako podstawa umorzenia post\u0119powania egzekucyjnego<\/strong><br \/>\nDr hab.\u00a0 Marcin Dziurda (Uniwersytet Warszawski)<\/p>\n<p>14.30-15.00\u00a0&#8211; <strong>Umorzenie post\u0119powania egzekucyjnego a koszty komornicze<\/strong><br \/>\nSSO Marek Lewandowski (S\u0105d Okr\u0119gowy w Toruniu)<\/p>\n<p>15.00-16.00\u00a0&#8211; Dyskusja. Podsumowanie i zamkni\u0119cie Konferencji<\/p>\n<p>&nbsp;<\/p>\n<hr \/>\n<h2><a href=\"https:\/\/dev.komornik.pl\/wp-content\/uploads\/2015\/07\/paragraf.png\" data-featherlight=\"image\" target=\"_blank\" rel=\"noopener\"><img loading=\"lazy\" decoding=\"async\" class=\"wp-image-3793 size-medium aligncenter\" src=\"https:\/\/dev.komornik.pl\/wp-content\/uploads\/2015\/07\/paragraf-300x132.png\" alt=\"paragraf\" width=\"300\" height=\"132\" \/><\/a><\/h2>\n<h2 id=\"2021\" style=\"text-align: center;\"><strong>Plan pracy\u00a0na rok 2021<\/strong><\/h2>\n<p class=\"intro\">Og\u00f3lnopolska Konferencja Naukowa<\/p>\n<h3><strong>Zawieszenie s\u0105dowego post\u0119powania egzekucyjnego.\u00a0<\/strong><strong>Podstawy i skutki<\/strong><\/h3>\n<p style=\"text-align: center;\">Szczecin 2021<\/p>\n<h3><strong>Program Konferencji<\/strong><\/h3>\n<p>9.15-9.30\u00a0&#8211; <strong>Otwarcie Konferencji <\/strong><br \/>\nprof. US dr hab. Ewelina Ca\u0142a-Wacinkiewicz \u00a0\u2013 Dziekan Wydzia\u0142u Prawa i\u00a0 Administracji Uniwersytetu\u00a0 Szczeci\u0144skiego<br \/>\nprof. US dr hab. Kinga Flaga-Gieruszy\u0144ska \u2013 Kierownik Zespo\u0142u Badawczego Prawa Cywilnego Procesowego i Informatyzacji Wymiaru Sprawiedliwo\u015bci<br \/>\nMarcin Borek \u2013 Dyrektor O\u015brodka Naukowo-Szkoleniowego przy Krajowej\u00a0 Radzie Komorniczej w Warszawie, Przewodnicz\u0105cy Rady Izby Komorniczej w Szczecinie<\/p>\n<p>&nbsp;<\/p>\n<h3><strong>Cz\u0119\u015b\u0107 I<\/strong><\/h3>\n<p>9.30-11.30 &#8211; <strong>Moderator: <\/strong>prof. dr hab. Andrzej Marciniak (Uniwersytet \u0141\u00f3dzki)<\/p>\n<p><strong>Zawieszenie post\u0119powania egzekucyjnego z mocy prawa<\/strong><br \/>\nprof. US dr hab. Kinga Flaga-Gieruszy\u0144ska (Uniwersytet Szczeci\u0144ski)<\/p>\n<p><strong>Zawieszenie post\u0119powania egzekucyjnego przez komornika s\u0105dowego\u00a0 na wniosek\u00a0wierzyciela albo d\u0142u\u017cnika<\/strong><br \/>\nprof. U\u0141 dr hab. Monika Michalska-Marciniak (Uniwersytet \u0141\u00f3dzki)<\/p>\n<p><strong>Zawieszenie post\u0119powania egzekucyjnego przez komornika s\u0105dowego\u00a0 na wniosek\u00a0wierzyciela albo d\u0142u\u017cnika<\/strong><br \/>\ndr Aleksandra Klich (Uniwersytet Szczeci\u0144ski)<\/p>\n<p>11.00-11.30 &#8211; Dyskusja<br \/>\n11.30\u201312.00 &#8211; Przerwa na kaw\u0119<\/p>\n<p>&nbsp;<\/p>\n<h3><strong>Cz\u0119\u015b\u0107 II<\/strong><\/h3>\n<p>12.00\u201313.30 &#8211; <strong>Moderator: <\/strong>\u00a0prof. A.LK Joanna Studzi\u0144ska (Akademia Leona Ko\u017ami\u0144skiego)<\/p>\n<p><strong>Zakres czynno\u015bci dopuszczalnych w trakcie zawieszenia post\u0119powania egzekucyjnego<\/strong><br \/>\nprof. UR dr hab. Anna Ko\u015bci\u00f3\u0142ek (Uniwersytet Rzeszowski)<\/p>\n<p><strong>Wp\u0142yw zawieszenia post\u0119powania egzekucyjnego na bieg termin\u00f3w<\/strong><br \/>\ndr \u00a0Grzegorz Julke (Uniwersytet Gda\u0144ski)<\/p>\n<p>13.00-13.30 &#8211; Dyskusja<br \/>\n13.30-14.30 &#8211; Przerwa obiadowa<\/p>\n<p>&nbsp;<\/p>\n<h3><strong>Cz\u0119\u015b\u0107 III<\/strong><\/h3>\n<p>14.30\u201316.30 &#8211; <strong>Moderator: <\/strong>prof. US dr hab. Kinga Flaga-Gieruszy\u0144ska (Uniwersytet Szczeci\u0144ski)<\/p>\n<p><strong>Z\u0142o\u017cenie przez d\u0142u\u017cnika zabezpieczenia w zwi\u0105zku z zawieszeniem post\u0119powania\u00a0egzekucyjnego<\/strong><br \/>\nSSR\u00a0 Piotr Cicho\u0144 (S\u0105d Rejonowy w Koszalinie)<\/p>\n<p><strong>Zawieszenie post\u0119powania egzekucyjnego a wyp\u0142ata z rachunku bankowego,\u00a0wynagrodzenia\u00a0\u00a0 za prace lub innych wierzytelno\u015bci kwot na zaspokojenie bie\u017c\u0105cych potrzeb d\u0142u\u017cnika<\/strong><br \/>\nprof.\u00a0 U\u0141 dr hab. J\u00f3zef Jagie\u0142a (Uniwersytet \u0141\u00f3dzki)<\/p>\n<p><strong>Podj\u0119cie zawieszonego post\u0119powania egzekucyjnego<\/strong><br \/>\nprof. UMK dr hab. Agnieszka Laskowska-Hulisz (Uniwersytet Miko\u0142aja Kopernika w Toruniu)<\/p>\n<p>16.00\u201316.30 &#8211; Dyskusja, podsumowanie i zamkni\u0119cie konferencji<\/p>\n<p>\u2014\u2014\u2014\u2014\u2014\u2014\u2014\u2014<\/p>\n<p style=\"text-align: center;\">Wydzia\u0142 Prawa i Administracji Uniwersytetu \u0141\u00f3dzkiego<\/p>\n<p style=\"text-align: center;\">Wydawnictwo C.H. Beck<\/p>\n<p class=\"intro\">O\u015brodek Naukowo \u2013 Szkoleniowy przy Krajowej Radzie Komorniczej<\/p>\n<h3><strong>III FORUM PRAWA PROCESOWEGO CYWILNEGO<br \/>\nZABEZPIECZENIE ROSZCZE\u0143 PIENI\u0118\u017bNYCH W PRAKTYCE S\u0104DOWEJ<\/strong><\/h3>\n<p style=\"text-align: center;\">\u0141\u00f3d\u017a, 19 listopada 2021<br \/>\nWydzia\u0142 Prawa i Administracji<br \/>\nUniwersytet \u0141\u00f3dzki<\/p>\n<p>&nbsp;<\/p>\n<h3><strong>Program <\/strong><\/h3>\n<p>&nbsp;<\/p>\n<p>9.15\u20139.30 &#8211; <strong>Otwarcie Forum<\/strong><br \/>\nProf. U\u0141 dr hab. Monika Bogucka- Felczak \u2013 Dziekan Wydzia\u0142u Prawa i Administracji Uniwersytetu \u0141\u00f3dzkiego<br \/>\nWojciech Bierwiczonek \u2013 Dyrektor Wydawnictwa C.H. Beck<br \/>\nMarcin Borek \u2013 Dyrektor O\u015brodka Naukowo &#8211; Szkoleniowego przy Krajowej Radzie Komorniczej<br \/>\nProf. dr hab. Andrzej Marciniak \u2013 Kierownik Katedry Post\u0119powania Cywilnego II Uniwersytetu \u0141\u00f3dzkiego<\/p>\n<p>&nbsp;<\/p>\n<h3><strong>Sesja I<\/strong><\/h3>\n<p>9.30\u201311.20 &#8211; <strong>Moderator:<\/strong> Prof. dr hab. Andrzej Marciniak<\/p>\n<p><strong>Cele i funkcja post\u0119powania zabezpieczaj\u0105cego<\/strong><br \/>\nProf. dr hab. Andrzej Jakubecki (Uniwersytet Marii Curie-Sk\u0142odowskiej w Lublinie)<\/p>\n<p><strong>Podstawy zabezpieczenia roszczenia w procesie cywilnym<\/strong><br \/>\nProf. UW dr hab. Piotr Rylski (Uniwersytet Warszawski)<\/p>\n<p><strong>Okoliczno\u015bci wy\u0142\u0105czaj\u0105ce zabezpieczenie roszczenia<\/strong><br \/>\nProf. U\u0141 dr hab. Robert Kulski (Uniwersytet \u0141\u00f3dzki)<\/p>\n<p>11.00\u201311.20 &#8211; Dyskusja<br \/>\n11.20-11.50 &#8211; Przerwa na kaw\u0119<br \/>\n<strong>Sesja II<\/strong><\/p>\n<p>11.50\u201313.40 &#8211; <strong>Moderator: <\/strong>Prof. dr hab. Andrzej Jakubecki<\/p>\n<p><strong><em>Orzekanie w przedmiocie udzielenia zabezpieczenia<\/em><\/strong><br \/>\nSSO prof. U\u015a dr hab. Krystian Markiewicz (Uniwersytet \u015al\u0105ski)<\/p>\n<p><strong><em>Zmiana albo uchylenie zabezpieczenia<\/em><\/strong><br \/>\nSSR prof. UAM dr hab. Marcin Walasik (Uniwersytet im. Adama Mickiewicza w Poznaniu)<\/p>\n<p><strong><em>Upadek zabezpieczenia<\/em><\/strong><br \/>\nSSA dr Tomasz K\u0142os (Akademia Humanistyczno-Ekonomiczna w \u0141odzi)<\/p>\n<p>13.20\u201313.40 &#8211; Dyskusja<br \/>\n13.40\u201314.40 &#8211; Przerwa obiadowa<\/p>\n<p>&nbsp;<\/p>\n<p><strong>Sesja III<\/strong><\/p>\n<p>14.40\u201316.30 &#8211; <strong>Moderator: <\/strong>Prof. U\u0141 dr hab. Monika Michalska &#8211; Marciniak<\/p>\n<p><strong><em>Zabezpieczenie roszcze\u0144 w post\u0119powaniu karnym i karno-skarbowym<\/em><\/strong><br \/>\nProf. UMK dr hab. Agnieszka Laskowska \u2013 Hulisz (Uniwersytet Miko\u0142aja Kopernika w Toruniu)<\/p>\n<p><strong><em>Zabezpieczenie roszcze\u0144 na rachunku bankowym <\/em><\/strong><br \/>\ndr Tadeusz Bia\u0142ek (Zwi\u0105zek Bank\u00f3w Polskich)<\/p>\n<p><strong><em>Egzekucyjne wykonanie zabezpieczenia<\/em><\/strong><br \/>\nProf. U\u0141 dr hab. J\u00f3zef Jagie\u0142a\u00a0 (Uniwersytet \u0141\u00f3dzki)<\/p>\n<p>16.10\u201316.30 &#8211; Dyskusja<br \/>\n16.30 &#8211; Podsumowanie i zamkni\u0119cie Forum<\/p>\n<h5>Rejestracja na III Forum odbywa si\u0119 za po\u015brednictwem strony:<br \/>\nhttps:\/\/www.akademia.beck.pl\/szkolenie\/979-iii-forum-prawa-procesowego-cywilnego-zabezpieczenie-roszczen-pienieznych-w-praktyce-sadowej<\/h5>\n<p>\u2014\u2014\u2014\u2014\u2014\u2014\u2014\u2014<\/p>\n<p class=\"intro\">Og\u00f3lnopolska Konferencja Naukowa<\/p>\n<h3><strong>Koszty komornicze w systemie finansowania egzekucji s\u0105dowej<\/strong><\/h3>\n<p style=\"text-align: center;\">Pozna\u0144 2021<\/p>\n<h3><strong>Program Konferencji<\/strong><\/h3>\n<p>9.15-9.30\u00a0&#8211; <strong>Otwarcie Konferencji <\/strong><br \/>\nprof. dr hab. Tomasz Nieborak\u00a0\u2013 Dziekan Wydzia\u0142u Prawa i\u00a0 Administracji\u00a0 Uniwersytetu Adama Mickiewicza w Poznaniu<br \/>\nprof. dr hab. Pawe\u0142 Grzegorczyk \u2013 Kierownik Katedry Post\u0119powania Cywilnego Uniwersytetu im. Adama Mickiewicza w Poznaniu<br \/>\nMarcin Borek \u2013\u00a0Dyrektor O\u015brodka Naukowo-Szkoleniowego przy Krajowej\u00a0 Radzie Komorniczej w Warszawie<br \/>\nMarek Jessa &#8211;\u00a0Przewodnicz\u0105cy Rady Izby Komorniczej w Poznaniu<\/p>\n<p>&nbsp;<\/p>\n<h3><strong>Cz\u0119\u015b\u0107 I<\/strong><\/h3>\n<p>9.30-11.30 &#8211; <strong>Moderator: <\/strong>prof. dr hab. Andrzej Marciniak (Uniwersytet \u0141\u00f3dzki)<\/p>\n<p><strong>Koszty dzia\u0142alno\u015bci egzekucyjnej komornika<\/strong><br \/>\nprof. UAM dr hab.\u00a0 Andrzej Jarocha (Uniwersytet im. A. Mickiewicza w\u00a0Poznaniu)<\/p>\n<p><strong>Koszty utrzymania kancelarii komorniczej<\/strong><br \/>\nprof. AK dr J\u00f3zef Kola\u0144ski (Akademia Kaliska)<\/p>\n<p><strong>Charakter prawny i funkcje op\u0142at egzekucyjnych<\/strong><br \/>\nprof. dr hab. Marek Kalinowski (Uniwersytet Miko\u0142aja Kopernika w Toruniu)<\/p>\n<p>11.00-11.30 &#8211; Dyskusja<br \/>\n11.30\u201312.00 &#8211; Przerwa na kaw\u0119<\/p>\n<h3><strong>Cz\u0119\u015b\u0107 II<\/strong><\/h3>\n<p>12.00\u201313.30 &#8211; <strong>Moderator: <\/strong>\u00a0prof. dr hab. Pawe\u0142 Grzegorczyk (Uniwersytet im. A. Mickiewicza w Poznaniu)<\/p>\n<p><strong>Wydatki komornika s\u0105dowego i zasady ich finansowania<\/strong><br \/>\nprof. UAM dr hab. W\u0142odzimierz G\u0142odowski (Uniwersytet im. A. Mickiewicza w Poznaniu)<\/p>\n<p><strong>Op\u0142aty egzekucyjne w razie umorzenia post\u0119powania egzekucyjnego<\/strong><br \/>\nprof.\u00a0ALK dr hab. Joanna Studzi\u0144ska (Akademia Leona Ko\u017ami\u0144skiego)<\/p>\n<p>13.00-13.30 &#8211; Dyskusja<br \/>\n13.30-15.00 &#8211; Przerwa obiadowa<\/p>\n<p>&nbsp;<\/p>\n<h3><strong>Cz\u0119\u015b\u0107 III<\/strong><\/h3>\n<p>15.00\u201317.00 &#8211; <strong>Moderator: <\/strong>prof. UAM dr hab. Marcin Walasik (Uniwersytet im. A. Mickiewicza w Poznaniu)<\/p>\n<p><strong>Op\u0142aty egzekucyjne w razie oczywi\u015bcie niecelowego wszcz\u0119cia post\u0119powania egzekucyjnego<\/strong><br \/>\nprof.\u00a0 U\u0141 dr hab. Ireneusz Kunicki (Uniwersytet \u0141\u00f3dzki)<\/p>\n<p><strong>Koszty komornicze na tle stosunku s\u0105dowego\u00a0 post\u0119powania egzekucyjnego do post\u0119powania egzekucyjnego w administracji, post\u0119powania upad\u0142o\u015bciowego i post\u0119powania restrukturyzacyjnego<\/strong><br \/>\nSSR\u00a0 Andrzej Antkiewicz (S\u0105d Rejonowy w Grudzi\u0105dzu)<\/p>\n<p><strong>Koszty komornicze w sprawach o zabezpieczenie spadku i sporz\u0105dzenie spisu\u00a0inwentarza.<\/strong><br \/>\nSSO Andrzej Adamczuk (S\u0105d Okr\u0119gowy w Poznaniu)<\/p>\n<p>16.30\u201317.00 &#8211; Dyskusja<br \/>\n17.00-17.30 &#8211; Podsumowanie i zamkni\u0119cie konferencji<\/p>\n<p>\u2014\u2014\u2014\u2014\u2014\u2014\u2014\u2014<\/p>\n<p class=\"intro\"><strong>Og\u00f3lnopolska Konferencja Naukowa<\/strong><\/p>\n<h3><strong>PRAWA \u00a0WIERZYCIELA \u00a0A \u00a0OCHRONA \u00a0D\u0141U\u017bNIKA<br \/>\nW \u00a0EGZEKUCJI \u00a0S\u0104DOWEJ<\/strong><\/h3>\n<p style=\"text-align: center;\">Krak\u00f3w 2021<\/p>\n<p>&nbsp;<\/p>\n<h3><strong>Program Konferencji<\/strong><\/h3>\n<p>9.15-9.30\u00a0&#8211; <strong>Otwarcie Konferencji <\/strong><br \/>\nprof.dr hab. Jerzy Pisuli\u0144ski \u2013 Dziekan Wydzia\u0142u Prawa i\u00a0\u00a0 Administracji Uniwersytetu\u00a0 Jagiello\u0144skiego<br \/>\nprof.dr hab. Andrzej Marciniak\u00a0&#8211; Przewodnicz\u0105cy Rady Naukowej O\u015brodka Naukowo-Szkoleniowego przy Krajowej Radzie Komorniczej\u00a0 w Warszawie<br \/>\nHenryka Bednorz-Gody\u0144\u00a0\u2013 Przewodnicz\u0105ca Rady Izby Komorniczej w Krakowie<\/p>\n<p>&nbsp;<\/p>\n<h3><strong>Cz\u0119\u015b\u0107 I. Teoria<\/strong><\/h3>\n<p>9.30-12.30 &#8211; <strong>Moderator: <\/strong>prof. \u00a0dr hab. Mariusz Jab\u0142o\u0144ski (Uniwersytet Wroc\u0142awski)<\/p>\n<p>9.30-10.00\u00a0&#8211; <strong>Funkcje i cele egzekucji s\u0105dowej<\/strong><br \/>\ndr hab. Tadeusz Zembrzuski (Uniwersytet Warszawski)<\/p>\n<p>10.00-10.30 &#8211; <strong>Zasada r\u00f3wno\u015bci stron w s\u0105dowym post\u0119powaniu\u00a0egzekucyjnym<\/strong><br \/>\nprof. dr hab. Andrzej Jakubecki (Uniwersytet Marii Curie-Sk\u0142odowskiej)<br \/>\ndr Olimpia Marcewicz \u00a0(Uniwersytet Marii Curie-Sk\u0142odowskiej)<\/p>\n<p>10.30-11.00 &#8211; <strong>Zasada dyspozycyjno\u015bci w s\u0105dowym\u00a0 post\u0119powaniu\u00a0<\/strong><strong>egzekucyjnym<\/strong><br \/>\nprof. UJ dr hab. Rados\u0142aw Flejszar (Uniwersytet Jagiello\u0144ski)<\/p>\n<p>11.00\u201311.30 &#8211; Przerwa na kaw\u0119<\/p>\n<p><strong>Moderator: <\/strong>prof. U\u0141 dr hab. Robert Kulski (Uniwersytet \u0141\u00f3dzki)<\/p>\n<p>11.30-12.00 &#8211; <strong>Ewolucja ogranicze\u0144\u00a0 egzekucji s\u0105dowej w prawie polskim\u00a0 <\/strong><br \/>\nprof. U\u0141 dr hab. J\u00f3zef Jagie\u0142a (Uniwersytet \u0141\u00f3dzki)<\/p>\n<p>12.00-12.30 &#8211; <strong>Szykanowanie d\u0142u\u017cnika \u00a0w\u00a0 s\u0105dowym post\u0119powaniu egzekucyjnym<\/strong><br \/>\nprof. USz dr hab. Kinga Flaga-Gieruszy\u0144ska (Uniwersytet Szczeci\u0144ski)<\/p>\n<p>12.30-13.30 &#8211; Przerwa obiadowa<\/p>\n<p>&nbsp;<\/p>\n<h3><strong>Cz\u0119\u015b\u0107\u00a0 II. Praktyka<\/strong><\/h3>\n<p>13.30\u201315.00 &#8211; <strong>Moderator: \u00a0<\/strong>Henryka Bednorz-Gody\u0144 (Przewodnicz\u0105ca Rady Izby Komorniczej w Krakowie)<\/p>\n<p><strong>Wyst\u0105pienia:<\/strong><br \/>\ndr Tadeusz Bia\u0142ek (Wiceprezes Zwi\u0105zku Bank\u00f3w Polskich)<br \/>\nMarcin Czugan (Prezes Zwi\u0105zku Przedsi\u0119biorstw Finansowych w Polsce)<br \/>\nRafa\u0142 Fronczek (Honorowy Prezes Krajowej Rady Komorniczej)<br \/>\ndr Rafa\u0142 \u0141yszczek (Prezes Krajowej Rady Komorniczej)<br \/>\nSSR dr Rafa\u0142 Reiwer (Ministerstwo Sprawiedliwo\u015bci)<\/p>\n<p>&nbsp;<\/p>\n<h3><strong>Cz\u0119\u015b\u0107 III. Dyskusja<\/strong><\/h3>\n<p>15.00\u201316.30 &#8211; <strong>Moderatorzy: \u00a0<\/strong>prof. U\u0141 dr hab. Robert Kulski (Uniwersytet \u0141\u00f3dzki), Henryka Bednorz-Gody\u0144(Przewodnicz\u0105ca Rady Izby Komorniczej w Krakowie) Dominika Bara\u0144ska (Wiceprzewodnicz\u0105ca Rady Izby Komorniczej w Krakowie)<\/p>\n<p>16.30-17.00 &#8211; Podsumowanie i zamkni\u0119cie Konferencji<\/p>\n<p>\u2014\u2014\u2014\u2014\u2014\u2014\u2014\u2014<\/p>\n<h3><strong>FORUM ASESOR\u00d3W KOMORNICZYCH<\/strong><\/h3>\n<p style=\"text-align: center;\">WROC\u0141AW 2021<\/p>\n<p style=\"text-align: center;\"><strong>Program Konferencji<\/strong><\/p>\n<p>9.15-9.30\u00a0&#8211; <strong>Otwarcie Konferencji <\/strong><br \/>\nprof.dr hab. Karol Kiczka\u00a0\u2013 Dziekan Wydzia\u0142u Prawa,\u00a0\u00a0 Administracji\u00a0 i Ekonomii Uniwersytetu\u00a0 Wroc\u0142awskiego<br \/>\nMarcin Borek\u00a0\u2013 Dyrektor O\u015brodka Naukowo-Szkoleniowego przy Krajowej Radzie Komorniczej<br \/>\nMonika Janus\u00a0\u2013 Przewodnicz\u0105ca Rady Izby Komorniczej we Wroc\u0142awiu<\/p>\n<p>&nbsp;<\/p>\n<h3><strong>Cz\u0119\u015b\u0107 I<\/strong><\/h3>\n<p>9.30-11.30 &#8211; <strong>Moderator: <\/strong>prof. dr hab. Andrzej Marciniak (Uniwersytet \u0141\u00f3dzki)<\/p>\n<p>9.30-10.00 &#8211; <strong>Status prawny asesora komorniczego<\/strong><br \/>\nprof. dr hab. Mariusz Jab\u0142o\u0144ski (Uniwersytet Wroc\u0142awski)<\/p>\n<p>10.00-10.40 &#8211; <strong>Powo\u0142anie i odwo\u0142anie asesora komorniczego<\/strong><br \/>\nprof. UMK dr hab. Piotr R\u0105czka (Uniwersytet Miko\u0142aja Kopernika w Toruniu)<br \/>\nAsesor komorniczy Aleksander Nowak (Izba Komornicza w Gda\u0144sku)<\/p>\n<p>10.40-11.00 &#8211; Dyskusja<br \/>\n11.00\u201311.30 &#8211; Przerwa na kaw\u0119<\/p>\n<p>&nbsp;<\/p>\n<h3><strong>Cz\u0119\u015b\u0107 II<\/strong><\/h3>\n<p>11.30\u201314.00 &#8211; <strong>Moderator: <\/strong>prof. USz dr hab. Kinga Flaga-Gieruszy\u0144ska(Uniwersytet Szczeci\u0144ski)<\/p>\n<p>11.30-12.10 &#8211; <strong>Stosunek pracy asesora komorniczego<\/strong><br \/>\ndr Katarzyna Bomba (Uniwersytet Warmi\u0144sko-Mazurski)<\/p>\n<p>Asesor komorniczy Joanna Chudzik (Izba Komornicza we Wroc\u0142awiu)<br \/>\nZ praktyki asesorskiej<\/p>\n<p>12.10-12.50 &#8211; <strong>W\u0142a\u015bciwo\u015b\u0107 funkcyjna asesora komorniczego<\/strong><br \/>\nprof. UJ dr hab. Rados\u0142aw Flejszar (Uniwersytet Jagiello\u0144ski)<\/p>\n<p>Asesor komorniczy Jan Niemiec (Izba Komornicza w Krakowie)<br \/>\nZ praktyki egzekucyjnej<\/p>\n<p>12.50-13.30 &#8211; <strong>Odpowiedzialno\u015b\u0107 prawna asesora komorniczego<\/strong><br \/>\nprof. U\u0141 dr hab. Robert Kulski (Uniwersytet \u0141\u00f3dzki)<\/p>\n<p>Asesor komorniczy Magdalena Jewu\u0142a(Izba komornicza we Wroc\u0142awiu)<br \/>\nZ praktyki s\u0105dowo- dyscyplinarnej<\/p>\n<p>13.30-14.00 &#8211; Dyskusja<\/p>\n<p>&nbsp;<\/p>\n<h3><strong>Cz\u0119\u015b\u0107 III<\/strong><\/h3>\n<p>14.00-14.30 &#8211; Podsumowanie i zamkni\u0119cie Konferencji<\/p>\n<p>&nbsp;<\/p>\n<hr \/>\n<h2><a href=\"https:\/\/dev.komornik.pl\/wp-content\/uploads\/2015\/07\/paragraf.png\" data-featherlight=\"image\" target=\"_blank\" rel=\"noopener\"><img loading=\"lazy\" decoding=\"async\" class=\"wp-image-3793 size-medium aligncenter\" src=\"https:\/\/dev.komornik.pl\/wp-content\/uploads\/2015\/07\/paragraf-300x132.png\" alt=\"paragraf\" width=\"300\" height=\"132\" \/><\/a><\/h2>\n<h2 id=\"2020\" style=\"text-align: center;\"><strong>Plan pracy\u00a0na rok 2020<\/strong><\/h2>\n<p style=\"text-align: center;\">O\u015brodka Naukowo Szkoleniowego przy Krajowej Radzie Komorniczej w Warszawie<\/p>\n<p>&nbsp;<\/p>\n<p style=\"text-align: center;\"><strong>\u00a0PLAN PRACY<\/strong><\/p>\n<p style=\"text-align: center;\"><strong>\u00a0O\u015brodka Naukowo Szkoleniowego przy Krajowej Radzie Komorniczej w Warszawie\u00a0na drugie p\u00f3\u0142rocze 2020 r.<\/strong><\/p>\n<p><strong>\u00a0<\/strong><\/p>\n<h3><strong>KONFERENCJE<\/strong><\/h3>\n<h3><strong>I Og\u00f3lnopolska Konferencja Naukowa<\/strong><\/h3>\n<p style=\"text-align: center;\">Toru\u0144 11\u00a0 wrze\u015bnia\u00a0 2020 r.<\/p>\n<p style=\"text-align: center;\"><strong>Komornicy s\u0105dowi.<br \/>\nCzas tera\u017aniejszy. Czas przysz\u0142y<\/strong><\/p>\n<p>9.15-9.30\u00a0&#8211; <strong>\u00a0Otwarcie Konferencji<\/strong><\/p>\n<p>&nbsp;<\/p>\n<p style=\"text-align: center;\"><strong>Sesja I<\/strong><\/p>\n<p><strong>Moderator : <\/strong>prof. dr hab. Marek Kalinowski (Uniwersytet\u00a0 Miko\u0142aja Kopernika\u00a0w Toruniu)<\/p>\n<p>9.30\u201310.10\u00a0&#8211; <strong>Status\u00a0prawny komornika s\u0105dowego<\/strong><br \/>\nprof. dr hab. Mariusz Jab\u0142o\u0144ski (Uniwersytet Wroc\u0142awski)<br \/>\nMonika Janus\u00a0(Komornik S\u0105dowy przy S\u0105dzie Rejonowym w Wa\u0142brzychu)<\/p>\n<p>10.10\u201310.20\u00a0&#8211; Dyskusja<\/p>\n<p>10.20-11.00 &#8211; <strong>Nadz\u00f3r administracyjny i samorz\u0105dowy nad komornikami s\u0105dowymi<\/strong><br \/>\nprof. dr hab. Andrzej Marciniak (Uniwersytet \u0141\u00f3dzki)<br \/>\nHenryka Bednorz-Gody\u0144(Komornik S\u0105dowy przy S\u0105dzie Rejonowym w Chrzanowie)<\/p>\n<p>11.00-11.10\u00a0&#8211; Dyskusja<br \/>\n11.10-11.40\u00a0&#8211;\u00a0Przerwa kawowa<\/p>\n<p>&nbsp;<\/p>\n<p style=\"text-align: center;\"><strong>Sesja II<\/strong><\/p>\n<p><strong>Moderator: <\/strong>prof. UMK dr hab.Agnieszka Laskowska-Hulisz(Uniwersytet Miko\u0142aja\u00a0Kopernika w Toruniu)<\/p>\n<p>11.40-12.20 &#8211; <strong> Zast\u0119pca komornika. Kurator kancelarii<\/strong><br \/>\nprof. USz dr hab. Kinga Flaga-Gieruszy\u0144ska (Uniwersytet Szczeci\u0144ski)<br \/>\nMa\u0142gorzata Wolny (Komornik S\u0105dowy przy S\u0105dzie Rejonowym w Tucholi)<\/p>\n<p>12.20-12.30\u00a0&#8211; Dyskusja<\/p>\n<p>12.30-13.10 &#8211; <strong>Samorz\u0105d komorniczy<\/strong><br \/>\nprof. UMK dr hab. Piotr R\u0105czka (Uniwersytet\u00a0 Miko\u0142aja Kopernika w Toruniu)<br \/>\nRafa\u0142 Fronczek (Komornik S\u0105dowy przy S\u0105dzie Rejonowym w Ostrowcu \u015awi\u0119tokrzyskim)<\/p>\n<p>13.10-13.20 &#8211; Dyskusja<br \/>\n13.20-14.20\u00a0&#8211; Przerwa obiadowa<\/p>\n<p>&nbsp;<\/p>\n<p style=\"text-align: center;\"><strong>Sesja III<\/strong><\/p>\n<p><strong>Moderator: <\/strong>prof. dr hab. Andrzej Marciniak (Uniwersytet \u0141\u00f3dzki)<\/p>\n<p>14.20-15.00 &#8211; <strong>Koszty komornicze<\/strong><br \/>\ndr Grzegorz Julke (Uniwersytet Gda\u0144ski)<br \/>\nMarcin Borek (Komornik\u00a0S\u0105dowy przy S\u0105dzie Rejonowym w S\u0142awnie)<\/p>\n<p>15.00-15.10 &#8211; Dyskusja<\/p>\n<p>15.10-15.50 &#8211; <strong>O potrzebie i kierunkach zmian w ustawie o komornikach s\u0105dowych oraz w\u00a0 ustawie o kosztach komorniczych<\/strong><br \/>\nSSR dr Rafa\u0142 Reiwer (Ministerstwo Sprawiedliwo\u015bci)<br \/>\nSSR\u00a0Andrzej Antkiewicz (S\u0105d Rejonowy w Grudzi\u0105dzu)<\/p>\n<p>15.50-16.00 &#8211; Dyskusja<br \/>\n16.00-17.00 &#8211; Dyskusja. Podsumowanie. Zamkni\u0119cie Konferencji<\/p>\n<p>\u2014\u2014\u2014\u2014\u2014\u2014\u2014\u2014<\/p>\n<h3><strong>II Partnerski udzia\u0142 w 6 Forum Prawa Medi\u00f3w Elektronicznych<\/strong><\/h3>\n<p style=\"text-align: center;\"><strong>Szczecin 6-7 pa\u017adziernika 2020 r.<\/strong><\/p>\n<p><strong>I dzie\u0144<\/strong><\/p>\n<p>8:30\u20139.00 &#8211; <strong>Otwarcie konferencji<\/strong><\/p>\n<p>9:00\u20139:30 &#8211; <strong>Przegl\u0105d zastosowania technologii blockchain w wymiarze sprawiedliwo\u015bci w wybranych pa\u0144stwach<\/strong><br \/>\ndr hab. Konrad Zacharzewski, prof. ALK (Akademia Leona Ko\u017ami\u0144skiego w Warszawie)<\/p>\n<p>&nbsp;<\/p>\n<h3><strong>Panel 1.<\/strong><\/h3>\n<p style=\"text-align: center;\"><strong>e-s\u0105d<\/strong><\/p>\n<p><strong>Moderator<\/strong>: dr hab. Kinga Flaga-Gieruszy\u0144ska, prof. US (Uniwersytet Szczeci\u0144ski)<\/p>\n<p>9:30\u20139:50 &#8211; <strong>Informatyzacja post\u0119powania cywilnego w nowelizacji KPC z 2019 r.<\/strong><br \/>\nprof. dr hab. Jacek Go\u0142aczy\u0144ski (Uniwersytet Wroc\u0142awski)<\/p>\n<p>9:50\u201310.10 &#8211; <strong>Elektroniczne post\u0119powanie upominawcze w \u015bwietle nowelizacji KPC z 2019 r.<\/strong><br \/>\nprof.UR dr hab. Anna Ko\u015bci\u00f3\u0142ek (Uniwersytet Rzeszowski)<\/p>\n<p>10:10\u201310:30 &#8211; <strong>Elektroniczne Biuro Podawcze po nowelizacji KPC z 2019 r. (art.125 \u00a7 21a KPC)<\/strong><br \/>\ndr Anna Zalesi\u0144ska (Uniwersytet Wroc\u0142awski)<\/p>\n<p>10:30\u201310:50 &#8211; <strong>M\u00f3j wymarzony e-s\u0105d<\/strong><br \/>\ndr Grzegorz Kara\u015b (S\u0105d Okr\u0119gowy w Warszawie)<\/p>\n<p>10:50\u201311:10 &#8211; <strong>Sztuczna inteligencja w s\u0105dzie<\/strong><br \/>\ndr hab. Andrzej Jarocha (Uniwersytet im. Adama Mickiewicza w\u00a0\u00a0Poznaniu)<\/p>\n<p>11:10\u201311:30 &#8211; <strong>Prace Rady Europy dotycz\u0105ce cyfrowego s\u0105du<\/strong><br \/>\nprof. UKSW dr hab. Marek \u015awierczy\u0144ski, mgr Bart\u0142omiej Or\u0119ziak (Uniwersytet Kardyna\u0142a Stefana Wyszy\u0144skiego w Warszawie)<\/p>\n<p>11:30\u201312:00 &#8211; Przerwa kawowa<\/p>\n<p>&nbsp;<\/p>\n<h3><strong>Panel 2.<\/strong><\/h3>\n<p style=\"text-align: center;\"><strong>e-s\u0105d<\/strong><\/p>\n<p><strong>Moderator:<\/strong> prof. dr hab. Jacek Go\u0142aczy\u0144ski (Uniwersytet Wroc\u0142awski)<\/p>\n<p>12:00\u201312:20 &#8211; <strong>Elektroniczne\u00a0posiedzenia s\u0105du polubownego<\/strong><br \/>\ndr hab. Aneta Arkuszewska (Uniwersytet Rzeszowski)<\/p>\n<p>12:20\u201312:40 &#8211; <strong>Transgraniczna e-mediacja<\/strong><br \/>\ndr Marcin Bia\u0142ecki (Uniwersytet Kardyna\u0142a Stefana Wyszy\u0144skiego w Warszawie)<\/p>\n<p>12:40\u201313:00 &#8211; <strong>Dzia\u0142alno\u015b\u0107 s\u0105du polubownego do spraw domen internetowych<\/strong><br \/>\ndr hab. W\u0142odzimierz G\u0142odowski (Uniwersytet im. Adama Mickiewicza w\u00a0Poznaniu)<\/p>\n<p>13:00\u201313:20 &#8211; <strong>Dzia\u0142alno\u015b\u0107 notarialnego e-s\u0105du<\/strong><br \/>\ndr Andrzej Jan Szereda (Uniwersytet \u0141\u00f3dzki)<\/p>\n<p>13:20\u201313.40 &#8211; <strong>Elektroniczna dokumentacja medyczna w sporach z udzia\u0142em pacjent\u00f3w<\/strong><br \/>\nprof. UM dr hab. Monika Urbaniak (Uniwersytet Medyczny im. Karola Marcinkowskiego w Poznaniu)<\/p>\n<p>13:40\u201314:00 &#8211; Dyskusja<br \/>\n14:00\u201315:00 &#8211; Przerwa obiadowa<\/p>\n<p>&nbsp;<\/p>\n<h3><strong>Panel 3.<\/strong><\/h3>\n<p style=\"text-align: center;\"><strong>e-kancelaria komornicza<\/strong><\/p>\n<p><strong>Moderator:<\/strong> prof. dr hab. Andrzej Marciniak (Uniwersytet \u0141\u00f3dzki)<\/p>\n<p>15:00\u201315:20 &#8211; <strong>Elektroniczne akta w pracy komornika s\u0105dowego<\/strong><br \/>\nprof. ALK dr hab. Joanna Studzi\u0144ska (Akademia Leona Ko\u017ami\u0144skiego w\u00a0Warszawie)<\/p>\n<p>15:20\u201315:40 &#8211; <strong>Elektroniczne instrumenty nadzoru s\u0119dziego nad czynno\u015bciami komornika\u00a0s\u0105dowego i post\u0119powaniem egzekucyjnym<\/strong><br \/>\nprof. UG dr hab. Anna Machnikowska (Uniwersytet Gda\u0144ski)<\/p>\n<p>15.40\u201316.00 &#8211; <strong>Wybrane aspekty nagrywania czynno\u015bci komornika s\u0105dowego<\/strong><br \/>\nprof. U\u0141 dr hab. Robert Kulski (Uniwersytet \u0141\u00f3dzki)<\/p>\n<p>16:00\u201316:20 &#8211; <strong>Przysz\u0142o\u015b\u0107 kancelarii komorniczej\u00a0 w \u015bwiecie wirtualnym<\/strong><br \/>\nMarcin Borek (Izba Komornicza w Szczecinie),<br \/>\nPiotr Le\u015bniewski (Izba\u00a0Komornicza w Poznaniu)<\/p>\n<p>16.20\u201316.40 &#8211; <strong>E-justice in Ukraine: modern practice and perspective<\/strong><br \/>\nprof. dr Svetlana Yaroslavovna Fursa (Uniwersytet Narodowy im.\u00a0Tarasa Szewczenko w Kijowie)<\/p>\n<p>16.40\u201317.00 &#8211; <strong>Information technologies in enforcement proceedings of Ukraine: currentstate and development prospects<\/strong><br \/>\nprof. dr Yevgen Ivanovich Fursa (Kijowski Narodowy Uniwersytet\u00a0Handlu i Ekonomii)<\/p>\n<p>17:00\u201317:20 &#8211; Dyskusja i zamkni\u0119cie pierwszego dnia obrad<\/p>\n<p>&nbsp;<\/p>\n<p><strong>II dzie\u0144<\/strong><\/p>\n<h3><strong>Panel 4.<\/strong><\/h3>\n<p style=\"text-align: center;\"><strong>e-finanse<\/strong><\/p>\n<p><strong>Moderator:<\/strong> prof. dr hab. Zbigniew Ofiarski (Uniwersytet Szczeci\u0144ski)<\/p>\n<p>10:00\u201310:20 &#8211; <strong>Teoretyczne i praktyczne uzasadnienie funkcji system\u00f3w informatycznych s\u0142u\u017c\u0105cych do obs\u0142ugi i zarz\u0105dzania procesami bud\u017cetowymi<\/strong><br \/>\ndr hab. Beata Kucia-Gu\u015bciora (Katolicki Uniwersytet Lubelski)<\/p>\n<p>10:20\u201310:40 &#8211; <strong>Problematyka prawna tzw. e-sk\u0142adki<\/strong><br \/>\ndr hab. Jacek Wantoch-Rekowski, prof. UMK (Uniwersytet Miko\u0142aja\u00a0Kopernika w Toruniu)<\/p>\n<p>10:40\u201311:00 &#8211; <strong>Media\u00a0<em>elektroniczne na rynku turystycznym w aspekcie regulacji UE<\/em><\/strong><br \/>\nprof. dr hab. Aleksander Panasiuk (Uniwersytet Jagiello\u0144ski)<\/p>\n<p>11:00\u201311:20 &#8211; <strong>Prawne uwarunkowania ochrony w\u0142asno\u015bci\u00a0intelektualnej i nowych technologii &#8211; aktualne problemy i perspektywy zmian. FinTech jako nowy paradygmat jednolitego rynku finansowego UE <\/strong><br \/>\ndr hab. Anna Jurkowska-Zeidler, prof. UG, dr Aleksandra Nadolska\u00a0(Uniwersytet Gda\u0144ski)<\/p>\n<p>11:20\u201311:40 &#8211; <strong>Bankowo\u015b\u0107 elektroniczna a prawo do prywatno\u015bci<\/strong><br \/>\ndr hab. Patrycja Zawadzka, prof. UWr (Uniwersytet Wroc\u0142awski)<\/p>\n<p>11:40\u201312:00 &#8211; <strong>Gospodarstwo domowe\u00a0<em>w \u015bwiecie finans\u00f3w wirtualnych<\/em><\/strong><br \/>\ndr Marta Musia\u0142 (Uniwersytet Szczeci\u0144ski)<\/p>\n<p>12:00\u201312.20 &#8211; <strong>Techniki neuronauki\u00a0poznawczej w analizie reklam e-deklaracji podatkowych<\/strong><br \/>\nprof. dr hab. in\u017c. KesraNermend (Uniwersytet Szczeci\u0144ski),<br \/>\ndr in\u017c. Mateusz Piwowarski (Uniwersytet Szczeci\u0144ski)<\/p>\n<p>12:20\u201312:40 &#8211; Dyskusja<br \/>\n12:40\u201313:10 &#8211; Przerwa kawowa<\/p>\n<h3><strong>Panel 5.<\/strong><\/h3>\n<p style=\"text-align: center;\"><strong>e-praca<\/strong><\/p>\n<p><strong>Moderator:<\/strong> dr hab. Wojciech Staszewski, prof. US (Uniwersytet Szczeci\u0144ski)<\/p>\n<p>13:10-13:30 &#8211; <strong>Wp\u0142yw AI\u00a0i automatyzacji na rynek pracy<\/strong><br \/>\ndr hab. Dariusz Szostek, prof. UO (Uniwersytet Opolski)<\/p>\n<p>13:30-13:50 &#8211; <strong>People analytics v. ochrona praw\u00a0cz\u0142owieka w zatrudnieniu<\/strong><br \/>\ndr Marta Otto (Uniwersytet \u0141\u00f3dzki)<\/p>\n<p>13:50-14:10 &#8211; <strong>Zatrudnienie za\u00a0po\u015brednictwem platform elektronicznych &#8211; szanse i zagro\u017cenia<\/strong><br \/>\ndr Marcin Wujczyk (Uniwersytet Jagiello\u0144ski)<\/p>\n<p>14:10-14:30 &#8211; <strong>Media spo\u0142eczno\u015bciowe\u00a0jako narz\u0119dzie selekcji kandydat\u00f3w ubiegaj\u0105cych si\u0119 o prac\u0119 i ich\u00a0wp\u0142yw na sprawiedliwy przebieg procesu wyboru<\/strong><br \/>\ndr Agata Jaroszek (Uniwersytet Wroc\u0142awski)<\/p>\n<p>14:30-14:50 &#8211; <strong>Prywatno\u015b\u0107 w e-pracy &#8211; formy, narz\u0119dzia i granice dopuszczalnego\u00a0kontrolowania pracownik\u00f3w \u015bwiadcz\u0105cych prac\u0119 przez Internet<\/strong><br \/>\ndr Kamila Naumowicz (Uniwersytet Warmi\u0144sko-Mazurski w Olsztynie)<\/p>\n<p>14:50\u201315:10 &#8211; Dyskusja<br \/>\n15:10\u201315:50 &#8211; Przerwa obiadowa<\/p>\n<p>&nbsp;<\/p>\n<h3><strong>Panel 6.<\/strong><\/h3>\n<p style=\"text-align: center;\"><strong>e-finanse i e-ubezpieczenia<\/strong><\/p>\n<p><strong>Moderator<\/strong>: prof. dr hab. Waldemar Tarczy\u0144ski (Uniwersytet Szczeci\u0144ski)<\/p>\n<p>15:50\u201316:10 &#8211; <strong>Jak sprzeda\u0107 ubezpieczenie na \u017cycie nie\u015bmiertelnemu? Odszkodowanie i zado\u015b\u0107uczynienie za utrat\u0119 zdrowia oraz \u015bmier\u0107 osoby najbli\u017cszej w dobie minduploadingu i brain-computerinterface&#8217;u<\/strong><br \/>\ndr Kamil Szpyt (Krakowska Akademia im. Andrzeja Frycza Modrzewskiego)<\/p>\n<p>16:10\u201316:30 &#8211; <strong>Systemy identyfikacji\u00a0elektronicznej i us\u0142ugi zaufania przy sk\u0142adaniu drog\u0105\u00a0elektroniczn\u0105 sprawozda\u0144 i innych dokument\u00f3w finansowych<\/strong><br \/>\ndr \u0141ukasz Go\u017adziaszek (Uniwersytet Wroc\u0142awski)<\/p>\n<p>16:30\u201316:50 &#8211; <strong>Bitcoin \u2013 aspekty ekonomiczne<\/strong><br \/>\ndr hab. Ma\u0142gorzata Tarczy\u0144ska-\u0141uniewska, prof. US (Uniwersytet\u00a0\u00a0Szczeci\u0144ski)<\/p>\n<p>16:50\u201317:10 &#8211; <strong>Kompetencje cyfrowe\u00a0w finansach- aspekty teoretyczne<\/strong><br \/>\ndr Monika Rozkrut (Uniwersytet Szczeci\u0144ski)<\/p>\n<p>17:10\u201317:30 &#8211; <strong>Transformacja cyfrowa w sektorze finansowym<\/strong><br \/>\ndr Dominik Rozkrut (G\u0142\u00f3wny Urz\u0105d Statystyczny, Uniwersytet\u00a0Szczeci\u0144ski)<\/p>\n<p>17:30\u201317:50 &#8211; <strong>Za\u0142o\u017cenia\u00a0europejskich projekt\u00f3w informatycznych dotycz\u0105cych trans granicznej wymiany i standaryzacji informacji o nieruchomo\u015bciach<\/strong><br \/>\ndr Maria Kaczorowska (Uniwersytet Wroc\u0142awski)<\/p>\n<p>17.50\u201318.10 &#8211; <strong>Sztuczna inteligencja w innowacjach finansowych &#8211; perspektywa prawna<\/strong><br \/>\ndr Marcin Rojszczak (Politechnika Warszawska)<\/p>\n<p>18:10 &#8211; Dyskusja i podsumowanie obrad<\/p>\n<p>&nbsp;<\/p>\n<h3><span id=\"iii-ogolnopolska-konferencja-naukowa\"><\/span>III Og\u00f3lnopolska Konferencja Naukowa<\/h3>\n<p style=\"text-align: center;\">Wroc\u0142aw 9 pa\u017adziernika 2020 r.<\/p>\n<p style=\"text-align: center;\"><strong>Odpowiedzialno\u015b\u0107 prawna komornika s\u0105dowego<\/strong><\/p>\n<h3><span id=\"program-konferencji\"><\/span>Program Konferencji<\/h3>\n<p>9.15-9.30\u00a0 &#8211; <strong>Otwarcie Konferencji<\/strong><\/p>\n<p style=\"text-align: center;\"><strong>Sesja \u00a0I<\/strong><\/p>\n<p><strong>Moderator: <\/strong>prof. dr hab. Andrzej Marciniak (Uniwersytet \u0141\u00f3dzki)<\/p>\n<p>9.30-10.00\u00a0&#8211; <strong>Odpowiedzialno\u015b\u0107 odszkodowawcza\u00a0komornika s\u0105dowego. Zagadnienia wybrane<\/strong><br \/>\nSSO\u00a0 dr Dagmara Olczak-D\u0105browska<\/p>\n<p>10.00-10.30\u00a0&#8211; <strong>Odpowiedzialno\u015b\u0107 karno-skarbowa komornika s\u0105dowego<\/strong><br \/>\nprof.UwB dr hab. Andrzej Sakowicz\u00a0(Uniwersytet w Bia\u0142ymstoku)<\/p>\n<p>10.30-11.00 &#8211; <strong>Odpowiedzialno\u015b\u0107\u00a0karna komornika s\u0105dowego za z\u0142o\u017cenie fa\u0142szywego o\u015bwiadczenia\u00a0maj\u0105tkowego<\/strong><br \/>\nSSR dr Sebastian Kowalski (Uniwersytet Zielonog\u00f3rski)<\/p>\n<p>11.00-11.30 &#8211; Dyskusja<br \/>\n11.30\u201312.00 &#8211; Przerwa na kaw\u0119<\/p>\n<h3><strong>Sesja \u00a0II<\/strong><\/h3>\n<p><strong>Moderator<\/strong>: prof.USz dr hab. Kinga-Flaga-Gieruszy\u0144ska (Uniwersytet Szczeci\u0144ski)<\/p>\n<p>12.00\u201312.30 &#8211; <strong>Konstytucyjne\u00a0aspekty odpowiedzialno\u015bci dyscyplinarnej komornika s\u0105dowego<\/strong><br \/>\nprof. dr hab. Mariusz Jab\u0142o\u0144ski (Uniwersytet Wroc\u0142awski)<\/p>\n<p>12.30\u201313.00 &#8211; <strong>Przewinienia\u00a0<em>dyscyplinarne komornik\u00f3w s\u0105dowych<\/em><\/strong><br \/>\nprof. U\u0141 dr hab. J\u00f3zef Jagie\u0142a (Uniwersytet \u0141\u00f3dzki)<\/p>\n<p>13.00\u201313.30\u00a0&#8211; <strong>Zw\u0142oka\u00a0komornika w umorzeniu post\u0119powania egzekucyjnego jako\u00a0podstawa odpowiedzialno\u015bci dyscyplinarnej<\/strong><br \/>\ndr Joanna May (Uniwersytet Miko\u0142aja Kopernika w Toruniu)<\/p>\n<p>13.30-14.00 &#8211; Dyskusja<br \/>\n14.00-15.00 &#8211; Przerwa obiadowa<\/p>\n<p>&nbsp;<\/p>\n<h3><strong>Sesja III<\/strong><\/h3>\n<p><strong>Moderator:<\/strong> prof. dr hab. Mariusz Jab\u0142o\u0144ski(Uniwersytet Wroc\u0142awski)<\/p>\n<p>15.00\u201315.30 &#8211; <strong>Odpowiednie\u00a0stosowanie przepis\u00f3w kodeksu karnego i kodeksu\u00a0post\u0119powania karnego w post\u0119powaniu dyscyplinarnym\u00a0wobec komornik\u00f3w<\/strong><br \/>\nprof. U\u0141 dr hab. Jacek Izydorczyk (Uniwersytet \u0141\u00f3dzki)<\/p>\n<p>15.30-16.00 &#8211; <strong>Odwo\u0142ania od\u00a0orzecze\u0144 komisji dyscyplinarnej<\/strong><br \/>\ndr hab. Andrzej Grzegorz Harla (Uniwersytet Warszawski)<\/p>\n<p>16.00-16.30 &#8211; <strong>Odpowiedzialno\u015b\u0107 dyscyplinarna\u00a0komornik\u00f3w s\u0105dowych \u2013 aspekty praktyczne<\/strong><br \/>\nJoanna Sawicka-Iwaniuk (Przewodnicz\u0105ca Komisji Dyscyplinarnej przy\u00a0Krajowej Radzie Komorniczej)<\/p>\n<p>16.30\u201317.00 &#8211; Dyskusja<br \/>\n17.00-17.30\u00a0&#8211; Podsumowanie i zamkni\u0119cie konferencji<\/p>\n<p>&nbsp;<\/p>\n<h3><span id=\"iv-ogolnopolska-konferencja-naukowa\"><\/span>IV Og\u00f3lnopolska Konferencja Naukowa<\/h3>\n<p style=\"text-align: center;\">Krak\u00f3w 4 grudnia 2020 r.<\/p>\n<p style=\"text-align: center;\"><strong>Prawa wierzyciela a ochrona d\u0142u\u017cnika w egzekucji s\u0105dowej<\/strong><\/p>\n<p><strong>Cz\u0119\u015b\u0107 I. Teoria<\/strong><\/p>\n<p><strong>Cz\u0119\u015b\u0107 II. Praktyka\u00a0<\/strong><\/p>\n<p>(szczeg\u00f3\u0142owy program konferencji w przygotowaniu; zostanie podany do\u00a0wiadomo\u015bci we wrze\u015bniu 2020 r.)<\/p>\n<p><strong>Og\u00f3lnopolska Konferencja Naukowa nt. \u201ePrawa wierzyciela a ochrona d\u0142u\u017cnika w egzekucji s\u0105dowej\u201d, zaplanowana na dzie\u0144 04 grudnia w Krakowie, zostaje prze\u0142o\u017cona na rok 2021. O nowym terminie powiadomimy w stosownym czasie.<\/strong><\/p>\n<p><strong>UWAGA I.<\/strong><br \/>\nKa\u017cda z wymienionych konferencji b\u0119dzie prowadzona w spos\u00f3b tradycyjny i jednocze\u015bnie przy\u00a0\u00a0 u\u017cyciu technologii informatyczno-komunikacyjnej,\u00a0 umo\u017cliwiaj\u0105cej rejestrowanie obrazu i d\u017awi\u0119ku\u00a0 w czasie rzeczywistym lub na zasadzie nast\u0119pczego odtwarzania ca\u0142o\u015bci tre\u015bci (operator Wydawnictwo CURRENDA)<\/p>\n<p><strong>UWAGA II.<\/strong><br \/>\nDopuszczalna ilo\u015b\u0107<strong> uczestnik\u00f3w<\/strong> konferencji zostanie okre\u015blona przez przewodnicz\u0105cych w\u0142a\u015bciwych rad izb komorniczych(wsp\u00f3\u0142organizator\u00f3w konferencji)\u00a0 na miesi\u0105c przed rozpocz\u0119ciem konferencji, stosownie do zagro\u017ce\u0144 epidemicznych. \u00a0Uczestnictwo w 6 Forum\u00a0 Prawa Medi\u00f3w Elektronicznych tylko na indywidualne zaproszenia.<\/p>\n<p><strong>UWAGA III.<\/strong><br \/>\nKa\u017cda z tych konferencji pozwala\u00a0 na uzyskanie\u00a0 przez <strong>uczestnika<\/strong> lub <strong>s\u0142uchacza<\/strong> konferencji<strong> 5 punkt\u00f3w szkoleniowych<\/strong>, wed\u0142ug znowelizowanego rozporz\u0105dzenia\u00a0 Ministra Sprawiedliwo\u015bci z dnia 24 stycznia 2019 r. w sprawie minimum szkoleniowego komornik\u00f3w s\u0105dowych i asesor\u00f3w komorniczych oraz sposobu dokumentowania wykonywania przez nich obowi\u0105zku podnoszenia kwalifikacji zawodowych(Dz.U. z 2019 r. poz.216), kt\u00f3re wejdzie w \u017cycie w lipcu 2020 r.<\/p>\n<p><strong>UWAGA IV.<\/strong><br \/>\nWymienione konferencje pozwalaj\u0105 na uzyskanie w sumie <strong>20 punkt\u00f3w szkoleniowych<\/strong>(4 x 5).<\/p>\n<p>&nbsp;<\/p>\n<h3><span id=\"szkolenia\"><\/span>SZKOLENIA<\/h3>\n<p>o tematyce\u00a0 pozostaj\u0105cej w \u015bcis\u0142ym zwi\u0105zku z dzia\u0142alno\u015bci\u0105 komornik\u00f3w, przeprowadzone przy u\u017cyciu technologii informatyczno-komunikacyjnych;<\/p>\n<p><strong>1\/<\/strong> <strong>Prof.dr hab. Andrzej Marciniak<\/strong>, Odpowiedzialno\u015b\u0107 odszkodowawcza komornika\u00a0s\u0105dowego (2&#215;45 min.)<br \/>\n<strong>2\/<\/strong> <strong>Prof.U\u0141 dr hab. Robert Kulski,<\/strong> Wykonanie w drodze egzekucji postanowienia s\u0105du o udzieleniu zabezpieczenia\u00a0 (2x45min.)<br \/>\n<strong>3\/<\/strong> <strong>Prof.USz dr hab. Kinga Flaga Gieruszy\u0144ska<\/strong>, Egzekucyjne wykonanie postanowienia s\u0105du o\u00a0 zabezpieczeniu \u015brodka dowodowego (1&#215;45 min.)<br \/>\n<strong>4\/<\/strong> <strong>Prof. ALK dr hab. Joanna Studzi\u0144ska<\/strong>, Nowe regulacje prawne o zbiegu egzekucji s\u0105dowej i administracyjnej\u00a0 (1x 45)<br \/>\n<strong>5\/<\/strong> <strong>Prof.dr hab. Marek Kalinowski,<\/strong> Egzekucja s\u0105dowa z wierzytelno\u015bci z tytu\u0142u nadp\u0142aty lub\u00a0zwrotu podatku (1&#215;45 min.)<br \/>\n<strong>6<\/strong>\/ <strong>Prof. UMK dr hab. Agnieszka Laskowska-Hulisz<\/strong>,\u00a0 Zmiana wierzyciela lub d\u0142u\u017cnika w toku egzekucji s\u0105dowej (przekszta\u0142cenia sp\u00f3\u0142ek handlowych) (1&#215;45 min.)<\/p>\n<p>&nbsp;<\/p>\n<p><strong>UWAGA I.<\/strong><br \/>\nWymienione szkolenia \u00a0pozwalaj\u0105 na uzyskanie w sumie <strong>16 punkt\u00f3w szkoleniowych<\/strong> (8 x 45 min. = 16 pkt), \u00a0dopuszczalnych wed\u0142ug znowelizowanego rozporz\u0105dzenia Ministra Sprawiedliwo\u015bci z dnia 24 stycznia 2019 r. w sprawie minimum szkoleniowego komornik\u00f3w s\u0105dowych i asesor\u00f3w komorniczych oraz sposobu dokumentowania wykonywania przez nich obowi\u0105zku podnoszenia kwalifikacji zawodowych(Dz.U. z 2019 r. poz.216), kt\u00f3re wejdzie w \u017cycie w lipcu 2020 r.<\/p>\n<p><strong>UWAGA II.<\/strong><br \/>\nTre\u015b\u0107 tych wyk\u0142ad\u00f3w szkoleniowych b\u0119dzie dost\u0119pna w systemie informatyczno-komunikacyjnym wskazanym przez Krajow\u0105 Rad\u0119 Komornicz\u0105.<\/p>\n<p>&nbsp;<\/p>\n<h3><strong>Polsko-Ukrai\u0144ska Konferencja Naukowa<\/strong><\/h3>\n<p>Warszawa, listopad 2020 r. (w trakcie organizacji)<\/p>\n<p><strong>UWAGA I.<\/strong><br \/>\nKonferencja b\u0119dzie prowadzona w spos\u00f3b tradycyjny i jednocze\u015bnie przy\u00a0\u00a0 u\u017cyciu technologii informatyczno-komunikacyjnej,\u00a0 umo\u017cliwiaj\u0105cej rejestrowanie obrazu i d\u017awi\u0119ku\u00a0 w czasie rzeczywistym lub na zasadzie nast\u0119pczego odtwarzania ca\u0142o\u015bci tre\u015bci (operator Wydawnictwo CURRENDA).<\/p>\n<p><strong>UWAGA II.<\/strong><br \/>\nDopuszczalna ilo\u015b\u0107 <strong>uczestnik\u00f3w<\/strong> konferencji zostanie okre\u015blona przez przewodnicz\u0105c\u0105 Rady Izby Komorniczej w Warszawie stosownie do zagro\u017ce\u0144 epidemicznych\u00a0 na miesi\u0105c przed rozpocz\u0119ciem konferencji.<\/p>\n<p><strong>UWAGA III.<\/strong><br \/>\nKonferencja ta pozwoli\u00a0 na uzyskanie\u00a0 przez <strong>uczestnika<\/strong> lub <strong>s\u0142uchacza<\/strong> konferencji<strong> 5 punkt\u00f3w szkoleniowych<\/strong>, wed\u0142ug znowelizowanego rozporz\u0105dzenia\u00a0 Ministra Sprawiedliwo\u015bci z dnia 24 stycznia 2019 r. w sprawie minimum szkoleniowego komornik\u00f3w s\u0105dowych i asesor\u00f3w komorniczych oraz sposobu dokumentowania wykonywania przez nich obowi\u0105zku podnoszenia kwalifikacji zawodowych(Dz.U. z 2019 r. poz.216), kt\u00f3re wejdzie w \u017cycie w lipcu 2020 r.<\/p>\n<h3><strong>Publikacje<\/strong><\/h3>\n<p><strong>1) Andrzej Marciniak,<\/strong> Odpowiedzialno\u015b\u0107 odszkodowawcza komornika s\u0105dowego w prawie\u00a0\u00a0 polskim, Sopot 2020, s.276<\/p>\n<p>Wst\u0119p<\/p>\n<p>Rozdzia\u0142 I. Rys historyczny<\/p>\n<p>Rozdzia\u0142 II. Og\u00f3lna charakterystyka prawa polskiego<\/p>\n<ul>\n<li>1. Uwagi wprowadzaj\u0105ce<\/li>\n<li>2. Podstawa odpowiedzialno\u015bci<\/li>\n<li>3. Zasada odpowiedzialno\u015bci<\/li>\n<\/ul>\n<p>Rozdzia\u0142 III. Przes\u0142anki odpowiedzialno\u015bci<\/p>\n<ul>\n<li>1. Uwagi og\u00f3lne.<\/li>\n<li>2. Szkoda<\/li>\n<li>3. Fakt (zdarzenie) wywo\u0142uj\u0105ce szkod\u0119<\/li>\n<li>4. Zwi\u0105zek przyczynowy mi\u0119dzy szkod\u0105 a faktem<\/li>\n<\/ul>\n<p>Rozdzia\u0142 \u00a0IV. Zagadnienia szczeg\u00f3\u0142owe<\/p>\n<ul>\n<li>1. Osobista odpowiedzialno\u015b\u0107 komornika<\/li>\n<li>2. Solidarna odpowiedzialno\u015b\u0107 Skarbu Pa\u0144stwa<\/li>\n<li>3. Poszkodowany<\/li>\n<li>4. Przyczynienie si\u0119 poszkodowanego do szkody<\/li>\n<li>5. Odpowiedzialno\u015b\u0107 komornika za inne osoby<\/li>\n<li>6. Zbywalno\u015b\u0107, dziedziczno\u015b\u0107\u00a0 i przedawnienie roszcze\u0144 odszkodowawczych<\/li>\n<li>7. Odpowiedzialno\u015b\u0107 za przewlek\u0142o\u015b\u0107 post\u0119powania<\/li>\n<\/ul>\n<p>Rozdzia\u0142 V. Dochodzenie roszcze\u0144 odszkodowawczych<\/p>\n<p>Bibliografia<\/p>\n<p>Aneks<\/p>\n<p>&nbsp;<\/p>\n<p><strong>2) Rados\u0142aw Flejszar <\/strong>(red.), S\u0105dowe post\u0119powanie egzekucyjne. Nowe rozwi\u0105zania prawne, Sopot 2020, s. ok.200.<\/p>\n<p>WST\u0118P.<\/p>\n<p><strong>CZ\u0118\u015a\u0106 I. S\u0104DOWE POST\u0118POWANIE EGZEKUCYJNE<\/strong><\/p>\n<p>Rozdzia\u0142 1. Rados\u0142aw Flejszar. Utrwalenie w\u0142a\u015bciwo\u015bci komornika s\u0105dowego.<\/p>\n<p>Rozdzia\u0142 2. Ma\u0142gorzata Malczyk. Zawieszenie i umorzenie post\u0119powania egzekucyjnego co do \u015bwiadcze\u0144 wymagalnych w przysz\u0142o\u015bci.<\/p>\n<p>Rozdzia\u0142 3. Andrzej Ola\u015b. Umorzenie s\u0105dowego post\u0119powania egzekucyjnego po zmianach z 2019 r.<\/p>\n<p>Rozdzia\u0142 4. Andrzej Torbus. Uwzgl\u0119dnianie przez komornika up\u0142ywu biegu terminu\u00a0przedawnienia roszczenia<\/p>\n<p><strong>Cz\u0119\u015b\u0107 II. EGZEKUCJA S\u0104DOWA<\/strong><\/p>\n<p>Rozdzia\u0142 5. Katarzyna Bomba. Skuteczno\u015b\u0107 zaj\u0119cia wynagrodzenia za prac\u0119 w razie\u00a0zawieszenia post\u0119powania egzekucyjnego.<\/p>\n<p>Rozdzia\u0142 6. Anna Ko\u015bci\u00f3\u0142ek. Nowe zasady zaj\u0119cia ruchomo\u015bci w egzekucji s\u0105dowej.<\/p>\n<p>Rozdzia\u0142 7. Monika Rejdak. Zaj\u0119cie przez komornika s\u0105dowego \u015brodk\u00f3w dowodowych w ramach zabezpieczenia w sprawach o naruszenie praw w\u0142asno\u015bci intelektualnej<\/p>\n<p>Rozdzia\u0142 8. Andrzej Szereda. Egzekucja s\u0105dowa z wydzielonej cz\u0119\u015bci zaj\u0119tej nieruchomo\u015bci.<\/p>\n<p>BIBLIOGRAFIA<\/p>\n<p>&nbsp;<\/p>\n<p><strong>3) Swiet\u0142ana Fursa, Andrzej Marciniak<\/strong>(red.)Aktualne problemy egzekucji s\u0105dowej \u00a0w Polsce i na Ukrainie. Zbi\u00f3r studi\u00f3w, Sopot 2020, s. ok.200<\/p>\n<p>Wst\u0119p<\/p>\n<p>&nbsp;<\/p>\n<p>Olga Werba-Sidor, kandydat nauk prawnych, docent Lwowskiego\u00a0 Pa\u0144stwowego Uniwersytetu\u00a0 Spraw Wewnetrznych<\/p>\n<p><strong>Rozdzia\u0142 <\/strong><strong>I<\/strong><strong>. <\/strong><\/p>\n<p>\u0415\u0432\u043e\u043b\u044e\u0446\u0456\u044f \u0441\u0438\u0441\u0442\u0435\u043c\u0438 \u043f\u0440\u0438\u043c\u0443\u0441\u043e\u0432\u043e\u0433\u043e \u0432\u0438\u043a\u043e\u043d\u0430\u043d\u043d\u044f \u0440\u0456\u0448\u0435\u043d\u044c \u0441\u0443\u0434\u0456\u0432 \u0442\u0430 \u0456\u043d\u0448\u0438\u0445 \u044e\u0440\u0438\u0441\u0434\u0438\u043a\u0446\u0456\u0439\u043d\u0438\u0445 \u043e\u0440\u0433\u0430\u043d\u0456\u0432 \u0432 \u0423\u043a\u0440\u0430\u0457\u043d\u0456 (<em>Ewolucja systemu egzekucji orzecze\u0144 s\u0105d<\/em><em>\u00f3w<\/em><em> i innych organ\u00f3w<\/em> <em>s\u0105dowych na\u00a0 Ukrainie<\/em><em>)<\/em><\/p>\n<p>Swiet\u0142ana Fursa, doktor nauk prawnych, profesor Kijowsk\u0456ego\u00a0\u00a0Uniwersytetu\u00a0Narodowego im.Tarasa Szewczenki,<\/p>\n<p>Eugeniusz Fursa, kandydat nauk prawnych, professor Kijowskiego Narodowego Uniwersytetu Handlu i Ekonomii<\/p>\n<p><strong>Rozdzia\u0142 II. <\/strong>\u0410\u043a\u0442\u0443\u0430\u043b\u044c\u043d\u0456\u043f \u0440\u043e\u0431\u043b\u0435\u043c\u0438 \u0432\u0438\u043a\u043e\u043d\u0430\u0432\u0447\u043e\u0433\u043e \u043f\u0440\u043e\u0432\u0430\u0434\u0436\u0435\u043d\u044f\u0432 \u0423\u043a\u0440\u0430\u0457\u043d\u0456 \u0442\u0435\u043e\u0440\u0456\u044f \u0456 \u043f\u0440\u0430\u043a\u0442\u0438\u043a\u0430 (<em>Aktualne problemy <\/em><em>post<\/em><em>\u0119<\/em><em>powania egzekucyjnego na Ukrainie<\/em><em>:\u00a0 <\/em><em>teoria <\/em><\/p>\n<p><em>i praktyka<\/em><em>)<\/em><\/p>\n<p>prof. dr hab.Mariusz Jab\u0142o\u0144ski, Uniwersytet Wroc\u0142awski<\/p>\n<p><strong>Rozdzia\u0142 III.<\/strong> Nowy status prawny komornika s\u0105dowego w Polsce (<em>\u041f\u0440\u0430\u0432\u043e\u0432\u0438\u0439 \u0441\u0442\u0430\u0442\u0443\u0441 \u0441\u0443\u0434\u043e\u0432\u043e\u0433\u043e \u0432\u0438\u043a\u043e\u043d\u0430\u0432\u0446\u044f \u0443 \u0432\u0456\u0434\u043f\u043e\u0432\u0456\u0434\u043d\u043e\u0441\u0442\u0456 \u0434\u043e \u043d\u043e\u0432\u043e\u0433\u043e \u0417\u0430\u043a\u043e\u043d\u0443<\/em><em>)<\/em><\/p>\n<p>Jurij Billousow, kandydat nauk prawnych, profesor Chmielnickiego Uniwersytetu Zarz\u0105dzania i Prawa im. Leonida Ju\u017ckowa<\/p>\n<p><strong>Rozdzia\u0142 IV.<\/strong> \u041f\u043e\u043f\u0435\u0440\u0435\u0434\u043d\u0456\u0439 \u00a0\u0442\u0430 \u043d\u0430\u0441\u0442\u0443\u043f\u043d\u0438\u0439 \u0441\u0443\u0434\u043e\u0432\u0438\u0439 \u043a\u043e\u043d\u0442\u0440\u043e\u043b\u044c \u0437\u0430 \u0434\u0456\u044f\u043b\u044c\u043d\u0456\u0441\u0442\u044e \u0432\u0438\u043a\u043e\u043d\u0430\u0432\u0446\u044f \u0437\u0430 \u0437\u0430\u043a\u043e\u043d\u043e\u0434\u0430\u0432\u0441\u0442\u0432\u043e\u043c \u0423\u043a\u0440\u0430\u0457\u043d\u0438 (<em>Uprzednia i nast<\/em><em>\u0119<\/em><em>pcza kontrola s<\/em><em>\u0105<\/em><em>dowa nad dzia<\/em><em>\u0142<\/em><em>alno<\/em><em>\u015b<\/em><em>ci<\/em><em>\u0105\u00a0 <\/em><em>komornika wed<\/em><em>\u0142<\/em><em>ug prawa ukrai<\/em><em>\u0144<\/em><em>skiego<\/em><\/p>\n<p>dr hab. Rados\u0142aw Flejszar, Uniwersytet Jagiello\u0144ski<\/p>\n<p><strong>Rozdzia\u0142 V<\/strong>. Nadz\u00f3r nad komornikiem s\u0105dowym w Polsce (\u041d\u0430\u0433\u043b\u044f\u0434 \u0437\u0430 \u0441\u0443\u0434\u043e\u0432\u0438\u043c \u0432\u0438\u043a\u043e\u043d\u0430\u0432\u0446\u0435\u043c \u0432 \u041f\u043e\u043b\u044c\u0449\u0456)<\/p>\n<p>Swiet\u0142ana Szczerbak<strong>,<\/strong> kandydat nauk prawnych, docent Sumskiego Narodowego Uniwersytetu Rolniczego<\/p>\n<p><strong>Rozdzia\u0142 VI.<\/strong> \u041f\u0440\u043e\u0431\u043b\u0435\u043c\u043d\u0456 \u0430\u0441\u043f\u0435\u043a\u0442\u0438 \u0444\u0456\u043d\u0430\u043d\u0441\u0443\u0432\u0430\u043d\u043d\u044f \u0432\u0438\u043a\u043e\u043d\u0430\u0432\u0447\u043e\u0433\u043e\u00a0\u00a0\u00a0\u00a0\u00a0\u00a0\u00a0\u00a0\u00a0\u00a0\u00a0\u00a0\u00a0\u00a0\u00a0\u00a0\u00a0\u00a0\u00a0\u00a0\u00a0\u00a0\u00a0\u00a0 \u043f\u0440\u043e\u0432\u0430\u0434\u0436\u0435\u043d\u043d\u044f \u0432 \u0423\u043a\u0440\u0430\u0457\u043d\u0456 (<em>Wybrane\u00a0 aspekty finansowania\u00a0 egzekucji s\u0105dowej\u00a0 na Ukrainie<\/em>)<\/p>\n<p>prof.dr hab.Marek Kalinowski, Uniwersytet Miko\u0142aja Kopernika w Toruniu<\/p>\n<p><strong>Rozdzia\u0142 VII.<\/strong> System finansowania egzekucji s\u0105dowej w Polsce <em>(<\/em><em>\u0421\u0438\u0441\u0442\u0435\u043c\u0430 \u0444\u0456\u043d\u0430\u043d\u0441\u0443\u0432\u0430\u043d\u043d\u044f \u0432\u0438\u043a\u043e\u043d\u0430\u0432\u0447\u043e\u0433\u043e \u043f\u0440\u043e\u0432\u0430\u0434\u0436\u0435\u043d\u043d\u044f \u0432 \u041f\u043e\u043b\u044c\u0449\u0456<\/em><em>)<\/em><\/p>\n<p>Liubow Maliarczuk , kandydat nauk prawnych,\u00a0 docent \u00a0Kijowskiego Uniwersytetu Narodowego\u00a0 im. Tarasa Szewczenki<\/p>\n<p><strong>Rozdzia\u0142 VIII. <\/strong>\u041e\u0441\u043e\u0431\u043b\u0438\u0432\u043e\u0441\u0442\u0456 \u0437\u0432\u0435\u0440\u043d\u0435\u043d\u044f \u0441\u0442\u044f\u0433\u043d\u0435\u043d\u043d\u044f \u043d\u0430 \u043f\u0440\u0435\u0434\u043c\u0435\u0442 \u0456\u043f\u043e\u0442\u0435\u043a\u0438(<em>Odr\u0119bno\u015bci\u00a0 zaspokojenia wierzyciela\u00a0 z przedmiotu hipoteki)<\/em><\/p>\n<p><strong>Bibliografia<\/strong><\/p>\n<p><strong>stycze\u0144 2020 r.<\/strong><\/p>\n<p>&#8211;\u00a0 prace redakcyjne nad ksi\u0105\u017ck\u0105 pt.\u201d S\u0105dowe post\u0119powanie egzekucyjne. Nowe wyzwania i perspektywy\u201d<\/p>\n<p><strong>luty 2020 r.<\/strong><\/p>\n<p>&#8211; warsztaty szkoleniowe dla cz\u0142onk\u00f3w Komisji Dyscyplinarnej przy KRK\u00a0 (Warszawa)<\/p>\n<p><strong>marzec 2020 r.<\/strong><\/p>\n<p>&#8211; prace redakcyjne nad monograficznym wydaniem materia\u0142\u00f3w konferencyjnych z Konferencji w Krakowie z grudnia 2019 r.<\/p>\n<p>&#8211; og\u00f3lnopolska konferencja naukowa \u201eOdpowiedzialno\u015b\u0107 cywilna, karna i dyscyplinarna komornika s\u0105dowego\u201d (Wroc\u0142aw)<\/p>\n<p><strong>kwiecie\u0144 2020 r.<\/strong><\/p>\n<p>-partnerski udzia\u0142 w VI Forum Prawa Medi\u00f3w Elektronicznych(Szczecin)<\/p>\n<p><strong>maj 2020 r.<\/strong><\/p>\n<p>&#8211; og\u0142oszenie regulaminu i VII edycji\u00a0 konkursu na najlepsz\u0105 prac\u0119 magistersk\u0105 z zakresu s\u0105dowego post\u0119powania egzekucyjnego w roku akadem.\u00a02019\/2020<\/p>\n<p>&#8211; \u00a0og\u00f3lnopolska konferencja naukowa po\u015bwi\u0119cona w\u0119z\u0142owym problemom prawa egzekucyjnego (tematyka do ustalenia), Gda\u0144sk\/Toru\u0144<\/p>\n<p><strong>czerwiec 2020 r.<\/strong><\/p>\n<p>&#8211; og\u00f3lnopolskie szkolenie komornik\u00f3w s\u0105dowych, warsztaty szkoleniowe\u00a0(Miko\u0142ajki\/Karpacz)<\/p>\n<p><strong>wrzesie\u0144 2020 r.<\/strong><\/p>\n<p>&#8211; polsko-ukrai\u0144ska konferencja naukowa po\u015bwi\u0119cona statusowi prawnemu komornika s\u0105dowego i w\u0119z\u0142owym zagadnieniom prawa egzekucyjnego (Warszawa)<\/p>\n<p><strong>pa\u017adziernik 2020 r.<\/strong><\/p>\n<p>&#8211; warsztaty szkoleniowe dla cz\u0142onk\u00f3w Komisji Dyscyplinarnej przy KRK\u00a0(Warszawa)<\/p>\n<p><strong>listopad 2020 r.<\/strong><\/p>\n<p>&#8211;\u00a0 og\u00f3lnopolska konferencja naukowa po\u015bwi\u0119cona w\u0119z\u0142owym problemom prawa egzekucyjnego (tematyka do ustalenia), Krak\u00f3w<\/p>\n<p><strong>grudzie\u0144 2020 r.<\/strong><\/p>\n<p>&#8211; posiedzenie Rady Naukowej O\u015brodka Naukowo-Szkoleniowego przy\u00a0KRK(Warszawa)<\/p>\n<p>&#8211; og\u0142oszenie wynik\u00f3w konkursu \u00a0na najlepsz\u0105 prac\u0119 magistersk\u0105 z zakresu s\u0105dowego post\u0119powania egzekucyjnego w roku akadem. 2019\/2020<\/p>\n<p>&nbsp;<\/p>\n<hr \/>\n<p>&nbsp;<\/p>\n<h2 id=\"2018\" style=\"text-align: center;\"><strong>Plan pracy\u00a0na rok 2018<\/strong><\/h2>\n<p style=\"text-align: center;\">O\u015brodka Naukowo Szkoleniowego przy Krajowej Radzie Komorniczej w Warszawie<\/p>\n<p><strong>&#8211; stycze\u0144:\u00a0<\/strong><\/p>\n<p>og\u00f3lnopolska konferencja naukowa pod patronatem honorowym Ministra Sprawiedliwo\u015bci organizowana wsp\u00f3lnie z Izb\u0105 Komornicz\u0105 w \u0141odzi i Uniwersytetem \u0141\u00f3dzkim pt. \u201e Nowy status prawny Komornika S\u0105dowego\u201d ( \u0141\u00f3d\u017a ),<\/p>\n<p>Opieka naukowa i recenzja pozycji pt. \u201eEgzamin komorniczy. Kazusy 2018\u201d,<\/p>\n<p><strong>&#8211; luty: <\/strong><\/p>\n<p>konferencja organizowana wsp\u00f3lnie z Izb\u0105 Komornicz\u0105 w Lublinie pt. \u201e Ewolucja przepis\u00f3w prawa egzekucyjnego w latach 2015 \u2013 2018\u201d ( Lublin ),<\/p>\n<p><strong>&#8211; marzec: <\/strong><\/p>\n<p>konferencja organizowana wsp\u00f3lnie z Izb\u0105 Komornicz\u0105 w Bia\u0142ymstoku pt. \u201eKomornicy s\u0105dowi i egzekucja wed\u0142ug projektowanych zmian ustawowych\u201d ( Bia\u0142ystok )<\/p>\n<p><strong>&#8211; kwiecie\u0144: <\/strong><\/p>\n<p>4 Forum Prawa Medi\u00f3w Elektronicznych ( Wroc\u0142aw ),<\/p>\n<p>Konferencja organizowana wsp\u00f3lnie z Izb\u0105 Komornicz\u0105 w Katowicach pt. \u201e Komornicy s\u0105dowi i egzekucja wed\u0142ug projektowanych zmian ustawowych\u201d ( Katowice ),<\/p>\n<p><strong>&#8211; wrzesie\u0144 \u2013 grudzie\u0144: <\/strong><\/p>\n<p>konferencje i seminaria organizowane wsp\u00f3lnie z poszczeg\u00f3lnymi Izbami komorniczymi, w tym:<\/p>\n<p><strong>&#8211; wrzesie\u0144: <\/strong><\/p>\n<p>mi\u0119dzynarodowa konferencja naukowa organizowana wsp\u00f3lnie z litewskim samorz\u0105dem komorniczym ( Wilno ),<\/p>\n<p>&#8211;\u00a0 jednodniowe szkolenie Komisji Dyscyplinarnej przy KRK w Warszawie.<\/p>\n<p><strong>&#8211; pa\u017adziernik: <\/strong><\/p>\n<p>konferencja naukowa organizowana wsp\u00f3lnie z Izb\u0105 Komornicza w Poznaniu i Uniwersytetem im. A. Mickiewicza w Poznaniu ( Pozna\u0144 ),<\/p>\n<p><strong>&#8211; listopad: <\/strong><\/p>\n<p>seminarium organizowane wsp\u00f3lnie z Izb\u0105 Komornicz\u0105 w Szczecinie ( Szczecin ).<\/p>\n<p>Planowane jest tak\u017ce w roku szkoleniowym 2018 wydanie monografii z materia\u0142\u00f3w pokonferencyjnych, a tak\u017ce patronat naukowy nad publikacjami przekazanymi ONS do recenzji.<\/p>\n<hr \/>\n<p>&nbsp;<\/p>\n<h2 id=\"2017\" style=\"text-align: center;\"><strong>Plan pracy\u00a0na rok 2017<\/strong><\/h2>\n<p style=\"text-align: center;\">O\u015brodka Naukowo Szkoleniowego<br \/>\nprzy Krajowej Radzie Komorniczej w Warszawie<\/p>\n<p><strong>&#8211; luty: <\/strong><\/p>\n<p>konferencja organizowana wsp\u00f3lnie z Izb\u0105 komornicz\u0105 w Krakowie pt. \u201e Zasady podzia\u0142u sumy uzyskanej z egzekucji s\u0105dowej z nieruchomo\u015bci\u201d ( Krak\u00f3w ),<br \/>\nIII edycja Konkursu na najlepsz\u0105 prac\u0119 magistersk\u0105 z zakresu s\u0105dowego post\u0119powania egzekucyjnego oraz ustroju organ\u00f3w egzekucyjnych ( Warszawa ),<\/p>\n<p><strong>&#8211; marzec: <\/strong><\/p>\n<p>og\u00f3lnopolska mi\u0119dzynarodowa konferencja naukowa pod patronatem Ministra Sprawiedliwo\u015bci pt. \u201e Informatyzacja egzekucji s\u0105dowej. Do\u015bwiadczenia polskie i litewskie\u201d ( Warszawa ),<\/p>\n<p><strong>&#8211; kwiecie\u0144: <\/strong><\/p>\n<p>III Forum Prawa Medi\u00f3w Elektronicznych ( Szczecin ),<br \/>\nV edycja &#8211; Kongres regulacji prawnych z obszaru zarz\u0105dzania wierzytelno\u015bciami (Warszawa ),<\/p>\n<p><strong>&#8211; maj: <\/strong><\/p>\n<p>seminarium pt. \u201eRamy prawne i praktyczne aspekty wykonywania zagranicznych tytu\u0142\u00f3w egzekucyjnych w sporach konsumenckich\u201d ( S\u0142ubice ),<\/p>\n<p><strong>&#8211; wrzesie\u0144 \u2013 grudzie\u0144: <\/strong><\/p>\n<p>konferencje i seminaria organizowane wsp\u00f3lnie z poszczeg\u00f3lnymi Izbami komorniczymi, w tym:<\/p>\n<p><strong>-pa\u017adziernik:<\/strong><\/p>\n<p>konferencja w Izbie komorniczej w Rzeszowie,<\/p>\n<p><strong>&#8211; listopad<\/strong>:<\/p>\n<p>konferencja w Izbie komorniczej w Szczecinie<\/p>\n<p>Planowane jest w roku szkoleniowym 2017 wydanie trzech pozycji monograficznych z materia\u0142\u00f3w pokonferencyjnych, a tak\u017ce patronat naukowy nad publikacjami przekazanymi ONS do recenzji.<\/p>\n<hr \/>\n<p>&nbsp;<\/p>\n<h2 id=\"2016\" style=\"text-align: center;\"><strong>Plan pracy\u00a0na rok 2016<\/strong><\/h2>\n<p style=\"text-align: center;\">O\u015brodka Naukowo Szkoleniowego<br \/>\nprzy Krajowej Radzie Komorniczej w Warszawie<\/p>\n<p style=\"text-align: left;\"><strong>&#8211; luty: <\/strong><\/p>\n<p style=\"text-align: left;\">og\u00f3lnopolska konferencja naukowo-szkoleniowa pt. \u201eZasady dochodzenia koszt\u00f3w egzekucji s\u0105dowej\u201d\u00a0( Warszawa),<\/p>\n<p style=\"text-align: left;\"><strong>&#8211; marzec: <\/strong><\/p>\n<p style=\"text-align: left;\">udzia\u0142 przedstawicieli ONS w og\u00f3lnopolskiej konferencji naukowej pt. \u201eElektronizacja post\u0119powania wieczysto ksi\u0119gowego\u201d ( \u0141\u00f3d\u017a),<\/p>\n<p style=\"text-align: left;\">udzia\u0142 przedstawicieli ONS w III mi\u0119dzynarodowej konferencji naukowej pt. \u201eOchrona konsumenta na rynku us\u0142ug\u201d ( Katowice),<\/p>\n<p style=\"text-align: left;\"><strong>\u00a0 &#8211; kwiecie\u0144: <\/strong><\/p>\n<p style=\"text-align: left;\">og\u00f3lnopolska konferencja naukowa pod patronatem Ministra Sprawiedliwo\u015bci pt. \u201eStatus prawno-ustrojowy komornika s\u0105dowego. Wyzwania wsp\u00f3\u0142czesno\u015bci\u201d (Warszawa),<\/p>\n<p style=\"text-align: left;\">og\u00f3lnopolska konferencja naukowa pt. \u201eEuropa cyfrowa\u201d w ramach II Forum Prawa Medi\u00f3w Elektronicznych (Opole),<\/p>\n<p style=\"text-align: left;\">IV Kongres Regulacji Prawnych z Obszaru Zarz\u0105dzania Wierzytelno\u015bciami (Warszawa),<\/p>\n<p style=\"text-align: left;\">konferencja naukowa pt.\u201d Podmioty w post\u0119powaniu cywilnym\u201d z okazji 50-lecia pracy naukowej prof. F.Zedlera (Katowice),<\/p>\n<p style=\"text-align: left;\">warsztaty szkoleniowe dla dziennikarzy pt. \u201dEksmisja-prawny a moralny obowi\u0105zek komornika\u201d organizowane wsp\u00f3lnie z rzecznikiem prasowym KRK (Warszawa)<\/p>\n<p style=\"text-align: left;\"><strong>&#8211; maj: <\/strong><\/p>\n<p style=\"text-align: left;\">og\u00f3lnopolska konferencja organizowana wsp\u00f3lnie z samorz\u0105dem adwokackim, po\u015bwi\u0119cona zagadnieniom egzekucji \u015bwiadcze\u0144 alimentacyjnych,<\/p>\n<p style=\"text-align: left;\"><strong>&#8211; czerwiec: <\/strong><\/p>\n<p style=\"text-align: left;\">og\u00f3lnopolskie szkolenie komornik\u00f3w s\u0105dowych oraz posiedzenie Rady Naukowej O\u015brodka Naukowo-Szkoleniowego w Karpaczu,<\/p>\n<p style=\"text-align: left;\">og\u00f3lnopolska konferencja naukowa pt. \u201dZawody prawnicze wobec informatyzacji post\u0119powania cywilnego\u201d (Szczecin),<\/p>\n<p style=\"text-align: left;\"><strong>&#8211; wrzesie\u0144: <\/strong><\/p>\n<p style=\"text-align: left;\">og\u00f3lnopolska konferencja naukowa pt. \u201e Udzia\u0142 komornika sadowego w elektronicznym post\u0119powaniu wieczystoksi\u0119gowym\u201d (Gda\u0144sk),<\/p>\n<p style=\"text-align: left;\"><strong>&#8211; pa\u017adziernik: <\/strong><\/p>\n<p style=\"text-align: left;\">seminarium pt. \u201e S\u0105dowe post\u0119powanie egzekucyjne w \u015bwietle nowelizacji kodeksu post\u0119powania cywilnego z 2016r.\u201d (Bia\u0142ystok),<\/p>\n<p style=\"text-align: left;\"><strong>&#8211; listopad: <\/strong><\/p>\n<p style=\"text-align: left;\">seminarium naukowe ( Krak\u00f3w),<\/p>\n<p style=\"text-align: left;\"><strong>&#8211; grudzie\u0144: <\/strong><\/p>\n<p style=\"text-align: left;\">seminarium pt. \u201e System \u015brodk\u00f3w zaskar\u017cenia w s\u0105dowym post\u0119powaniu egzekucyjnym\u201d (Lublin).<\/p>\n<p><strong>Planowane na rok 2016 publikacje\/monografie:<\/strong><\/p>\n<ul>\n<li>Etyka zawodowa komornika s\u0105dowego.<\/li>\n<li>Egzekucja s\u0105dowa w Polsce w \u015bwietle przepis\u00f3w z zakresu mi\u0119dzynarodowego post\u0119powania cywilnego.<\/li>\n<li>Prawo i post\u0119powanie cywilne w dobie elektronizacji.<\/li>\n<li>Status prawno-ustrojowy komornika s\u0105dowego. Wyzwania wsp\u00f3\u0142czesno\u015bci.<\/li>\n<li>Udzia\u0142 komornika s\u0105dowego w elektronicznym postepowaniu wieczystoksi\u0119gowym.<\/li>\n<li>Zasady dochodzenia koszt\u00f3w egzekucji s\u0105dowej.<\/li>\n<\/ul>\n<p>&nbsp;<\/p>\n<hr \/>\n<p>&nbsp;<\/p>\n<h2 id=\"2015\" style=\"text-align: center;\"><strong>Plan pracy\u00a0na rok 2015<\/strong><\/h2>\n<p style=\"text-align: center;\">O\u015brodka Naukowo Szkoleniowego<br \/>\nprzy Krajowej Radzie Komorniczej w Warszawie<\/p>\n<p><strong>stycze\u0144:\u00a0<\/strong><\/p>\n<p>&#8211; prace redakcyjne nad monografi\u0105 pt. \u201e Elektronizacja s\u0105dowego post\u0119powania egzekucyjnego w Polsce\u201d, z\u0142o\u017cenie ca\u0142o\u015bci w wydawnictwie Currenda<br \/>\n&#8211; zebranie organizacyjno \u2013 redakcyjne autor\u00f3w opracowania pt. \u201e Metodyka pracy komornika s\u0105dowego\u201d ( Warszawa )<\/p>\n<p><strong>luty:<\/strong><\/p>\n<p>&#8211; szkolenie dla cz\u0142onk\u00f3w Komisji Dyscyplinarnej przy KRK<br \/>\n&#8211; og\u0142oszenie regulaminu i konkursu na najlepsz\u0105 prac\u0119 magistersk\u0105 z zakresu s\u0105dowego post\u0119powania egzekucyjnego w roku akademickim 2014\/2015<\/p>\n<p><strong>marzec:<\/strong><\/p>\n<p>&#8211; szkolenie dla cz\u0142onk\u00f3w Komisji Dyscyplinarnej przy KRK<br \/>\n&#8211; wydanie ksi\u0105\u017cki pt. \u201e Elektronizacja s\u0105dowego post\u0119powania egzekucyjnego w Polsce\u201d<\/p>\n<p><strong>kwiecie\u0144:<\/strong><br \/>\n&#8211; prace redakcyjne nad \u201e Metodyk\u0105 pracy komornika s\u0105dowego\u201d<br \/>\n&#8211; seminarium ( Gda\u0144sk )<\/p>\n<p><strong>maj:<\/strong><\/p>\n<p>&#8211; udzia\u0142 w konferencji ( Pozna\u0144 ) organizowanej przez Arbitr\u00f3w S\u0105du Polubownego ds. domen Internetowych przy Polskiej Izbie Informatyki i Telekomunikacji ( PIIT ).<br \/>\nTemat panelu z udzia\u0142em ONS to \u201e zaj\u0119cie nazwy domeny internetowej przez komornika wobec post\u0119powa\u0144 przed S\u0105dem Polubownym ds. domen internetowych przy PIIT<br \/>\n&#8211; wydanie monograficzne materia\u0142\u00f3w konferencyjnych z konferencji w Lublinie z 2014r.<br \/>\n&#8211; og\u00f3lnopolskie szkolenie komornik\u00f3w s\u0105dowych ( Miko\u0142ajki )<br \/>\n&#8211; posiedzenie Rady Naukowej O\u015brodka Naukowo \u2013 Szkoleniowego<br \/>\n&#8211; opublikowanie pracy pt. \u201e Metodyka pracy komornika s\u0105dowego\u201d<\/p>\n<p><strong>czerwiec:<\/strong><br \/>\n&#8211; seminarium ( Katowice )<\/p>\n<p><strong>lipiec \/ sierpie\u0144 \/ wrzesie\u0144:<\/strong><br \/>\n&#8211; kurs j\u0119zyka angielskiego dla komornik\u00f3w s\u0105dowych<br \/>\n&#8211; seminarium **<br \/>\n&#8211; szkolenie dla cz\u0142onk\u00f3w Komisji Dyscyplinarnej przy KRK<\/p>\n<p><strong>pa\u017adziernik:<\/strong><br \/>\n&#8211; seminarium ( Szczecin ) 10 lecie Izby Komorniczej w Szczecinie. Wydanie Ksi\u0119gi Pami\u0105tkowej<br \/>\n&#8211; og\u00f3lnopolska konferencja naukowa pod patronatem Ministra Sprawiedliwo\u015bci ( Wroc\u0142aw )<\/p>\n<p><strong>listopad:<\/strong><br \/>\n&#8211; spotkanie przedstawicieli o\u015brodk\u00f3w naukowych dzia\u0142aj\u0105cych w ramach poszczeg\u00f3lnych korporacji prawniczych ( Warszawa KRK )<\/p>\n<p><strong>grudzie\u0144:<\/strong><br \/>\n&#8211; seminarium ( Lublin )<br \/>\n&#8211; og\u0142oszenie wynik\u00f3w konkursu na najlepsz\u0105 prac\u0119 magistersk\u0105 z zakresu s\u0105dowego<br \/>\npost\u0119powania egzekucyjnego w roku akademickim 2014\/2015<\/p>\n<p>&nbsp;<\/p>\n<hr \/>\n<p>&nbsp;<\/p>\n<h2 id=\"2014\" style=\"text-align: center;\"><strong>Plan pracy\u00a0na rok 2014<\/strong><\/h2>\n<p style=\"text-align: center;\">O\u015brodka Naukowo Szkoleniowego<br \/>\nprzy Krajowej Radzie Komorniczej w Warszawie<\/p>\n<p><strong>stycze\u0144:<\/strong><br \/>\n-seminarium*<br \/>\n-uruchomienie strony internetowej O\u015brodka Naukowo-Szkoleniowego<br \/>\nog\u0142oszenie regulaminu i konkursu na najlepsz\u0105 prac\u0119 magistersk\u0105 z zakresu s\u0105dowego post\u0119powania egzekucyjnego w roku akademickim 2013\/2014<\/p>\n<p><strong>luty:<\/strong><br \/>\n-seminarium*<br \/>\n-wydanie ksi\u0105\u017ckowe materia\u0142\u00f3w konferencyjnych pt. \u201eZa\u0142o\u017cenia projektu nowej ustawy o komornikach s\u0105dowych\u201d nak\u0142adem CURRENDA sp. z o.o.<\/p>\n<p><strong>marzec:<\/strong><br \/>\n-mi\u0119dzynarodowa konferencja \u2013 \u201ePozaegekucyjne funkcje komornika s\u0105dowego wpa\u0144stwach europejskich\u201d<\/p>\n<p><strong>kwiecie\u0144:<\/strong><br \/>\n-seminarium*<\/p>\n<p><strong>maj:<\/strong><br \/>\n-seminarium*<\/p>\n<p><strong>czerwiec:<\/strong><br \/>\n-og\u00f3lnopolskie szkolenie komornik\u00f3w s\u0105dowych (Miko\u0142ajki\/Wis\u0142a\/Karpacz)<br \/>\nposiedzenie Rady Naukowej O\u015brodka Naukowo-Szkoleniowego<br \/>\nZa\u0142\u0105cznik do uchwa\u0142y KRK nr 1166\/IV<br \/>\nz dnia 05 listopada 2013 r.<\/p>\n<p><strong>lipiec\/sierpie\u0144:<\/strong><br \/>\n-kurs j\u0119zyka angielskiego dla komornik\u00f3w s\u0105dowych<\/p>\n<p><strong>pa\u017adziernik:<\/strong><br \/>\n-og\u00f3lnopolska konferencja naukowa pod patronatem Ministra Sprawiedliwo\u015bci -\u201eInformatyzacja s\u0105dowego post\u0119powania egzekucyjnego. Stan aktualny. Perspektywy rozwoju\u201d<\/p>\n<p><strong>listopad:<\/strong><br \/>\n-seminarium*<\/p>\n<p><strong>grudzie\u0144:<\/strong><br \/>\n-seminarium*<br \/>\n-og\u0142oszenie wynik\u00f3w konkursu na najlepsz\u0105 prac\u0119 magistersk\u0105 z zakresu s\u0105dowego post\u0119powania egzekucyjnego w roku akademickim 2013\/2014 wraz z wr\u0119czeniem nagr\u00f3d na posiedzeniu KRK<\/p>\n<p>po za tym w roku\u00a02014 r. planowane jest:<br \/>\n-nawi\u0105zanie naukowej wsp\u00f3\u0142pracy z Instytutem Wymiaru Sprawiedliwo\u015bci w Warszawie celem udzia\u0142u w pracach badawczych tego Instytutu w zakresie s\u0105dowego post\u0119powania egzekucyjnego, zlecanych zazwyczaj przez Ministerstwo Sprawiedliwo\u015bci,<br \/>\n-nawi\u0105zanie wsp\u00f3\u0142pracy z uniwersyteckimi klinikami prawa celem udzia\u0142u w pracach tych klinik aplikant\u00f3w i asesor\u00f3w komorniczych; chodzi zw\u0142aszcza o udzia\u0142 tych os\u00f3b w zakresie udzielania porad prawnych(ustnych, pisemnych) przez kliniki uniwersyteckie,<br \/>\nnawi\u0105zanie naukowej wsp\u00f3\u0142pracy z UIHJ w ramach realizacji projekt\u00f3w dotycz\u0105cych unifikacji i harmonizacji w skali mi\u0119dzynarodowej, zw\u0142aszcza europejskiej, prawa egzekucyjnego oraz ustroju i funkcji organ\u00f3w egzekucyjnych (np. programu STOBRA),<\/p>\n","protected":false},"excerpt":{"rendered":"<p>Plan prac z podzia\u0142em na poszczeg\u00f3lne lata: 2025 2024 2023 2022 2021 2020 2018 2017 2016 2015 2014 &nbsp; &nbsp; Plan pracy na rok&#8230;<\/p>\n","protected":false},"author":23,"featured_media":0,"parent":145,"menu_order":0,"comment_status":"closed","ping_status":"closed","template":"","meta":{"_acf_changed":false,"footnotes":""},"class_list":["post-175","page","type-page","status-publish","hentry"],"acf":[],"_links":{"self":[{"href":"https:\/\/www.komornik.pl\/index.php?rest_route=\/wp\/v2\/pages\/175","targetHints":{"allow":["GET"]}}],"collection":[{"href":"https:\/\/www.komornik.pl\/index.php?rest_route=\/wp\/v2\/pages"}],"about":[{"href":"https:\/\/www.komornik.pl\/index.php?rest_route=\/wp\/v2\/types\/page"}],"author":[{"embeddable":true,"href":"https:\/\/www.komornik.pl\/index.php?rest_route=\/wp\/v2\/users\/23"}],"replies":[{"embeddable":true,"href":"https:\/\/www.komornik.pl\/index.php?rest_route=%2Fwp%2Fv2%2Fcomments&post=175"}],"version-history":[{"count":88,"href":"https:\/\/www.komornik.pl\/index.php?rest_route=\/wp\/v2\/pages\/175\/revisions"}],"predecessor-version":[{"id":16895,"href":"https:\/\/www.komornik.pl\/index.php?rest_route=\/wp\/v2\/pages\/175\/revisions\/16895"}],"up":[{"embeddable":true,"href":"https:\/\/www.komornik.pl\/index.php?rest_route=\/wp\/v2\/pages\/145"}],"wp:attachment":[{"href":"https:\/\/www.komornik.pl\/index.php?rest_route=%2Fwp%2Fv2%2Fmedia&parent=175"}],"curies":[{"name":"wp","href":"https:\/\/api.w.org\/{rel}","templated":true}]}}